{"id":108,"date":"2023-10-24T12:31:29","date_gmt":"2023-10-24T15:31:29","guid":{"rendered":"https:\/\/bvs-psi2.mdp.edu.ar\/?page_id=108"},"modified":"2023-10-24T12:31:29","modified_gmt":"2023-10-24T15:31:29","slug":"sitios-en-psicologia-argentina","status":"publish","type":"page","link":"https:\/\/bvs-psi.mdp.edu.ar\/?page_id=108","title":{"rendered":"Sitios en Psicolog\u00eda Argentina"},"content":{"rendered":"\n<h1 class=\"wp-block-heading\"><strong>Psicolog\u00eda General<\/strong><\/h1>\n\n\n\n<p><a href=\"https:\/\/www.linkedin.com\/company\/asociaci%C3%B3n-de-gerontolog%C3%ADa-social-de-santa-fe#:~:text=La%20Asociaci%C3%B3n%20de%20Gerontolog%C3%ADa%20Social,ciudad%20de%20Santa%20Fe%2C%20Argentina.\" target=\"_blank\" rel=\"noreferrer noopener\">Asociaci\u00f3n de gerontolog\u00eda social de Santa Fe<\/a>. Fundada en 1997, con la finalidad de trabajar en la educaci\u00f3n permanente en gerontolog\u00eda del recurso capacita a todos los niveles para poder desarrollar tareas de servicios relacionadas con los adultos mayores. Adem\u00e1s se realizan Actividades de Asesoramiento a distintos organismos p\u00fablicos y privados.<\/p>\n\n\n\n<p><a href=\"http:\/\/www.funsaled.org.ar\/\" target=\"_blank\" rel=\"noreferrer noopener\">http:\/\/www.funsaled.org.ar<\/a>&nbsp;\u2013 Fundaci\u00f3n para la salud y la educaci\u00f3n.<\/p>\n\n\n\n<p><a href=\"http:\/\/www.portalgeriatrico.com.ar\/\">http:\/\/www.portalgeriatrico.com.ar<\/a><\/p>\n\n\n\n<hr class=\"wp-block-separator has-alpha-channel-opacity\"\/>\n\n\n\n<h1 class=\"wp-block-heading\"><strong>Teor\u00edas y Corrientes Psicol\u00f3gicas<\/strong><\/h1>\n\n\n\n<p>Asociaci\u00f3n Gest\u00e1ltica de Buenos Aires.&nbsp;<a href=\"http:\/\/www.agba.org.ar\/\" target=\"_blank\" rel=\"noreferrer noopener\">http:\/\/www.agba.org.ar<\/a>&nbsp;\u2013 La Asociaci\u00f3n Gest\u00e1ltica de Buenos Aires es una instituci\u00f3n fundada integrada por terapeutas formados en el Enfoque Gest\u00e1ltico.<\/p>\n\n\n\n<p>Centro de Estudios Gest\u00e1lticos.&nbsp;<a href=\"http:\/\/www.a-mabel-allerand.com\/\" target=\"_blank\" rel=\"noreferrer noopener\">http:\/\/www.a-mabel-allerand.com<\/a>&nbsp;\u2013 Instituci\u00f3n que difunde de la terapia gest\u00e1ltica enfoc\u00e1ndola desde un punto de vista transpersonal.<\/p>\n\n\n\n<p>Gestalt.&nbsp;<a href=\"http:\/\/www.cgsi.com.ar\/\" target=\"_blank\" rel=\"noreferrer noopener\">http:\/\/www.cgsi.com.ar<\/a>&nbsp;\u2013 Escuela de formaci\u00f3n para profesionales de la salud y coordinadores de grupos.<\/p>\n\n\n\n<hr class=\"wp-block-separator has-alpha-channel-opacity\"\/>\n\n\n\n<h1 class=\"wp-block-heading\"><strong>T\u00e9cnicas Psicoterap\u00e9uticas<\/strong><\/h1>\n\n\n\n<p>PSICOTERAPIAS<\/p>\n\n\n\n<p>Fundaci\u00f3n Centro de Psicoterapias Integradas.&nbsp;<a href=\"http:\/\/www.fundacioncpi.com.ar\/\" target=\"_blank\" rel=\"noreferrer noopener\">http:\/\/www.fundacioncpi.com.ar<\/a>&nbsp;\u2013 Su objetivo es la inclusi\u00f3n psicosocial y laboral de la persona que padece sufrimiento ps\u00edquico.<\/p>\n\n\n\n<p>Instituto Gubel.&nbsp;<a href=\"http:\/\/www.hipnosisnet.com.ar\/\" target=\"_blank\" rel=\"noreferrer noopener\">http:\/\/www.hipnosisnet.com.ar<\/a>&nbsp;\u2013 Investigaci\u00f3n, Asistencia y Docencia en Hipnosis, Psicoterapias Breves y Medicina Psicosom\u00e1tica. Centro Terap\u00e9utico Especializado en Hipnosis Cl\u00ednica Cognitiva, Medicina Psicosom\u00e1tica, Psicoterapia e Hipnoterapia Ericksoniana, Psicoterapias Breves y en el tratamiento espec\u00edfico de los componentes psicol\u00f3gicos en enfermedades org\u00e1nicas y sintomatolog\u00eda funcional.<\/p>\n\n\n\n<p>Psicoterapia Zen.&nbsp;<a href=\"http:\/\/lucascasanova.com\/psicoterapiazen\" target=\"_blank\" rel=\"noreferrer noopener\">http:\/\/lucascasanova.com\/psicoterapiazen<\/a>&nbsp; \u2013 Dictado de seminarios y cursos sobre Budismo Zen y Psicoterapia basada en el Budismo Zen.<\/p>\n\n\n\n<p>PSICOANALISIS. PSICOTERAPIA PSICOANALITICA<\/p>\n\n\n\n<p>Asociaci\u00f3n Psicoanal\u00edtica Argentina (APA).&nbsp;<a href=\"http:\/\/www.apa.org.ar\/\" target=\"_blank\" rel=\"noreferrer noopener\">http:\/\/www.apa.org.ar<\/a>&nbsp;\u2013 La Asociaci\u00f3n Psicoanal\u00edtica Argentina es una instituci\u00f3n acad\u00e9mica que est\u00e1 dedicada a la formaci\u00f3n de psicoanalistas y desarrolla adem\u00e1s tareas de investigaci\u00f3n y asistencia.<\/p>\n\n\n\n<p>Centro de Estudios en Psicoterapias.&nbsp;<a href=\"http:\/\/cep-argentina.com.ar\/cep\/\" target=\"_blank\" rel=\"noreferrer noopener\">http:\/\/cep-argentina.com.ar\/cep\/<\/a>&nbsp;\u2013 Instituci\u00f3n Psicoanal\u00edtica de asistencia y formaci\u00f3n.<\/p>\n\n\n\n<p>Centro de Estudios Freudianos.&nbsp;<a href=\"http:\/\/www.psicoanalisis.com.ar\/Instituciones\/cef.htm\" target=\"_blank\" rel=\"noreferrer noopener\">http:\/\/www.psicoanalisis.com.ar\/Instituciones\/cef.htm<\/a>&nbsp;\u2013 Instituci\u00f3n Psicoanal\u00edtica destinada a \u201ccultivar la ciencia psicoanal\u00edtica, tal como se la encuentra definida en la obra de Sigmund Freud\u201d<\/p>\n\n\n\n<p>Colegio de Psicoanalistas.&nbsp;<a href=\"http:\/\/coldepsicoanalistas.com.ar\/\" target=\"_blank\" rel=\"noreferrer noopener\">http:\/\/coldepsicoanalistas.com.ar\/<\/a>&nbsp;\u2013 Instituci\u00f3n psicoanal\u00edtica. Dispositivo de intercambio entre analistas.<\/p>\n\n\n\n<p>Fundaci\u00f3n del Campo Lacaniano.&nbsp;<a href=\"https:\/\/fundacioncampolacaniano.wordpress.com\/\" target=\"_blank\" rel=\"noreferrer noopener\">https:\/\/fundacioncampolacaniano.wordpress.com\/<\/a>&nbsp;\u2013 Propicia, alienta, y difunde el trabajo y el inter\u00e9s con relaci\u00f3n a los problemas cruciales del psicoan\u00e1lisis en intensi\u00f3n y en extensi\u00f3n.<\/p>\n\n\n\n<p>Fundaci\u00f3n Lacantonal.&nbsp;<a href=\"https:\/\/es-la.facebook.com\/lacantonal\/\" target=\"_blank\" rel=\"noreferrer noopener\">https:\/\/es-la.facebook.com\/lacantonal\/<\/a>&nbsp;\u2013 Instituci\u00f3n dedicada al Psicoan\u00e1lisis y el Arte.<\/p>\n\n\n\n<p>Fundaci\u00f3n CIAP .<a href=\"https:\/\/www.fundciap.org\/\" target=\"_blank\" rel=\"noreferrer noopener\">https:\/\/www.fundciap.org\/<\/a>&nbsp; &nbsp;\u2013 El Centro de Investigaci\u00f3n y Asesoramiento en Psicolog\u00eda es una instituci\u00f3n con un marco Psicoanal\u00edtico.<\/p>\n\n\n\n<p><a href=\"https:\/\/institutoericksonb.wixsite.com\/imheba\" target=\"_blank\" rel=\"noreferrer noopener\">IMHEBA|<\/a><a href=\"https:\/\/institutoericksonb.wixsite.com\/imheba\/inicio\" target=\"_blank\" rel=\"noreferrer noopener\">Instituto Milton H. Erickson de Buenos Aires<\/a><\/p>\n\n\n\n<p>La Palabra Mata La Cosa.&nbsp;<a href=\"http:\/\/www.lapalabramatalacosa.blogspot.com\/\" target=\"_blank\" rel=\"noreferrer noopener\">http:\/\/www.lapalabramatalacosa.blogspot.com<\/a>&nbsp;\u2013 C\u00f3mo es el mundo de los psicoanalistas visto desde adentro? Blog dedicado a aquellas cosas que atravesamos los analistas en nuestra pr\u00e1ctica.<\/p>\n\n\n\n<p>Magma-net .&nbsp;<a href=\"http:\/\/www.magma-net.com.ar\/\" target=\"_blank\" rel=\"noreferrer noopener\">http:\/\/www.magma-net.com.ar<\/a>&nbsp;\u2013 Sitio sobre la obra psicoanal\u00edtica, filos\u00f3fica y pol\u00edtica de Cornelius Castoriadis.<\/p>\n\n\n\n<p>Psicomundo.&nbsp;<a href=\"http:\/\/www.psicomundo.com\/\" target=\"_blank\" rel=\"noreferrer noopener\">http:\/\/www.psicomundo.com&nbsp;<\/a>\u2013 Portal para psicoan\u00e1listas y profesionales de la Salud Mental. Director: Michel Sauval, desde julio 1997. Informaci\u00f3n sobre la revista Psicoan\u00e1lisis y el Hospital, dirigida por Mario Puj\u00f3.<\/p>\n\n\n\n<p>MUSICOTERAPIA<\/p>\n\n\n\n<p>Musicoterapia en la Infancia y la Ni\u00f1ez.&nbsp;<a href=\"http:\/\/www.musicoterapiaenlainfancia.com\/\" target=\"_blank\" rel=\"noreferrer noopener\">http:\/\/www.musicoterapiaenlainfancia.com<\/a>&nbsp;\u2013 Lugar dedicado a la infancia y la ni\u00f1ez desde una perspectiva musicoterap\u00e9utica.<\/p>\n\n\n\n<p>Asociaci\u00f3n Argentina de Musicoterapia.&nbsp;<a href=\"https:\/\/asamdifusion.wixsite.com\/musicoterapia\" target=\"_blank\" rel=\"noreferrer noopener\">https:\/\/asamdifusion.wixsite.com\/musicoterapia<\/a>&nbsp;\u2013 La Asociaci\u00f3n fue fundada el 2 de junio de 1966. El sitio contiene informaci\u00f3n sobre el \u00e1rea de estudio y trabajo, agenda de eventos, horario de atenci\u00f3n de la biblioteca (acceso a su cat\u00e1logo) y enlaces a sitios relacionados.<\/p>\n\n\n\n<p>PSICOTERAPIA COGNITIVA. PSICOTERAPIA COGNITIVO CONDUCTUAL.<\/p>\n\n\n\n<p>Asociaci\u00f3n Argentina de Terapia Cognitiva&nbsp;&nbsp;<a href=\"http:\/\/www.aatc.org.ar\/\" target=\"_blank\" rel=\"noreferrer noopener\">http:\/\/www.aatc.org.ar<\/a>&nbsp;\u2013 Esta Asociaci\u00f3n ofrece un \u00e1mbito de formaci\u00f3n e intercambio entre terapeutas interesados en las terapias cognitivas de todo el pa\u00eds.<\/p>\n\n\n\n<p>C.A.T.R.E.C.&nbsp;&nbsp; Centro Argentino de Terapia Cognitiva y Terapia Racional Emotiva Conductual&nbsp;&nbsp;<a href=\"http:\/\/www.catrec.org\/\" target=\"_blank\" rel=\"noreferrer noopener\">http:\/\/www.catrec.org<\/a>&nbsp;\u2013 Corriente cognitiva conductual.<\/p>\n\n\n\n<p>Centro de Terapia Cognitiva&nbsp;&nbsp;<a href=\"http:\/\/centrodeterapiacognitiva.com\/\" target=\"_blank\" rel=\"noreferrer noopener\">http:\/\/centrodeterapiacognitiva.com<\/a>&nbsp;\u2013 El CTC naci\u00f3 en 1987 constituy\u00e9ndose en el primer Centro de Terapia Cognitiva en la Argentina. Fue fundado por la lic. Sara Baringoltz, quien convoc\u00f3 a un grupo de reconocidos profesionales y docentes universitarios provenientes de distintas l\u00edneas te\u00f3ricas Los objetivos del centro son: la difusi\u00f3n, desarrollo, ense\u00f1anza e investigaci\u00f3n en esta l\u00ednea de psicoterapia. El CTC no es un centro asistencial sino de formaci\u00f3n de posgrado. Las actividades docentes se desarrollan durante todo el a\u00f1o, ocupando un lugar destacado el Posgrado en Terapia Cognitiva<\/p>\n\n\n\n<p><a href=\"https:\/\/www.facebook.com\/cetepo\/?hc_ref=ARTcC71QymyPWqlXd0oS9BhPG8vA_40GhFTdBnAxcmsZpIOpR1BbTIQ58T27dEfrKuU&amp;fref=nf&amp;__tn__=kC-R\" target=\"_blank\" rel=\"noreferrer noopener\">CETEPO<\/a>&nbsp;\u2013 Centro de Terapia cognitiva posracionalista. Entrenamiento cl\u00ednico para terapeutas en el m\u00e9todo autoobservacional de la Terapia Cognitiva Posracionalista.<\/p>\n\n\n\n<p>PSICOTERAPIA DE GRUPO<\/p>\n\n\n\n<p>Asociaci\u00f3n Argentina de Psicolog\u00eda y Psicoterapia de Grupo. AAPPG. \u2013&nbsp;<a href=\"http:\/\/www.aappg.org.ar\/\" target=\"_blank\" rel=\"noreferrer noopener\">http:\/\/www.aappg.org.ar<\/a><\/p>\n\n\n\n<p>TERAPIA OCUPACIONAL<br><a href=\"http:\/\/www.terapia-ocupacional.org.ar\/\" target=\"_blank\" rel=\"noreferrer noopener\">http:\/\/www.terapia-ocupacional.org.ar<\/a>&nbsp;\u2013 La Asociaci\u00f3n Argentina de Terapia Ocupacional fue fundada en 1959. El sitio ofrece informaci\u00f3n referida a centros de estudios, actividad cient\u00edfica y eventos, novedades de su biblioteca y enlaces.<\/p>\n\n\n\n<hr class=\"wp-block-separator has-alpha-channel-opacity\"\/>\n\n\n\n<h1 class=\"wp-block-heading\"><strong>Teor\u00edas y Corrientes Aplicadas<\/strong><\/h1>\n\n\n\n<p>PSICODIAGN\u00d3STICO. TESTS PSICOLOGICOS<\/p>\n\n\n\n<p>Asociaci\u00f3n Argentina De Estudio e Investigaci\u00f3n en Psicodiagn\u00f3stico. ADEIP \u2013&nbsp;<a href=\"http:\/\/www.adeip.org.ar\/\" target=\"_blank\" rel=\"noreferrer noopener\">http:\/\/www.adeip.org.ar<\/a><\/p>\n\n\n\n<p>Asoci\u00f3n Argentina de Psicodiagn\u00f3stico de Rorschach AAPRO \u2013&nbsp;<a href=\"http:\/\/www.asoc-arg-rorschach.com.ar\/\" target=\"_blank\" rel=\"noreferrer noopener\">http:\/\/www.asoc-arg-rorschach.com.ar<\/a><\/p>\n\n\n\n<p>PSICOLOGIA DEL TRABAJO Y DE LAS ORGANIZACIONES.<\/p>\n\n\n\n<p>Asociaci\u00f3n de Psic\u00f3logos Laborales de la Rep\u00fablica Argentina. APSILA.&nbsp; \u2013&nbsp;<a href=\"http:\/\/www.apsila.org.ar\/\" target=\"_blank\" rel=\"noreferrer noopener\">http:\/\/www.apsila.org.ar<\/a><\/p>\n\n\n\n<p>PSICOLOGIA DEL DEPORTE<\/p>\n\n\n\n<p>El rival interior. \u2013&nbsp;<a href=\"http:\/\/www.elrivalinterior.com\/\" target=\"_blank\" rel=\"noreferrer noopener\">http:\/\/www.elrivalinterior.com<\/a><\/p>\n\n\n\n<p>Asociaci\u00f3n de Psicolog\u00eda del Deporte Argentina.&nbsp;<a href=\"http:\/\/www.psicodeportes.com\/\" target=\"_blank\" rel=\"noreferrer noopener\">http:\/\/www.psicodeportes.com<\/a>&nbsp;\u2013 La Asociaci\u00f3n de Psicolog\u00eda del Deporte Argentina (APDA) creada en 1992 fue pionera y la primera asociaci\u00f3n que se conform\u00f3 con el objetivo de reunir y formar a profesionales en psicolog\u00eda aplicada al deporte. Dicta cursos de Psicolog\u00eda del Deporte.<\/p>\n\n\n\n<p>Asociaci\u00f3n de Psicologia del Deporte.&nbsp;<a href=\"http:\/\/www.psicodeportes.com\/\" target=\"_blank\" rel=\"noreferrer noopener\">http:\/\/www.psicodeportes.com<\/a><\/p>\n\n\n\n<p>PSICOLOGIA SOCIAL. PSICOLOGIA COMUNITARIA<\/p>\n\n\n\n<p><a href=\"https:\/\/es-la.facebook.com\/groups\/730933647014040\/\" target=\"_blank\" rel=\"noreferrer noopener\">Asociaci\u00f3n de Psic\u00f3logos Sociales de la Rep\u00fablica Argentina<\/a>. Constitu\u00edda en 1987 \u2013&nbsp;<a href=\"mailto:apsracomisiondirectiva@gmail.com\" target=\"_blank\" rel=\"noreferrer noopener\">apsracomisiondirectiva@gmail.com<\/a><\/p>\n\n\n\n<p>Escuela Psicoanal\u00edtica de Psicolog\u00eda Social.&nbsp;<a href=\"http:\/\/www.psicosocial.com.ar\/\" target=\"_blank\" rel=\"noreferrer noopener\">http:\/\/www.psicosocial.com.ar<\/a>&nbsp;\u2013 Escuela Psicoanal\u00edtica de Psicolog\u00eda Social es una instituci\u00f3n fundada en 1998 con el objetivo de impartir la carrera trienal de Psicolog\u00eda Social Psicoanal\u00edtica.<\/p>\n\n\n\n<p>Escuela Psicologia Social del Sur.&nbsp;<a href=\"http:\/\/www.psicosocialdelsur.com.ar\/\" target=\"_blank\" rel=\"noreferrer noopener\">http:\/\/www.psicosocialdelsur.com.ar<\/a>&nbsp;\u2013 La Escuela dicta la Carrera de Psicolog\u00eda Social a nivel Terciario otorgando el T\u00edtulo Oficial de Operador en Psicolog\u00eda Social.<\/p>\n","protected":false},"excerpt":{"rendered":"<p>Psicolog\u00eda General Asociaci\u00f3n de gerontolog\u00eda social de Santa Fe. Fundada en 1997, con la finalidad de trabajar en la educaci\u00f3n permanente en gerontolog\u00eda del recurso capacita a todos los niveles para poder desarrollar tareas de servicios relacionadas con los adultos mayores. Adem\u00e1s se realizan Actividades de Asesoramiento a distintos organismos p\u00fablicos y privados. http:\/\/www.funsaled.org.ar&nbsp;\u2013 Fundaci\u00f3n para la salud y la educaci\u00f3n. http:\/\/www.portalgeriatrico.com.ar Teor\u00edas y Corrientes&hellip; <\/p>\n","protected":false},"author":1,"featured_media":0,"parent":0,"menu_order":0,"comment_status":"closed","ping_status":"closed","template":"","meta":{"footnotes":""},"class_list":["post-108","page","type-page","status-publish","hentry","clearfix"],"_links":{"self":[{"href":"https:\/\/bvs-psi.mdp.edu.ar\/index.php?rest_route=\/wp\/v2\/pages\/108","targetHints":{"allow":["GET"]}}],"collection":[{"href":"https:\/\/bvs-psi.mdp.edu.ar\/index.php?rest_route=\/wp\/v2\/pages"}],"about":[{"href":"https:\/\/bvs-psi.mdp.edu.ar\/index.php?rest_route=\/wp\/v2\/types\/page"}],"author":[{"embeddable":true,"href":"https:\/\/bvs-psi.mdp.edu.ar\/index.php?rest_route=\/wp\/v2\/users\/1"}],"replies":[{"embeddable":true,"href":"https:\/\/bvs-psi.mdp.edu.ar\/index.php?rest_route=%2Fwp%2Fv2%2Fcomments&post=108"}],"version-history":[{"count":1,"href":"https:\/\/bvs-psi.mdp.edu.ar\/index.php?rest_route=\/wp\/v2\/pages\/108\/revisions"}],"predecessor-version":[{"id":109,"href":"https:\/\/bvs-psi.mdp.edu.ar\/index.php?rest_route=\/wp\/v2\/pages\/108\/revisions\/109"}],"wp:attachment":[{"href":"https:\/\/bvs-psi.mdp.edu.ar\/index.php?rest_route=%2Fwp%2Fv2%2Fmedia&parent=108"}],"curies":[{"name":"wp","href":"https:\/\/api.w.org\/{rel}","templated":true}]}}