{"id":116,"date":"2023-10-24T12:40:16","date_gmt":"2023-10-24T15:40:16","guid":{"rendered":"https:\/\/bvs-psi2.mdp.edu.ar\/?page_id=116"},"modified":"2025-01-22T12:21:48","modified_gmt":"2025-01-22T15:21:48","slug":"listado-de-instituciones-colaboradoras","status":"publish","type":"page","link":"https:\/\/bvs-psi.mdp.edu.ar\/?page_id=116","title":{"rendered":"Listado de Instituciones Colaboradoras"},"content":{"rendered":"\n<h6 class=\"wp-block-heading\">-Asociaci\u00f3n lucha contra el Mal de Alzheimer y alteraciones semejantes&nbsp;<a href=\"https:\/\/www.alma-alzheimer.org.ar\/es\/\" target=\"_blank\" rel=\"noreferrer noopener\">https:\/\/www.alma-alzheimer.org.ar\/es\/<\/a><\/h6>\n\n\n\n<h6 class=\"wp-block-heading\">-Asociaci\u00f3n Argentina de Psicomotricidad. AAP <a rel=\"noreferrer noopener\" href=\"http:\/\/www.aapsicomotricidad.com.ar\/\" target=\"_blank\">http:\/\/www.aapsicomotricidad.com.ar\/<\/a><\/h6>\n\n\n\n<h6 class=\"wp-block-heading\">-Asociaci\u00f3n de Estudio e Investigaci\u00f3n en Psicodiagn\u00f3stico.ADEIP <a rel=\"noreferrer noopener\" href=\"http:\/\/www.adeip.org.ar\/\" target=\"_blank\">http:\/\/www.adeip.org.ar\/<\/a><\/h6>\n\n\n\n<h6 class=\"wp-block-heading\">-Asociaci\u00f3n Escuela de Psicoan\u00e1lisis Sigmund Freud.&nbsp;<a rel=\"noreferrer noopener\" href=\"http:\/\/www.epsfros.com.ar\/\" target=\"_blank\">http:\/\/www.epsfros.com.ar\/<\/a><\/h6>\n\n\n\n<h6 class=\"wp-block-heading\">-Asociaci\u00f3n Argentina de Psicolog\u00eda y Psicoterapia de grupo. AAPPG <a rel=\"noreferrer noopener\" href=\"http:\/\/www.aappg.org\/\" target=\"_blank\">http:\/\/www.aappg.org\/<\/a><\/h6>\n\n\n\n<h6 class=\"wp-block-heading\">-Asociaci\u00f3n Argentina de Psiquiatras. AAP&nbsp;<a rel=\"noreferrer noopener\" href=\"http:\/\/www.aap.org.ar\/\" target=\"_blank\">http:\/\/www.aap.org.ar\/<\/a><\/h6>\n\n\n\n<h6 class=\"wp-block-heading\">-Asociaci\u00f3n Argentina de Psiquiatr\u00eda y psicolog\u00eda de la Infancia y Adololescencia. ASAPPIA&nbsp;<a rel=\"noreferrer noopener\" href=\"http:\/\/www.asappia.org\/\" target=\"_blank\">http:\/\/www.asappia.org\/<\/a><\/h6>\n\n\n\n<h6 class=\"wp-block-heading\">-Asociaci\u00f3n argentina de salud mental AASM&nbsp;<a href=\"https:\/\/aasm.org.ar\/es\">https:\/\/aasm.org.ar\/es<\/a><\/h6>\n\n\n\n<h6 class=\"wp-block-heading\">-Asociaci\u00f3n Argentina de terapia cognitiva. AATC&nbsp;<a href=\"http:\/\/www.aatc.org.ar\/\">http:\/\/www.aatc.org.ar\/<\/a><\/h6>\n\n\n\n<h6 class=\"wp-block-heading\">-Asociaci\u00f3n Colegio de Psicoanalistas&nbsp;<a rel=\"noreferrer noopener\" href=\"http:\/\/www.coldepsicoanalistas.com.ar\/\" target=\"_blank\">http:\/\/www.coldepsicoanalistas.com.ar\/<\/a><\/h6>\n\n\n\n<h6 class=\"wp-block-heading\">-Asociaci\u00f3n de Psicoterapia de la Rep\u00fablica Argentina. APRA <a href=\"http:\/\/www.apra.org.ar\/\">http:\/\/www.apra.org.ar\/<\/a><\/h6>\n\n\n\n<h6 class=\"wp-block-heading\">-Asociaci\u00f3n de psicoterapia sist\u00e9mica de Buenos Aires. ASIBA&nbsp;<a href=\"https:\/\/asiba.org\/index.php\/asiba\">https:\/\/asiba.org\/index.php\/asiba<\/a><\/h6>\n\n\n\n<h6 class=\"wp-block-heading\">-Asociaci\u00f3n Escuela Argentina de Psicoterapia para Graduados. AEAPG <a rel=\"noreferrer noopener\" href=\"http:\/\/www.aeapg.org.ar\/\" target=\"_blank\">http:\/\/www.aeapg.org.ar\/<\/a><\/h6>\n\n\n\n<h6 class=\"wp-block-heading\">-Asociaci\u00f3n Gest\u00e1ltica de Buenos Aires. AGBA <a rel=\"noreferrer noopener\" href=\"http:\/\/www.agba.org.ar\/\" target=\"_blank\">http:\/\/www.agba.org.ar\/<\/a><\/h6>\n\n\n\n<h6 class=\"wp-block-heading\">-Asociaci\u00f3n Latinoamericana de Estudios Freudianos <a rel=\"noreferrer noopener\" href=\"http:\/\/www.alefpsi.com\/\" target=\"_blank\">http:\/\/www.alefpsi.com\/<\/a><\/h6>\n\n\n\n<h6 class=\"wp-block-heading\">-Asociaci\u00f3n Psicoanal\u00edtica Argentina. APA <a rel=\"noreferrer noopener\" href=\"https:\/\/www.apa.org.ar\/\" target=\"_blank\">https:\/\/www.apa.org.ar\/<\/a><\/h6>\n\n\n\n<h6 class=\"wp-block-heading\">-Asociaci\u00f3n Psicoanal\u00edtica de Buenos Aires. APDEBA <a rel=\"noreferrer noopener\" href=\"http:\/\/www.apdeba.org\/\" target=\"_blank\">http:\/\/www.apdeba.org\/<\/a><\/h6>\n\n\n\n<h6 class=\"wp-block-heading\">-Asociaci\u00f3n Psicoanal\u00edtica de C\u00f3rdoba&nbsp;<a href=\"https:\/\/www.facebook.com\/APdeCordoba\">https:\/\/www.facebook.com\/APdeCordoba<\/a><\/h6>\n\n\n\n<h6 class=\"wp-block-heading\">-Asociaci\u00f3n Psic\u00f3logos Forenses de la Rep\u00fablica Argentina. APFRA <a rel=\"noreferrer noopener\" href=\"http:\/\/www.apfra.org\/\" target=\"_blank\">http:\/\/www.apfra.org\/<\/a><\/h6>\n\n\n\n<h6 class=\"wp-block-heading\">-Asociaci\u00f3n Argentina de Psicodiagn\u00f3stico de Rorschach. ADEIP <a rel=\"noreferrer noopener\" href=\"http:\/\/www.adeip.org.ar\/\" target=\"_blank\">http:\/\/www.adeip.org.ar\/<\/a><\/h6>\n\n\n\n<h6 class=\"wp-block-heading\">-Centro de Estudios Sist\u00e9micos\u00a0<a rel=\"noreferrer noopener\" href=\"http:\/\/www.fundaces.com\/\" target=\"_blank\">http:\/\/www.fundaces.com<\/a> \u2013 mail:\u00a0<a href=\"mailto:centrodeestudiossistemicos@fibertel.com.ar\">centrodeestudiossistemicos@fibertel.com.ar<\/a><\/h6>\n\n\n\n<h6 class=\"wp-block-heading\">-Centro de Terapia Cognitivo Conductual y Ciencias del Comportamiento. CETECIC <a rel=\"noreferrer noopener\" href=\"http:\/\/www.cognitivoconductual.org\/\" target=\"_blank\">http:\/\/www.cognitivoconductual.org\/<\/a><\/h6>\n\n\n\n<h6 class=\"wp-block-heading\">-Centro de Investigaciones psicol\u00f3gicas para el estudio y prevenci\u00f3n de los accidentes. CIPEA <a rel=\"noreferrer noopener\" href=\"http:\/\/cipea.com.ar\/wp\/\" target=\"_blank\">http:\/\/cipea.com.ar\/wp\/<\/a><\/h6>\n\n\n\n<h6 class=\"wp-block-heading\">-Centro de terapias con enfoque familiar. CETEF <a rel=\"noreferrer noopener\" href=\"http:\/\/cetef.atspace.com\/cetef_acercadelcetef.htm\" target=\"_blank\">http:\/\/cetef.atspace.com\/cetef_acercadelcetef.htm<\/a><\/h6>\n\n\n\n<h6 class=\"wp-block-heading\">-Centro DOS&nbsp;<a rel=\"noreferrer noopener\" href=\"http:\/\/www.centrodos.com.ar\/\" target=\"_blank\">http:\/\/www.centrodos.com.ar\/<\/a><\/h6>\n\n\n\n<h6 class=\"wp-block-heading\">-Centro Espec. Salud Mental Villa Devoto. CESAMENDE <a rel=\"noreferrer noopener\" href=\"http:\/\/www.cesamende.com\/\" target=\"_blank\">http:\/\/www.cesamende.com\/<\/a><\/h6>\n\n\n\n<h6 class=\"wp-block-heading\">-Centro Interdisciplinario de Investigaci\u00f3n en Psicolog\u00eda Matem\u00e1tica y experimental. CIIPME <a rel=\"noreferrer noopener\" href=\"http:\/\/www.ciipme-conicet.gov.ar\/\" target=\"_blank\">http:\/\/www.ciipme-conicet.gov.ar\/<\/a><\/h6>\n\n\n\n<h6 class=\"wp-block-heading\">-Centro Oro&nbsp;<a rel=\"noreferrer noopener\" href=\"http:\/\/www.centrooro.org.ar\/\" target=\"_blank\">http:\/\/www.centrooro.org.ar\/<\/a><\/h6>\n\n\n\n<h6 class=\"wp-block-heading\">-C\u00edrculo psicoanal\u00edtico freudiano&nbsp;<a rel=\"noreferrer noopener\" href=\"http:\/\/www.circulofreudiano.com.ar\/\" target=\"_blank\">http:\/\/www.circulofreudiano.com.ar\/<\/a><\/h6>\n\n\n\n<h6 class=\"wp-block-heading\">-Colegio de Psic\u00f3logos de la Provincia de Buenos Aires<br>Calle 10 Nro. 690 \u2013 (1900) La Plata<br>Tel. 0221-4211687<br><a href=\"http:\/\/www.colpsiba.org.ar\/\" target=\"_blank\" rel=\"noreferrer noopener\">http:\/\/www.colpsiba.org.ar\/<\/a><br>mail:&nbsp;<a href=\"mailto:consejosuperior@colpsiba.org.ar\">consejosuperior@colpsiba.org.ar<\/a><\/h6>\n\n\n\n<h6 class=\"wp-block-heading\"><strong>Colegio de Psic\u00f3logos de la&nbsp; Provincia de Buenos Aires<\/strong><\/h6>\n\n\n\n<h6 class=\"wp-block-heading\"><strong>Distritos:<\/strong><\/h6>\n\n\n\n<h6 class=\"wp-block-heading\">-Colegio de Psic\u00f3logos Distrito I Bah\u00eda Blanca<br><a href=\"http:\/\/www.colpsibhi.org\/\" target=\"_blank\" rel=\"noreferrer noopener\">http:\/\/www.colpsibhi.org\/<\/a><br>mail:&nbsp;<a href=\"mailto:administracion@colpsibhi.org.ar\">administracion@colpsibhi.org.ar<\/a><\/h6>\n\n\n\n<h6 class=\"wp-block-heading\">-Colegio de Psic\u00f3logos. Distrito II. Trenque Lauqu\u00e9n<br><a href=\"https:\/\/www.todotrenque.com.ar\/ver\/colegiodepsicologos.php\" target=\"_blank\" rel=\"noreferrer noopener\">https:\/\/www.todotrenque.com.ar\/ver\/colegiodepsicologos.php<\/a><br>mail:&nbsp;<a href=\"mailto:colpsiba2@ayrcom.com.ar\">colpsiba2@ayrcom.com.ar<\/a><\/h6>\n\n\n\n<h6 class=\"wp-block-heading\">-Colegio de Psic\u00f3logos. Distrito III. Jun\u00edn<br><a href=\"https:\/\/maps123.net\/en\/AR\/colegio-de-psicologos-distrito-iii-junin-p85962\" target=\"_blank\" rel=\"noreferrer noopener\">https:\/\/maps123.net\/en\/AR\/colegio-de-psicologos-distrito-iii-junin-p85962<\/a><br>mail:&nbsp;<a href=\"mailto:colegiodepsicologosd3@infovia.com.ar\">colegiodepsicologosd3@infovia.com.ar<\/a><\/h6>\n\n\n\n<h6 class=\"wp-block-heading\">-Colegio de Psic\u00f3logos Distrito IV Pergamino<br><a href=\"http:\/\/www.colpsiba-d4.org.ar\/index.php\" target=\"_blank\" rel=\"noreferrer noopener\">http:\/\/www.colpsiba-d4.org.ar\/index.php<\/a><br>mail:&nbsp;<a href=\"mailto:copsiper@multinetmo.com.ar\">copsiper@multinetmo.com.ar<\/a><\/h6>\n\n\n\n<h6 class=\"wp-block-heading\">-Colegio de Psic\u00f3logos. Distrito V. Z\u00e1rate<br><a href=\"https:\/\/www.facebook.com\/Colegio-De-Psic%C3%B3logos-D-V-184878062141913\/?tn-str=k*F\" target=\"_blank\" rel=\"noreferrer noopener\">https:\/\/www.facebook.com\/Colegio-De-Psic%C3%B3logos-D-V-184878062141913\/?tn-str=k*F<\/a><br>mail:&nbsp;<a href=\"mailto:colpsizarate@gmail.com\">colpsizarate@gmail.com<\/a><\/h6>\n\n\n\n<h6 class=\"wp-block-heading\">-Colegio de Psic\u00f3logos. Distrito VI Luj\u00e1n<br><a href=\"http:\/\/colegiopsicologosvi.com.ar\/\" target=\"_blank\" rel=\"noreferrer noopener\">http:\/\/colegiopsicologosvi.com.ar\/<\/a><br>mail:&nbsp;<a href=\"mailto:colegiodepsicologos@ciudad.com.ar\">colegiodepsicologos@ciudad.com.ar<\/a><\/h6>\n\n\n\n<h6 class=\"wp-block-heading\">-Colegio de Psic\u00f3logos. Distrito VII. Chivilcoy<br><a href=\"https:\/\/www.facebook.com\/Colegio-de-Psicologos-Distrito-7-468298306526913\/?tn-str=k*F\" target=\"_blank\" rel=\"noreferrer noopener\">https:\/\/www.facebook.com\/Colegio-de-Psicologos-Distrito-7-468298306526913\/?tn-str=k*F<\/a><br>mail:&nbsp;<a href=\"mailto:col_psic_dis7@hotmail.com\">col_psic_dis7@hotmail.com<\/a><\/h6>\n\n\n\n<h6 class=\"wp-block-heading\">-Colegio de Psic\u00f3logos Distrito VIII. Azul<br><a href=\"https:\/\/www.colegiodepsicologosdistrito8.com.ar\/\" target=\"_blank\" rel=\"noreferrer noopener\">https:\/\/www.colegiodepsicologosdistrito8.com.ar\/<\/a><br>mail:&nbsp;<a href=\"mailto:distriocho@speedy.com.ar\">distriocho@speedy.com.ar<\/a><\/h6>\n\n\n\n<h6 class=\"wp-block-heading\">-Colegio de Psic\u00f3logos Distrito IX. Necochea<br><a href=\"http:\/\/ww.distrito9.colpsiba.org.ar\/\" target=\"_blank\" rel=\"noreferrer noopener\">http:\/\/ww.distrito9.colpsiba.org.ar<\/a><br>mail:&nbsp;<a href=\"mailto:colpsicd9@infovia.com.ar\">colpsicd9@infovia.com.ar<\/a><\/h6>\n\n\n\n<h6 class=\"wp-block-heading\">-Colegio de Psic\u00f3logos. Distrito X. Mar del Plata<br><a href=\"https:\/\/www.psicologosdistritox.org\/\" target=\"_blank\" rel=\"noreferrer noopener\">https:\/\/www.psicologosdistritox.org\/<\/a><br>mail:&nbsp;<a href=\"mailto:colpsicdx@infovia.com.ar\">colpsicdx@infovia.com.ar<\/a><\/h6>\n\n\n\n<h6 class=\"wp-block-heading\">-Colegio de Psic\u00f3logos Distrito XI La Plata<br><a href=\"http:\/\/www.colegiodepsicologos.org.ar\/\" target=\"_blank\" rel=\"noreferrer noopener\">http:\/\/www.colegiodepsicologos.org.ar\/<\/a><br>mail:&nbsp;<a href=\"mailto:colpsixi@netverk.com.ar\">colpsixi@netverk.com.ar<\/a><\/h6>\n\n\n\n<h6 class=\"wp-block-heading\">-Colegio de Psic\u00f3logos. Distrito XII. Quilmes<br><a href=\"http:\/\/www.psicologosquilmes.org.ar\/\" target=\"_blank\" rel=\"noreferrer noopener\">http:\/\/www.psicologosquilmes.org.ar\/<\/a><br>mail:&nbsp;<a href=\"mailto:secretariageneral@psicologosquilmes.org.ar\">secretariageneral@psicologosquilmes.org.ar<\/a><\/h6>\n\n\n\n<h6 class=\"wp-block-heading\">-Colegio de Psic\u00f3logos. Distrito XIII. Lomas de Zamora<br><a href=\"http:\/\/www.cplz.org.ar\/\" target=\"_blank\" rel=\"noreferrer noopener\">http:\/\/www.cplz.org.ar\/<\/a><br>mail:&nbsp;<a href=\"mailto:cplz@ciudad.com.ar\">cplz@ciudad.com.ar<\/a><\/h6>\n\n\n\n<h6 class=\"wp-block-heading\">-Colegio de Psic\u00f3logos. Distrito XIV. Mor\u00f3n<br><a href=\"http:\/\/www.colpsi14.org.ar\/\" target=\"_blank\" rel=\"noreferrer noopener\">http:\/\/www.colpsi14.org.ar\/<\/a><br>mail:&nbsp;<a href=\"mailto:info@colpsi14.org.ar\">info@colpsi14.org.ar<\/a><\/h6>\n\n\n\n<h6 class=\"wp-block-heading\">-Colegio de Psic\u00f3logos Distrito X. San Isidro<br><a href=\"http:\/\/www.cpsi.org.ar\/\" target=\"_blank\" rel=\"noreferrer noopener\">http:\/\/www.cpsi.org.ar\/<\/a><br>mail:<a href=\"mailto:info@cpsi.org.ar\">info@cpsi.org.ar<\/a><\/h6>\n\n\n\n<h6 class=\"wp-block-heading\"><strong>Colegio de Psic\u00f3logos por Provincia<\/strong><strong>:<br><\/strong><br>-Colegio de Psic\u00f3logos de la Provincia de Catamarca<br>Av. Mariano Moreno 467<br>Tel.: (03833) 433-206<br><a href=\"http:\/\/psicologoscatamarca.com.ar\/n\/\/\" target=\"_blank\" rel=\"noreferrer noopener\">http:\/\/psicologoscatamarca.com.ar\/n\/\/<\/a><\/h6>\n\n\n\n<h6 class=\"wp-block-heading\">-Colegio de Psic\u00f3logos de&nbsp; Salta<br>Sgo.del Estero 276 \u2013 (4400) Salta<br>Tel. 0387-4317475\/Fax 4321515<br><a href=\"http:\/\/psicologossalta.com.ar\/\" target=\"_blank\" rel=\"noreferrer noopener\">http:\/\/psicologossalta.com.ar\/<\/a><br>mail:<a href=\"mailto:info@psicologossalta.com.ar\">&nbsp;info@psicologossalta.com.ar<\/a><\/h6>\n\n\n\n<h6 class=\"wp-block-heading\">-Colegio de Psic\u00f3logos de la Provincia de Santiago del Estero<br>Misiones 374 \u2013 (4200) Santiago del Estero<br>Tel. 0385-4240349<br><a href=\"http:\/\/www.copsisesantiago.com.ar\/\" target=\"_blank\" rel=\"noreferrer noopener\">http:\/\/www.copsisesantiago.com.ar\/<\/a><br>mail: copsiseg@hotmail.com<\/h6>\n\n\n\n<h6 class=\"wp-block-heading\">-Colegio de Psic\u00f3logos de la Provincia de Tucum\u00e1n<br>C\u00f3rdoba 1027 \u2013 (4000) San Miguel de Tucum\u00e1n<br>Tel. 0381-4220416\/4217115<br><a href=\"http:\/\/www.colpsicologostuc.org.ar\/\" target=\"_blank\" rel=\"noreferrer noopener\">http:\/\/www.colpsicologostuc.org.ar\/<\/a><br>mail:&nbsp;<a href=\"mailto:info@colpsicologostuc.org.ar\">info@colpsicologostuc.org.ar<\/a><\/h6>\n\n\n\n<h6 class=\"wp-block-heading\">-Colegio de Psic\u00f3logos de la Provincia de la Rioja<br>San Mart\u00edn 117, Piso 6\u00ba Ofic. J<br>Tel. 03822-423972 \u2013 La Rioja<br><a href=\"http:\/\/www.copsrioja.org\/\" target=\"_blank\" rel=\"noreferrer noopener\">http:\/\/www.copsrioja.org\/<\/a><\/h6>\n\n\n\n<h6 class=\"wp-block-heading\">-Colegio de Psic\u00f3logos de&nbsp; Jujuy<br>Salta 789 \u2013 (4600) San Salvador de Jujuy<br>Tel. 0388-4235501<br><a href=\"http:\/\/www.colegiopsicologosjujuy.com\/\" target=\"_blank\" rel=\"noreferrer noopener\">http:\/\/www.colegiopsicologosjujuy.com\/<\/a><br>mail:&nbsp;<a href=\"mailto:colegiopsicologosjujuy@yahoo.com.ar\">colegiopsicologosjujuy@yahoo.com.ar<\/a><br>mail:&nbsp;<a href=\"mailto:colegiopsicologosjujuy@arnet.com.ar\">colegiopsicologosjujuy@arnet.com.ar<\/a><\/h6>\n\n\n\n<h6 class=\"wp-block-heading\">-Colegio de Psic\u00f3logos de la Provincia de Misiones.<br>Av. Corrientes 1477, Posadas<br><a href=\"http:\/\/www.cppm.org.ar\/\" target=\"_blank\" rel=\"noreferrer noopener\">http:\/\/www.cppm.org.ar\/<\/a><br>mail:&nbsp;<a href=\"mailto:info@cppm.org.ar\">info@cppm.org.ar<\/a><\/h6>\n\n\n\n<h6 class=\"wp-block-heading\">-Colegio de Psic\u00f3logos de la Provincia&nbsp; de Santa Fe<br>1\u00ba Circ. \u2013 9 de Julio 3311- (3000) Santa Fe<br>Tel. 0342-4531429<br><a href=\"https:\/\/www.facebook.com\/colegiopsicologossantafe\/about\/\" target=\"_blank\" rel=\"noreferrer noopener\">https:\/\/www.facebook.com\/colegiopsicologossantafe\/about\/<\/a><br>mail:&nbsp;<a href=\"mailto:cpsicologossfe@gigared.com\">cpsicologossfe@gigared.com<\/a><\/h6>\n\n\n\n<h6 class=\"wp-block-heading\">-Colegio de Psic\u00f3logos de la Provincia de Santa Fe<br>2\u00ba Circ. \u2013 Dorrego 423 \u2013 (2000) Rosario<br>(0341) 4498780 \/ 4400824 \/ 4474460<br><a href=\"http:\/\/colegiopsi.com\/\" target=\"_blank\" rel=\"noreferrer noopener\">http:\/\/colegiopsi.com\/<\/a><br>mail:&nbsp;<a href=\"mailto:info@psicologosrosario.com.ar\">info@psicologosrosario.com.ar<\/a><\/h6>\n\n\n\n<h6 class=\"wp-block-heading\">-Colegio de Psic\u00f3logos de la Provincia de&nbsp; Entre R\u00edos<br>Italia 335 \u2013 (3100) Paran\u00e1<br>Tel. 0343-4318354<br><a href=\"http:\/\/www.coper.org.ar\/\" target=\"_blank\" rel=\"noreferrer noopener\">http:\/\/www.coper.org.ar\/<\/a><\/h6>\n\n\n\n<h6 class=\"wp-block-heading\">-Colegio de Psic\u00f3logos de la Provincia del Chaco<br>Franklin 73 (3500) Resistencia<br>Telefax 03722-433001<br><a href=\"http:\/\/www.psicologoschaco.com\/\" target=\"_blank\" rel=\"noreferrer noopener\">http:\/\/www.psicologoschaco.com\/<\/a><br>mail:&nbsp;<a href=\"mailto:info@psicologoschaco.com.ar\">info@psicologoschaco.com.ar<\/a><\/h6>\n\n\n\n<h6 class=\"wp-block-heading\">-Colegio de Psic\u00f3logos de Bariloche. Zona Andina<br>Villegas 525 2\u00ba Piso Of. 10<br>Tel.: (0294) 4426613<br><a href=\"https:\/\/colpsizonandina.com\/\" target=\"_blank\" rel=\"noreferrer noopener\">https:\/\/colpsizonandina.com\/<\/a><br>E-mail:&nbsp;<a href=\"mailto:colpsizonandina@google.com\">colpsizonandina@google.com<\/a><\/h6>\n\n\n\n<h6 class=\"wp-block-heading\">-Colegio de Psic\u00f3logos de la Provincia del Chubut<br>Alvear 477, Esquel.<br>Tel.: (02945) 454-451<br><a href=\"http:\/\/www.colpsich.com.ar\/\" target=\"_blank\" rel=\"noreferrer noopener\">http:\/\/www.colpsich.com.ar\/<\/a><br>mail:&nbsp;<a href=\"mailto:colegiopsi@colpsich.com.ar\">colegiopsi@colpsich.com.ar<\/a><\/h6>\n\n\n\n<h6 class=\"wp-block-heading\">-Colegio de Psic\u00f3logos de la Provincia de La Pampa<br>1ro.de Mayo 762 \u2013 (6300) Santa Rosa<br>Tel. 02954-436448<br><a href=\"http:\/\/www.psicolapampa.com.ar\/\" target=\"_blank\" rel=\"noreferrer noopener\">http:\/\/www.psicolapampa.com.ar\/<\/a><br>mail:&nbsp;<a href=\"mailto:psicolapampa@cpenet.com.ar\">psicolapampa@cpenet.com.ar<\/a><\/h6>\n\n\n\n<h6 class=\"wp-block-heading\">-Colegio de Psic\u00f3logos del Neuqu\u00e9n<br>Alderete 656 \u2013 (8300) Neuqu\u00e9n<br>Tel. 0299-4424320<br><a href=\"http:\/\/www.psicoquen.org.ar\/\" target=\"_blank\" rel=\"noreferrer noopener\">http:\/\/www.psicoquen.org.ar\/<\/a><br>mail:&nbsp;<a href=\"mailto:info@psicoquen.org.ar\">info@psicoquen.org.ar<\/a><\/h6>\n\n\n\n<h6 class=\"wp-block-heading\"><strong>Instituciones que colaboran:<br><\/strong><br>-Escuela Argentina de Psicolog\u00eda Organizacional&nbsp;<a href=\"http:\/\/www.epconsultores.com\/escuela-2\/\">http:\/\/www.epconsultores.com\/escuela-2\/<\/a><\/h6>\n\n\n\n<h6 class=\"wp-block-heading\">-Escuela de la Orientaci\u00f3n Lacaniana <a rel=\"noreferrer noopener\" href=\"http:\/\/www.eol.org.ar\/home.asp\" target=\"_blank\">http:\/\/www.eol.org.ar\/home.asp<\/a><\/h6>\n\n\n\n<h6 class=\"wp-block-heading\">-Escuela Freudiana de Buenos Aires <a rel=\"noreferrer noopener\" href=\"http:\/\/www.efbaires.com.ar\/\" target=\"_blank\">http:\/\/www.efbaires.com.ar\/<\/a><\/h6>\n\n\n\n<h6 class=\"wp-block-heading\">-Escuela Sist\u00e9mica Argentina <a rel=\"noreferrer noopener\" href=\"http:\/\/www.escuelasistemica.com.ar\/\" target=\"_blank\">http:\/\/www.escuelasistemica.com.ar\/<\/a><\/h6>\n\n\n\n<h6 class=\"wp-block-heading\">-FLENI&nbsp;<a rel=\"noreferrer noopener\" href=\"http:\/\/www.fleni.org.ar\/\" target=\"_blank\">http:\/\/www.fleni.org.ar\/<\/a><\/h6>\n\n\n\n<h6 class=\"wp-block-heading\">-Foro de Instituciones de Profesionales de Salud Mental&nbsp;<a href=\"http:\/\/www.fundacionforo.com\/\">http:\/\/www.fundacionforo.com\/<\/a><\/h6>\n\n\n\n<h6 class=\"wp-block-heading\">-Fundaci\u00f3n Acta. Fondo para la&nbsp; Salud Mental <a rel=\"noreferrer noopener\" href=\"http:\/\/www.acta.org.ar\/\" target=\"_blank\">http:\/\/www.acta.org.ar\/<\/a><\/h6>\n\n\n\n<h6 class=\"wp-block-heading\">-Fundaci\u00f3n Aigle <a rel=\"noreferrer noopener\" href=\"http:\/\/www.aigle.org.ar\/\" target=\"_blank\">http:\/\/www.aigle.org.ar<\/a><\/h6>\n\n\n\n<h6 class=\"wp-block-heading\">-Fundaci\u00f3n Asistencia y estudios psicoanal\u00edticos Argentinos. AEPA <a rel=\"noreferrer noopener\" href=\"http:\/\/www.aepa.org.ar\/\" target=\"_blank\">http:\/\/www.aepa.org.ar\/<\/a><\/h6>\n\n\n\n<h6 class=\"wp-block-heading\">-Fundaci\u00f3n Argentina Cl\u00ednica Neuropsiqui\u00e1trica. FACN <a rel=\"noreferrer noopener\" href=\"http:\/\/www.alcmeon.com.ar\/index.html\" target=\"_blank\">http:\/\/www.alcmeon.com.ar\/index.html<\/a><br>mail:&nbsp;<a href=\"mailto:alcmeon@alcmeon.com.ar\">alcmeon@alcmeon.com.ar<\/a><\/h6>\n\n\n\n<h6 class=\"wp-block-heading\">-Fundaci\u00f3n CIAP, Centro de Investigaci\u00f3n y Asesoramiento en Psicolog\u00eda&nbsp;<a href=\"https:\/\/www.fundciap.org\/\">https:\/\/www.fundciap.org\/<\/a><\/h6>\n\n\n\n<h6 class=\"wp-block-heading\">-Fundaci\u00f3n Trastorno por D\u00e9ficit de Atenci\u00f3n. TADH <a rel=\"noreferrer noopener\" href=\"http:\/\/www.tdah.com.ar\/fundacion.html\" target=\"_blank\">http:\/\/www.tdah.com.ar\/fundacion.html<\/a><\/h6>\n\n\n\n<h6 class=\"wp-block-heading\">-Gobierno de la Ciudad Aut\u00f3noma de Buenos Aires. Red de Bibliotecas e Informaci\u00f3n en Salud Mental <a rel=\"noreferrer noopener\" href=\"http:\/\/www.buenosaires.gob.ar\/salud\/saludmental\" target=\"_blank\">http:\/\/www.buenosaires.gob.ar\/salud\/saludmental<\/a><\/h6>\n\n\n\n<h6 class=\"wp-block-heading\">-Gobierno de la Ciudad Aut\u00f3noma de Buenos Aires. Ministerio de Salud. CEDOS <a rel=\"noreferrer noopener\" href=\"http:\/\/www.buenosaires.gob.ar\/salud\/docenciaeinvestigacion\/cedos\" target=\"_blank\">http:\/\/www.buenosaires.gob.ar\/salud\/docenciaeinvestigacion\/cedos<\/a><\/h6>\n\n\n\n<h6 class=\"wp-block-heading\">-Instituto de la Familia <a rel=\"noreferrer noopener\" href=\"http:\/\/www.institutodelafamilia.com\/index.html\" target=\"_blank\">http:\/\/www.institutodelafamilia.com\/index.html<\/a><\/h6>\n\n\n\n<h6 class=\"wp-block-heading\">-Instituto Nacional de Psicopatolog\u00eda <a rel=\"noreferrer noopener\" href=\"http:\/\/www.inapsi.com.ar\/\" target=\"_blank\">http:\/\/www.inapsi.com.ar<\/a><\/h6>\n\n\n\n<h6 class=\"wp-block-heading\">-Instituto Nacional de Servicios Sociales para Jubilados y Pensionados<br>Centro de Documentaci\u00f3n e Informaci\u00f3n Bibliogr\u00e1fica en Tercera Edad<br>mail: <a href=\"mailto:Cibte@pami.org.ar\" target=\"_blank\" rel=\"noreferrer noopener\">Cibte@pami.org.ar<\/a><\/h6>\n\n\n\n<h6 class=\"wp-block-heading\">-Instituto Psicosom\u00e1tico de Buenos Aires. IPBA <a rel=\"noreferrer noopener\" href=\"https:\/\/institutopsicosomaticodebuenosaires.wordpress.com\/\" target=\"_blank\">https:\/\/institutopsicosomaticodebuenosaires.wordpress.com\/<\/a><\/h6>\n\n\n\n<h6 class=\"wp-block-heading\">-Instituto Sist\u00e9mico de Buenos Aires. ISDEBA <a href=\"http:\/\/www.isdeba.com\/nuevo\/index.php\">http:\/\/www.isdeba.com\/nuevo\/index.php<\/a><\/h6>\n\n\n\n<h6 class=\"wp-block-heading\">-Instituto Univ. de la Fundaci\u00f3n Isalud. Centro de Documentaci\u00f3n <a href=\"https:\/\/www.isalud.edu.ar\/inicio\">https:\/\/www.isalud.edu.ar\/inicio<\/a><\/h6>\n\n\n\n<h6 class=\"wp-block-heading\">-Primera Escuela Privada de Psicolog\u00eda Social <a href=\"https:\/\/www.edudispsicosocial.com\/\">https:\/\/www.edudispsicosocial.com\/<\/a><\/h6>\n\n\n\n<h6 class=\"wp-block-heading\">-Sociedad Argentina de Psicoan\u00e1lisis. Biblioteca. SAP&nbsp;<a href=\"https:\/\/sapsicoanalisis.org.ar\/\">https:\/\/sapsicoanalisis.org.ar\/<\/a><\/h6>\n\n\n\n<h6 class=\"wp-block-heading\">-Sociedad Argentina de Psicodrama. SAP <a href=\"http:\/\/www.psicodramasap.com.ar\/\">http:\/\/www.psicodramasap.com.ar<\/a><\/h6>\n\n\n\n<h6 class=\"wp-block-heading\">-Sociedad Psicoanal\u00edtica del Sur. SPS <a rel=\"noreferrer noopener\" href=\"https:\/\/www.facebook.com\/SociedadPsicoanaliticadelSur\/about\/\" target=\"_blank\">https:\/\/www.facebook.com\/SociedadPsicoanaliticadelSur\/about\/<\/a><\/h6>\n\n\n\n<h6 class=\"wp-block-heading\">-UBA. Facultad de Ciencias M\u00e9dicas <a rel=\"noreferrer noopener\" href=\"http:\/\/www.fmed.uba.ar\/\" target=\"_blank\">http:\/\/www.fmed.uba.ar\/<\/a><\/h6>\n\n\n\n<h6 class=\"wp-block-heading\">-UBA. Facultad de Psicolog\u00eda <a rel=\"noreferrer noopener\" href=\"http:\/\/www.psi.uba.ar\/\" target=\"_blank\">http:\/\/www.psi.uba.ar<\/a><\/h6>\n\n\n\n<h6 class=\"wp-block-heading\">-UBA. Escuela Salud P\u00fablica <a rel=\"noreferrer noopener\" href=\"http:\/\/www.fmed.uba.ar\/depto\/saludpublica\/main.htm\" target=\"_blank\">http:\/\/www.fmed.uba.ar\/depto\/saludpublica\/main.htm<\/a><\/h6>\n\n\n\n<h6 class=\"wp-block-heading\">-UBA. Maestr\u00eda en Salud P\u00fablica <a rel=\"noreferrer noopener\" href=\"https:\/\/www.fmed.uba.ar\/maestrias\/informacion-general\" target=\"_blank\">https:\/\/www.fmed.uba.ar\/maestrias\/informacion-general<\/a><\/h6>\n\n\n\n<h6 class=\"wp-block-heading\">-UAI. Universidad Abierta Interamericana <a rel=\"noreferrer noopener\" href=\"http:\/\/biblioteca.vaneduc.edu.ar\/\" target=\"_blank\">http:\/\/biblioteca.vaneduc.edu.ar\/<\/a><\/h6>\n\n\n\n<h6 class=\"wp-block-heading\">-Universidad Maim\u00f3nides <a rel=\"noreferrer noopener\" href=\"http:\/\/www.maimonides.edu\/es\/\" target=\"_blank\">http:\/\/www.maimonides.edu\/es\/<\/a><\/h6>\n\n\n\n<h6 class=\"wp-block-heading\">-Universidad Austral. Facultad de Ciencias Biom\u00e9dicas <a rel=\"noreferrer noopener\" href=\"http:\/\/www.austral.edu.ar\/cienciasbiomedicas\/\" target=\"_blank\">http:\/\/www.austral.edu.ar\/cienciasbiomedicas\/<\/a><\/h6>\n\n\n\n<h6 class=\"wp-block-heading\">-UCA. Universidad Cat\u00f3lica Argentina <a rel=\"noreferrer noopener\" href=\"http:\/\/www.uca.edu.ar\/index.php\/home\/index\/es\" target=\"_blank\">http:\/\/www.uca.edu.ar\/index.php\/home\/index\/es<\/a><\/h6>\n\n\n\n<h6 class=\"wp-block-heading\">-UCES. Universidad de Ciencias Empresariales y Sociales <a rel=\"noreferrer noopener\" href=\"http:\/\/www.uces.edu.ar\/biblioteca\/\" target=\"_blank\">http:\/\/www.uces.edu.ar\/biblioteca\/<\/a><\/h6>\n\n\n\n<h6 class=\"wp-block-heading\">-UFLO. Universidad de Flores <a href=\"https:\/\/www.uflo.edu.ar\/\">https:\/\/www.uflo.edu.ar\/<\/a><\/h6>\n\n\n\n<h6 class=\"wp-block-heading\">-Universidad del Museo Social Argentino <a rel=\"noreferrer noopener\" href=\"http:\/\/www.umsa.edu.ar\/\" target=\"_blank\">http:\/\/www.umsa.edu.ar\/<\/a><\/h6>\n\n\n\n<h6 class=\"wp-block-heading\">-Universidad Kennedy&nbsp;<a href=\"https:\/\/www.kennedy.edu.ar\/\" target=\"_blank\" rel=\"noreferrer noopener\">https:\/\/www.kennedy.edu.ar\/<\/a><\/h6>\n\n\n\n<h6 class=\"wp-block-heading\">-Universidad Nacional C\u00f3rdoba. Facultad de Psicolog\u00eda <a rel=\"noreferrer noopener\" href=\"http:\/\/www.psyche.unc.edu.ar\/\" target=\"_blank\">http:\/\/www.psyche.unc.edu.ar\/<\/a><\/h6>\n\n\n\n<h6 class=\"wp-block-heading\">-Universidad Nacional C\u00f3rdoba. Facultad de Ciencias M\u00e9dicas <a href=\"https:\/\/fcm.unc.edu.ar\/\" target=\"_blank\" rel=\"noreferrer noopener\">https:\/\/fcm.unc.edu.ar\/<\/a><\/h6>\n\n\n\n<h6 class=\"wp-block-heading\">-Universidad Nacional de La Plata. Facultad de Psicolog\u00eda <a rel=\"noreferrer noopener\" href=\"http:\/\/www.psico.unlp.edu.ar\/\" target=\"_blank\">http:\/\/www.psico.unlp.edu.ar\/<\/a><\/h6>\n\n\n\n<h6 class=\"wp-block-heading\">-Universidad Nacional de Rosario. Facultad de Ciencias M\u00e9dicas <a href=\"https:\/\/fcm.unr.edu.ar\/\" target=\"_blank\" rel=\"noreferrer noopener\">https:\/\/fcm.unr.edu.ar\/<\/a><\/h6>\n\n\n\n<h6 class=\"wp-block-heading\">-Universidad Nacional de Rosario. Facultad de Psicolog\u00eda <a href=\"https:\/\/fpsico.unr.edu.ar\/\" target=\"_blank\" rel=\"noreferrer noopener\">https:\/\/fpsico.unr.edu.ar\/<\/a><\/h6>\n\n\n\n<h6 class=\"wp-block-heading\">-Universidad Nacional de Tucum\u00e1n. Facultad de Psicolog\u00eda <a href=\"https:\/\/www.psicologia.unt.edu.ar\/\">https:\/\/www.psicologia.unt.edu.ar\/<\/a><\/h6>\n\n\n\n<h6 class=\"wp-block-heading\">-Universidad de Palermo. Biblioteca <a rel=\"noreferrer noopener\" href=\"http:\/\/www.palermo.edu\/biblioteca\/\" target=\"_blank\">http:\/\/www.palermo.edu\/biblioteca\/<\/a><\/h6>\n\n\n\n<h6 class=\"wp-block-heading\">-Universidad de Salta. Facultad Ciencias de la Salud <a href=\"http:\/\/fsalud.unsa.edu.ar\/salud\/\">http:\/\/fsalud.unsa.edu.ar\/salud\/<\/a><\/h6>\n\n\n\n<h6 class=\"wp-block-heading\">-Universidad de San Luis. Biblioteca <a rel=\"noreferrer noopener\" href=\"http:\/\/biblioteca.unsl.edu.ar\/website\/baea\/baea-new.html\" target=\"_blank\">http:\/\/biblioteca.unsl.edu.ar\/website\/baea\/baea-new.html<\/a><\/h6>\n","protected":false},"excerpt":{"rendered":"<p>-Asociaci\u00f3n lucha contra el Mal de Alzheimer y alteraciones semejantes&nbsp;https:\/\/www.alma-alzheimer.org.ar\/es\/ -Asociaci\u00f3n Argentina de Psicomotricidad. AAP http:\/\/www.aapsicomotricidad.com.ar\/ -Asociaci\u00f3n de Estudio e Investigaci\u00f3n en Psicodiagn\u00f3stico.ADEIP http:\/\/www.adeip.org.ar\/ -Asociaci\u00f3n Escuela de Psicoan\u00e1lisis Sigmund Freud.&nbsp;http:\/\/www.epsfros.com.ar\/ -Asociaci\u00f3n Argentina de Psicolog\u00eda y Psicoterapia de grupo. AAPPG http:\/\/www.aappg.org\/ -Asociaci\u00f3n Argentina de Psiquiatras. AAP&nbsp;http:\/\/www.aap.org.ar\/ -Asociaci\u00f3n Argentina de Psiquiatr\u00eda y psicolog\u00eda de la Infancia y Adololescencia. ASAPPIA&nbsp;http:\/\/www.asappia.org\/ -Asociaci\u00f3n argentina de salud mental AASM&nbsp;https:\/\/aasm.org.ar\/es -Asociaci\u00f3n Argentina&hellip; <\/p>\n","protected":false},"author":1,"featured_media":0,"parent":0,"menu_order":0,"comment_status":"closed","ping_status":"closed","template":"","meta":{"footnotes":""},"class_list":["post-116","page","type-page","status-publish","hentry","clearfix"],"_links":{"self":[{"href":"https:\/\/bvs-psi.mdp.edu.ar\/index.php?rest_route=\/wp\/v2\/pages\/116","targetHints":{"allow":["GET"]}}],"collection":[{"href":"https:\/\/bvs-psi.mdp.edu.ar\/index.php?rest_route=\/wp\/v2\/pages"}],"about":[{"href":"https:\/\/bvs-psi.mdp.edu.ar\/index.php?rest_route=\/wp\/v2\/types\/page"}],"author":[{"embeddable":true,"href":"https:\/\/bvs-psi.mdp.edu.ar\/index.php?rest_route=\/wp\/v2\/users\/1"}],"replies":[{"embeddable":true,"href":"https:\/\/bvs-psi.mdp.edu.ar\/index.php?rest_route=%2Fwp%2Fv2%2Fcomments&post=116"}],"version-history":[{"count":16,"href":"https:\/\/bvs-psi.mdp.edu.ar\/index.php?rest_route=\/wp\/v2\/pages\/116\/revisions"}],"predecessor-version":[{"id":2150,"href":"https:\/\/bvs-psi.mdp.edu.ar\/index.php?rest_route=\/wp\/v2\/pages\/116\/revisions\/2150"}],"wp:attachment":[{"href":"https:\/\/bvs-psi.mdp.edu.ar\/index.php?rest_route=%2Fwp%2Fv2%2Fmedia&parent=116"}],"curies":[{"name":"wp","href":"https:\/\/api.w.org\/{rel}","templated":true}]}}