{"id":87,"date":"2023-10-24T11:52:37","date_gmt":"2023-10-24T14:52:37","guid":{"rendered":"https:\/\/bvs-psi2.mdp.edu.ar\/?page_id=87"},"modified":"2026-04-13T19:52:54","modified_gmt":"2026-04-13T22:52:54","slug":"eventos-en-psicologia","status":"publish","type":"page","link":"https:\/\/bvs-psi.mdp.edu.ar\/?page_id=87","title":{"rendered":"Eventos en Psicolog\u00eda"},"content":{"rendered":"\n<h2 class=\"wp-block-heading\">Eventos a\u00f1o 2026<\/h2>\n\n\n\n<h5 class=\"wp-block-heading\">ABRIL<\/h5>\n\n\n\n<p><strong>&#8211; Mesa de Trabajo: \u00abLey de Educaci\u00f3n Penal N\u00b0 6.924 de CABA\u00bb<\/strong><\/p>\n\n\n\n<p>Martes 21 de abril de 2026<\/p>\n\n\n\n<p>Organiza: Facultad de Psicolog\u00eda &#8211; UCES (Universidad de Ciencias Empresariales y Sociales)<\/p>\n\n\n\n<p>Coordina: Francisco Bauz\u00e1 &#8211; Actividad Presencial e H\u00edbrida &#8211; Gratuita <\/p>\n\n\n\n<p>M\u00e1s informaci\u00f3n: <a href=\"https:\/\/drive.google.com\/file\/d\/1yTcO0lN_82GmzJq1BXQKQEB0B4M7eHSr\/view?usp=drive_link\" data-type=\"link\" data-id=\"https:\/\/drive.google.com\/file\/d\/1yTcO0lN_82GmzJq1BXQKQEB0B4M7eHSr\/view?usp=drive_link\">https:\/\/drive.google.com\/file\/d\/1yTcO0lN_82GmzJq1BXQKQEB0B4M7eHSr\/view?usp=drive_link<\/a><\/p>\n\n\n\n<h5 class=\"wp-block-heading\">MAYO<\/h5>\n\n\n\n<p><strong>&#8211; Webinar: \u00abCientificidad de las T\u00e9cnicas Proyectivas\u00bb<\/strong><\/p>\n\n\n\n<p>16 de Mayo de 2026 <\/p>\n\n\n\n<p>Organiza: Asociaci\u00f3n Latinoamericana de Rorschach<\/p>\n\n\n\n<p>Actividad Gratuita &#8211; Cupo Limitado<\/p>\n\n\n\n<p>Incrispci\u00f3n: alar.rorschach@gmail.com<\/p>\n\n\n\n<p>M\u00e1s informaci\u00f3n: <a href=\"https:\/\/drive.google.com\/file\/d\/19wRhPTlXXCvvcStI-s6PPw_VxuedENG7\/view?usp=sharing\" data-type=\"link\" data-id=\"https:\/\/drive.google.com\/file\/d\/19wRhPTlXXCvvcStI-s6PPw_VxuedENG7\/view?usp=sharing\">https:\/\/drive.google.com\/file\/d\/19wRhPTlXXCvvcStI-s6PPw_VxuedENG7\/view?usp=sharing<\/a><\/p>\n\n\n\n<h2 class=\"wp-block-heading\">Eventos a\u00f1o 2025<\/h2>\n\n\n\n<h5 class=\"wp-block-heading\"><strong>ABRIL<\/strong><\/h5>\n\n\n\n<p><strong>&#8211; XXXVIII Congreso Argentino de Psiquiatr\u00eda y Salud Mental<\/strong> <strong>&#8211; PSICOSIS<\/strong><\/p>\n\n\n\n<p>23 al 26 de Abril de 2025 &#8211; Mar del Plata<\/p>\n\n\n\n<p>Web: <a href=\"https:\/\/apsa2025.com.ar\/\">https:\/\/apsa2025.com.ar\/<\/a><\/p>\n\n\n\n<p>Organiza: <em>APSA (Asociaci\u00f3n de Psiquiatr\u00eda de Argentina)<\/em><\/p>\n\n\n\n<h5 class=\"wp-block-heading\">MAYO<\/h5>\n\n\n\n<p><strong>&#8211; XIX Congreso Argentino de Orientaci\u00f3n. \u00abLa Orientaci\u00f3n en Clave de \u00c9poca\u00bb Experiencias, interrogantes y perspectivas<\/strong><\/p>\n\n\n\n<p>Organiza: <\/p>\n\n\n\n<ul class=\"wp-block-list\">\n<li>APORA (Asociaci\u00f3n de Profesionales de la Orientaci\u00f3n de la Rep\u00fablica Argentina<\/li>\n\n\n\n<li>Especializaci\u00f3n en Orientaci\u00f3n Vocacional y Educativa (UNTREF)<\/li>\n\n\n\n<li>Direcci\u00f3n de Posgrados UNTREF<\/li>\n<\/ul>\n\n\n\n<p>15 al 17 de mayo de 2025. Universidad Nacional de Tres de Febrero (Sede Rectorado Centro y Sede Posgrados)<\/p>\n\n\n\n<p>Modalidad presencial y virtual<\/p>\n\n\n\n<p>Contacto: XXCongresoapora@untref.edu.ar<\/p>\n\n\n\n<p>M\u00e1s informaci\u00f3n: <a href=\"https:\/\/w1.apora.org.ar\/proximos-eventos\/xx-congreso-nacional-de-orientacion\/\" data-type=\"link\" data-id=\"https:\/\/w1.apora.org.ar\/proximos-eventos\/xx-congreso-nacional-de-orientacion\/\">https:\/\/w1.apora.org.ar\/proximos-eventos\/xx-congreso-nacional-de-orientacion\/<\/a><\/p>\n\n\n\n<h5 class=\"wp-block-heading\">MAYO<\/h5>\n\n\n\n<p><strong>&#8211; JORNADAS. \u00abTemas de Psicofarmacolog\u00eda Cl\u00ednica en la Era Digital\u00bb<\/strong><\/p>\n\n\n\n<p>S\u00e1bado 24 de Mayo de 2025 &#8211; 8.30 a 17hs &#8211; Sede Hip\u00f3lito Yrigoyen 3242 (Aula 14) &#8211; Facultad de Psicolog\u00eda. Universidad de Buenos Aires &#8211; CABA &#8211; Argentina<\/p>\n\n\n\n<p>Actividad no arancelada<\/p>\n\n\n\n<p>M\u00e1s informaci\u00f3n: <a href=\"https:\/\/www.psi.uba.ar\/extension.php?var=jornadas\/psicofarmacologia_clinica\/index.php&amp;id=4218\" data-type=\"link\" data-id=\"https:\/\/www.psi.uba.ar\/extension.php?var=jornadas\/psicofarmacologia_clinica\/index.php&amp;id=4218\">https:\/\/www.psi.uba.ar\/extension.php?var=jornadas\/psicofarmacologia_clinica\/index.php&amp;id=4218<\/a><\/p>\n\n\n\n<h5 class=\"wp-block-heading\">JUNIO<\/h5>\n\n\n\n<p><strong>&#8211; XIX Congreso Latinoamericano de Rorschach y otras T\u00e9cnicas Proyectivas<\/strong> <strong>y II Congreso Chileno de Psicodiagn\u00f3stico<\/strong>. <strong>\u00abEstrechando lazos en la diversidad\u00bb<\/strong><\/p>\n\n\n\n<p>23 al 26 de julio de 2025, Santiago de Chile. Universidad San Sebasti\u00e1n &#8211; Providencia<\/p>\n\n\n\n<p>Inscripci\u00f3n temprana y presentaci\u00f3n de trabajos : 5 de marzo de 2025<\/p>\n\n\n\n<p>Dirigido a profesionales y estudiantes de Latinoam\u00e9rica<\/p>\n\n\n\n<p>Inscripci\u00f3n enviando un mail a:&nbsp;<a rel=\"noreferrer noopener\" href=\"mailto:info.congresoalar2025@gmail.com\" target=\"_blank\">info.congresoalar2025@gmail.com<\/a><br>M\u00e1s informaci\u00f3n en:&nbsp;<a rel=\"noreferrer noopener\" href=\"http:\/\/www.congresoalar2025.cl\/inscripcion\" target=\"_blank\">www.congresoalar2025.cl\/inscripcion<\/a><\/p>\n\n\n\n<h5 class=\"wp-block-heading\">JUNIO<\/h5>\n\n\n\n<p><strong>&#8211; Estreno del documental \u00abEntrelazos. El Tejido de la Psicolog\u00eda en el Sur\u00bb. Primer registro audiovisual del origen e historia del ejercicio profesional de la psicolog\u00eda en el conurbano sur de la Provincia de Buenos Aires.&nbsp;<\/strong><\/p>\n\n\n\n<p>Actividad abierta y gratuita<\/p>\n\n\n\n<p>Fecha y hora: Mi\u00e9rcoles 25 de junio \u2013 18:00 hs<\/p>\n\n\n\n<p>Lugar: Teatro Municipal, Av. Mitre 721 &#8211; Quilmes<\/p>\n\n\n\n<p>Instituci\u00f3n organizadora: Colegio de Psic\u00f3logos de la Provincia de Buenos Aires. Distrito XII &#8211; Quilmes<\/p>\n\n\n\n<p>Sitio Web (para m\u00e1s informaci\u00f3n):&nbsp;<a href=\"https:\/\/psicologosquilmes.org.ar\/\" target=\"_blank\" rel=\"noreferrer noopener\">https:\/\/psicologosquilmes.org.ar\/<\/a><\/p>\n\n\n\n<h5 class=\"wp-block-heading\">JULIO<\/h5>\n\n\n\n<p>&#8211; <strong>Conversatorio | Di\u00e1logos en Red: <\/strong>Estrategias Comunitarias para el Abordaje de los Consumos Problem\u00e1ticos<\/p>\n\n\n\n<p>Actividad abierta y gratuita.<\/p>\n\n\n\n<p><strong>Disertantes:<\/strong>&nbsp;<\/p>\n\n\n\n<p><img decoding=\"async\" alt=\"\u25aa\" src=\"https:\/\/fonts.gstatic.com\/s\/e\/notoemoji\/16.0\/25aa\/32.png\">\ufe0e Cecilia Bonillo. Lic en Psicolog\u00eda, Especialista en Psicolog\u00eda cl\u00ednica, Docente superior universitaria e Investigadora.<\/p>\n\n\n\n<p>\u00abDesaf\u00edos en el primer nivel de atenci\u00f3n: Mirada cl\u00ednica, sensibilizaci\u00f3n de redes territoriales y diagn\u00f3stico comunitario\u00bb&nbsp;&nbsp;<\/p>\n\n\n\n<p><img decoding=\"async\" alt=\"\u25aa\" src=\"https:\/\/fonts.gstatic.com\/s\/e\/notoemoji\/16.0\/25aa\/32.png\">\ufe0e Espacio de Primera Escucha y acompa\u00f1amiento SEDRONAR CNCT Florencio Varela<\/p>\n\n\n\n<p>&#8211; Franco Sanza, Lic en Psicolog\u00eda&nbsp;&nbsp;<\/p>\n\n\n\n<p>&#8211; Daniela Vaicikauskas, Lic en Trabajo Social &#8211; Claudia Rocha, Lic en Trabajo Social&nbsp; \u00abAbordajes Comunitarios de los Consumos problem\u00e1ticos en \u00c1mbitos Laborales\u00bb<\/p>\n\n\n\n<p><img decoding=\"async\" alt=\"\u25aa\" src=\"https:\/\/fonts.gstatic.com\/s\/e\/notoemoji\/16.0\/25aa\/32.png\">\ufe0e Marina Soledad Vera. Lic. en Psicolog\u00eda integrante del Equipo del Centro de Atenci\u00f3n en Salud Mental y Consumos problem\u00e1ticos de Berazategui.&nbsp;<\/p>\n\n\n\n<p>\u00abConsumos y adolescencia\u00bb<\/p>\n\n\n\n<p><img decoding=\"async\" alt=\"\u25aa\" src=\"https:\/\/fonts.gstatic.com\/s\/e\/notoemoji\/16.0\/25aa\/32.png\">\ufe0e Equipo Interdisciplinario CEVARESO.&nbsp;<\/p>\n\n\n\n<p>&#8211; Natalia Anfuso. Operadora socio terap\u00e9utica y Coordinadora del Dispositivo&nbsp;<\/p>\n\n\n\n<p>\u00abDispositivos de abordaje territorial ambulatorio, y estrategias comunitarias para la articulaci\u00f3n intersectorial con equipos de obstetricia del 1er y 2do nivel de atenci\u00f3n sanitaria. Consumos problem\u00e1ticos en j\u00f3venes embarazadas y el puerperas\u00bb.<\/p>\n\n\n\n<p>Fecha y hora: <strong>S\u00e1bado 5 de julio \u2013 09:30 hs<\/strong><\/p>\n\n\n\n<p>Lugar: Colegio Alem\u00e1n, Sarmiento 679, Quilmes<\/p>\n\n\n\n<p>Instituci\u00f3n organizadora: Colegio de Psic\u00f3logos de la Provincia de Buenos Aires. Distrito XII &#8211; Quilmes<\/p>\n\n\n\n<p>Comisi\u00f3n organizadora:&nbsp; Secretar\u00eda Cient\u00edfica y Comisi\u00f3n Salud y Consumos Problem\u00e1ticos.<\/p>\n\n\n\n<p><strong>Modalidad presencial&nbsp;<\/strong><\/p>\n\n\n\n<p>Actividad no arancelada con inscripci\u00f3n previa. Para inscribirse:&nbsp;<a href=\"mailto:secretariageneral@psicologosquilmes.org.ar\" target=\"_blank\" rel=\"noreferrer noopener\">secretariageneral@psicologosquilmes.org.ar<\/a><\/p>\n\n\n\n<p>Coordinadora: Lic. Soledad Marcone<\/p>\n\n\n\n<p>Responsable: Lic. Victoria Patrito. Integrantes: Lic. Juliana Rossini y Lic. Marina Luz Garc\u00eda<\/p>\n\n\n\n<p>Sitio Web (para m\u00e1s informaci\u00f3n):&nbsp;<a rel=\"noreferrer noopener\" href=\"https:\/\/psicologosquilmes.org.ar\/\" target=\"_blank\">https:\/\/psicologosquilmes.org.ar\/<\/a><\/p>\n\n\n\n<hr class=\"wp-block-separator has-alpha-channel-opacity\"\/>\n\n\n\n<p><strong>&#8211; XXI Jornadas Internacionales de Investigaci\u00f3n en Psicolog\u00eda UCES 2025 y XXIII Jornadas Internacionales de Actual\u00f1izaci\u00f3n del Algoritmo David Liberman<\/strong><\/p>\n\n\n\n<p>S\u00e1bado 19 de Julio de 2025 &#8211; 9h a 15h. Auditorio UCES: Paraguay 1239, 1\u00ba Piso &#8211; CABA &#8211; Argentina<\/p>\n\n\n\n<p>Actividad No Arancelada &#8211; Formato H\u00edbrido (Presencial y Virtual)<\/p>\n\n\n\n<p>Fecha l\u00edmite para presentar res\u00famenes: 07 de Junio de 2025<\/p>\n\n\n\n<p>Link de inscripci\u00f3n: <a href=\"https:\/\/www.uces.edu.ar\/jornadas\/posgrado\">https:\/\/www.uces.edu.ar\/jornadas\/posgrado<\/a><\/p>\n\n\n\n<p>M\u00e1s informaci\u00f3n: <a href=\"https:\/\/drive.google.com\/file\/d\/1CYy7Des6lK6n-w6bcognbNR0O2i_Tfkl\/view?usp=drive_link\" data-type=\"link\" data-id=\"https:\/\/drive.google.com\/file\/d\/1CYy7Des6lK6n-w6bcognbNR0O2i_Tfkl\/view?usp=drive_link\">https:\/\/drive.google.com\/file\/d\/1CYy7Des6lK6n-w6bcognbNR0O2i_Tfkl\/view?usp=drive_link<\/a><\/p>\n\n\n\n<h5 class=\"wp-block-heading\">AGOSTO<\/h5>\n\n\n\n<p><strong>&#8211; Workshop: \u00abEl rostro oculto de la depresi\u00f3n\u00bb<\/strong><\/p>\n\n\n\n<p>Lunes 11 de agosto &#8211; 18.45h<\/p>\n\n\n\n<p>Actividad no arancelada &#8211; Con Inscripci\u00f3n previa.<\/p>\n\n\n\n<p>Organiza: Facultad de Psicolog\u00eda y Cs. Empresariales (UCES)<\/p>\n\n\n\n<p>Inscripci\u00f3n en el siguiente enlace: <a href=\"https:\/\/www.uces.edu.ar\/actividades-institucionales\" data-type=\"link\" data-id=\"https:\/\/www.uces.edu.ar\/actividades-institucionales\">https:\/\/www.uces.edu.ar\/actividades-institucionales<\/a><\/p>\n\n\n\n<h5 class=\"wp-block-heading\">AGOSTO<\/h5>\n\n\n\n<p><strong>&#8211; XVIII Congreso Argentino de Salud Mental<\/strong>. \u00ab<strong>Cuerpo y subjetividades en contextos de riesgo\u00bb<\/strong><\/p>\n\n\n\n<p>27 al 29 de Agosto de 2025 &#8211; CABA (Argentina)<\/p>\n\n\n\n<p>Fecha l\u00edmite para env\u00edo de abstract: 1 de Junio<\/p>\n\n\n\n<p>Fecha l\u00edmite para env\u00edo de posters: 27 de junio<\/p>\n\n\n\n<p>Organiza: Asociaci\u00f3n Argentina de Salud Mental (AASM)<\/p>\n\n\n\n<p>M\u00e1s informaci\u00f3n: <a href=\"https:\/\/aasm2025.com\/es\" data-type=\"link\" data-id=\"https:\/\/aasm2025.com\/es\">https:\/\/aasm2025.com\/es<\/a><\/p>\n\n\n\n<h5 class=\"wp-block-heading\">SEPTIEMBRE<\/h5>\n\n\n\n<p><strong>&#8211; Mesa Redonda: \u00abMasculinidades y Salud Mental\u00bb<\/strong><\/p>\n\n\n\n<p>3 de septiembre de 2025 &#8211; Actividad online (Plataforma de Zoom)<\/p>\n\n\n\n<p>Organiza: Facultad de Psicolog\u00eda y Cs. Sociales (UCES)<\/p>\n\n\n\n<p>Actividad no arancelada &#8211; Con Inscripci\u00f3n previa.<\/p>\n\n\n\n<p>Inscripci\u00f3n en el siguiente enlace: <a href=\"https:\/\/www.uces.edu.ar\/actividades-institucionales\" data-type=\"link\" data-id=\"https:\/\/www.uces.edu.ar\/actividades-institucionales\">https:\/\/www.uces.edu.ar\/actividades-institucionales<\/a><\/p>\n\n\n\n<p>Consultas: extension.psio.uces@gmail.com<\/p>\n\n\n\n<p>M\u00e1s informaci\u00f3n: <a href=\"https:\/\/drive.google.com\/file\/d\/1AsortLSdTaOQrtUm9Hz1JpO5cLy6PHl5\/view?usp=drive_link\" data-type=\"link\" data-id=\"https:\/\/drive.google.com\/file\/d\/1AsortLSdTaOQrtUm9Hz1JpO5cLy6PHl5\/view?usp=drive_link\">https:\/\/drive.google.com\/file\/d\/1AsortLSdTaOQrtUm9Hz1JpO5cLy6PHl5\/view?usp=drive_link<\/a><\/p>\n\n\n\n<h5 class=\"wp-block-heading\">OCTUBRE<\/h5>\n\n\n\n<p><strong>&#8211; XXVII Congreso Nacional de Psicodiagn\u00f3stico &#8211; XXXIV Jornadas Nacionales: \u00abAperturas en Evaluaci\u00f3n Psicol\u00f3gica y Psicodiagn\u00f3sticos\u00bb<\/strong><\/p>\n\n\n\n<p>3 y 4 de octubre de 2025, Universidad Abierta Interamericana (Av. San Juan 951) &#8211; CABA- Argentina<\/p>\n\n\n\n<p>Fecha l\u00edmite para entrega de res\u00famenes: 30 de Junio de 2025<\/p>\n\n\n\n<p>Informes e inscripci\u00f3n: congresoadeip2025@gmail.com<\/p>\n\n\n\n<p>M\u00e1s informaci\u00f3n: <a href=\"https:\/\/drive.google.com\/file\/d\/17BcbaQl0H_Qg917iMZRzSTZJeiFLlIVj\/view?usp=sharing\" data-type=\"link\" data-id=\"https:\/\/drive.google.com\/file\/d\/17BcbaQl0H_Qg917iMZRzSTZJeiFLlIVj\/view?usp=sharing\">https:\/\/drive.google.com\/file\/d\/17BcbaQl0H_Qg917iMZRzSTZJeiFLlIVj\/view?usp=sharing<\/a><\/p>\n\n\n\n<h5 class=\"wp-block-heading\">OCTUBRE<\/h5>\n\n\n\n<p><strong>&#8211; IX Congreso Internacional de Psicolog\u00eda de Tucum\u00e1n. \u00abLa Psicolog\u00eda en un Contexto de Incertidumbre: Desaf\u00edos y Oportunidades\u00bb<\/strong><\/p>\n\n\n\n<p>16 y 17 de octubre de 2025. Facultad de Psicolog\u00eda. Universidad Nacional de Tucum\u00e1n &#8211; Tucum\u00e1n &#8211; Argentina<\/p>\n\n\n\n<p>Fecha l\u00edmite para entrega de res\u00famenes: 06 de junio de 2025<\/p>\n\n\n\n<p>M\u00e1s informaci\u00f3n: <a href=\"http:\/\/www.congresopsituc.com\/\" data-type=\"link\" data-id=\"http:\/\/www.congresopsituc.com\/\">http:\/\/www.congresopsituc.com\/<\/a><\/p>\n\n\n\n<h5 class=\"wp-block-heading\">NOVIEMBRE<\/h5>\n\n\n\n<p><strong>&#8211; Conversatorio:  \u00abPantallas: La captura del Sujeto\u00bb <\/strong><\/p>\n\n\n\n<p>Viernes 7 de noviembre de 2025 &#8211; 18.30h &#8211; Actividad on-line y gratuita- UCES<\/p>\n\n\n\n<p>M\u00e1s informaci\u00f3n: <a href=\"https:\/\/drive.google.com\/file\/d\/1_uXpa-cmdIH0ZmnHSyfAnPRublrivRXG\/view?usp=drive_link\" data-type=\"link\" data-id=\"https:\/\/drive.google.com\/file\/d\/1_uXpa-cmdIH0ZmnHSyfAnPRublrivRXG\/view?usp=drive_link\" target=\"_blank\" rel=\"noreferrer noopener\">Enlace a flyer de difusi\u00f3n<\/a><\/p>\n\n\n\n<p>Inscripciones: <a href=\"https:\/\/www.uces.edu.ar\/actividades-institucionales\" data-type=\"link\" data-id=\"https:\/\/www.uces.edu.ar\/actividades-institucionales\" target=\"_blank\" rel=\"noreferrer noopener\">https:\/\/www.uces.edu.ar\/actividades-institucionales<\/a><\/p>\n\n\n\n<h5 class=\"wp-block-heading\">NOVIEMBRE<\/h5>\n\n\n\n<p><strong>&#8211; \u00abFragmentos de un an\u00e1lisis\u00bb. Ejercicios de escritura <\/strong><\/p>\n\n\n\n<p>Organiza: Comisi\u00f3n Quilmes y sus Psicoanalistas<\/p>\n\n\n\n<p>S\u00e1bado 15 de noviembre | 10 hs<\/p>\n\n\n\n<p>Colegio Alem\u00e1n de Quilmes \u2013 Garibaldi 392 (Actividad Presencial \/ No arancelada)<\/p>\n\n\n\n<p>Se entrega certificado de asistencia<\/p>\n\n\n\n<hr class=\"wp-block-separator has-alpha-channel-opacity\"\/>\n\n\n\n<h2 class=\"wp-block-heading\">Eventos a\u00f1o 2024<\/h2>\n\n\n\n<h5 class=\"wp-block-heading\"><strong>MAYO<\/strong><\/h5>\n\n\n\n<div class=\"wp-block-group\"><div class=\"wp-block-group__inner-container is-layout-constrained wp-block-group-is-layout-constrained\">\n<div class=\"wp-block-group\"><div class=\"wp-block-group__inner-container is-layout-constrained wp-block-group-is-layout-constrained\">\n<p>&#8211; <strong>Congreso Internacional de Psicolog\u00eda Social<\/strong><\/p>\n\n\n\n<p>15 al 18 de Mayo de 2024<\/p>\n\n\n\n<p>Web: <a href=\"https:\/\/congresoips.kennedy.edu.ar\/\">https:\/\/congresoips.kennedy.edu.ar\/<\/a><\/p>\n\n\n\n<p>Organiza: <em>Universidad Kennedy (Argentina)<\/em><\/p>\n<\/div><\/div>\n<\/div><\/div>\n\n\n\n<h5 class=\"wp-block-heading\"><strong>JULIO<\/strong><\/h5>\n\n\n\n<p>&#8211; <strong>XX Jornadas Internacionales de Investigaci\u00f3n en Psicolog\u00eda UCES 2024 &#8211; XXII Jornadas INternacionales de Actualizaci\u00f3n del Algoritmo David Liberman.<\/strong><\/p>\n\n\n\n<p><em>Investigaciones Actuales desde la Perspectiva de la Salud Mental, la Cl\u00ednica y el G\u00e9nero.<\/em><\/p>\n\n\n\n<p>S\u00e1bado 20 de julio de 2024, de 9 a 17 hs. Auditorio UCES: Paraguay 1239, 1er. Piso.<\/p>\n\n\n\n<p>Actividad No Arancelada<\/p>\n\n\n\n<p><strong>Inscripci\u00f3n:<\/strong> <a rel=\"noreferrer noopener\" href=\"https:\/\/www.uces.edu.ar\/jornadas\/posgrado\" target=\"_blank\">https:\/\/www.uces.edu.ar\/jornadas\/posgrado<\/a><\/p>\n\n\n\n<h5 class=\"wp-block-heading\"><strong>AGOSTO<\/strong><\/h5>\n\n\n\n<p><strong>&#8211;<\/strong> <strong> <strong>XXVI Congre<\/strong>so Argentino de Neuropsiquiatr\u00eda y<\/strong> <strong>Neurociencia Cognitiva <\/strong><\/p>\n\n\n\n<p>27 y 28 de Agosto de 2024<\/p>\n\n\n\n<p>Web: <a href=\"https:\/\/congresoana.org\/\">https:\/\/congresoana.org\/<\/a><\/p>\n\n\n\n<p>Organiza: <em>Asociaci\u00f3n Neuropsiqui\u00e1trica Argentina<\/em><\/p>\n\n\n\n<p><strong>&#8211;<\/strong> <strong> <strong>XX Congreso Nacional de Psicolog\u00eda Forense \/\/ XXXIV Jornadas nacionales de Psicolog\u00eda Forense \/\/ XXXIII Jornadas de A.P.F.R.A.  <\/strong><\/strong><\/p>\n\n\n\n<p>29 y 30 de Agosto de 2024<\/p>\n\n\n\n<p>Web: <a href=\"https:\/\/apfra.org\/congreso-2024-apfra\/\">https:\/\/apfra.org\/congreso-2024-apfra\/<\/a><\/p>\n\n\n\n<p>Organiza: <em>Asociaci\u00f3n de Psic\u00f3logos Forenses de la Rep\u00fablica Argentina<\/em><\/p>\n\n\n\n<h5 class=\"wp-block-heading\"><strong>SEPTIEMBRE<\/strong><\/h5>\n\n\n\n<p><strong>&#8211;<\/strong> <strong> <strong>XVII Congreso Argentino de Salud Mental <\/strong><\/strong><strong><strong> <\/strong><\/strong><\/p>\n\n\n\n<p>4 al 6 se Septiembre de 2024.<\/p>\n\n\n\n<p>Web: <a href=\"https:\/\/aasm2024.com\/es\">https:\/\/aasm2024.com\/es<\/a><\/p>\n\n\n\n<p>Organiza: <em>Asociaci\u00f3n Argentina de Salud Mental (AASM)<\/em><\/p>\n\n\n\n<p><strong>&#8211;<\/strong> <strong> <strong>Conversatorio: \u00abNarcisismo: Vicisitudes Cl\u00ednicas\u00bb (Actividad de Extensi\u00f3n)<\/strong><\/strong><\/p>\n\n\n\n<p>Jueves 26 de septiembre de 2024 &#8211; 18.30h <\/p>\n\n\n\n<p>Actividad v\u00eda Zoom. No arancelada. Consultas: extension.psico.uces@gmail.com <\/p>\n\n\n\n<p>Se requiere inscripci\u00f3n previa en: <a href=\"https:\/\/www.uces.edu.ar\/actividades-institucionales\">https:\/\/www.uces.edu.ar\/actividades-institucionales<\/a> <\/p>\n\n\n\n<p>Organiza: <em>Universidad de Ciencias Empresariales y Sociales<\/em>&nbsp;<\/p>\n\n\n\n<p><strong>&#8211;<\/strong> <strong> <strong>Reuni\u00f3n Latinoamericana de Psicoan\u00e1lisis de Mar del Plata<\/strong><\/strong><\/p>\n\n\n\n<p>25 al 28 de septiembre de 2024<\/p>\n\n\n\n<p>Web: <a href=\"https:\/\/lalacanomardelplata.com\/\">https:\/\/lalacanomardelplata.com\/<\/a><\/p>\n\n\n\n<p>Instituciones anfitrionas: <em>Escuela Freudiana de Mar del Plata<\/em>,&nbsp;<em>Convocatoria al Psicoan\u00e1lisis<\/em>&nbsp;y&nbsp;<em>Cl\u00ednica del Cartel<\/em>&nbsp;<\/p>\n\n\n\n<h5 class=\"wp-block-heading\"><strong>OCTUBRE<\/strong><\/h5>\n\n\n\n<p><strong>&#8211;<\/strong> <strong> <strong>1\u00ba Jornadas del Hospital Escuela: \u00abNuevos desaf\u00edos en salud mental. Formaci\u00f3n y pr\u00e1cticas cl\u00ednicas actuales<\/strong><\/strong>\u00ab<\/p>\n\n\n\n<p>18 y 19 de Octubre de 2024 (Tucum\u00e1n &#8211; Argentina)<\/p>\n\n\n\n<p>Web: <a href=\"https:\/\/www.psicologia.unt.edu.ar\/i-jornada-del-hospital-escuela-nuevos-desafios-en-salud-mental-formacion-y-practicas-clinicas-actuales\/\" data-type=\"link\" data-id=\"https:\/\/www.psicologia.unt.edu.ar\/i-jornada-del-hospital-escuela-nuevos-desafios-en-salud-mental-formacion-y-practicas-clinicas-actuales\/\">Jornadas Hospital Escuela<\/a><\/p>\n\n\n\n<p>Organiza: Secretar\u00eda de Extensi\u00f3n &#8211; Hospital Escuela &#8211; Facultad de Psicolog\u00eda (UNT-Argentina)<br>Actividad no arancelada &#8211; Requiere inscripci\u00f3n previa<\/p>\n\n\n\n<p><strong>&#8211;<\/strong> <strong> <strong>XXXIII Jornadas anuales de la Asociaci\u00f3n Argentina de Terapia Cognitiva<\/strong><\/strong><\/p>\n\n\n\n<p>29 de Octubre de 2024 (Universidad de Belgrano &#8211; CABA &#8211; Argentina)<\/p>\n\n\n\n<p>Web de la AATC: <a href=\"https:\/\/aatc.org.ar\/\" data-type=\"link\" data-id=\"https:\/\/aatc.org.ar\/\" target=\"_blank\" rel=\"noreferrer noopener\">Sitio web<\/a><\/p>\n\n\n\n<p>M\u00e1s informaci\u00f3n en Instagram: <a rel=\"noreferrer noopener\" href=\"https:\/\/www.instagram.com\/aatc_argentina\/?hl=es-la\" data-type=\"link\" data-id=\"https:\/\/www.instagram.com\/aatc_argentina\/?hl=es-la\" target=\"_blank\">AATC Argentina en Instagram<\/a><br><br>M\u00e1s informaci\u00f3n en Facebook: <a rel=\"noreferrer noopener\" href=\"https:\/\/www.facebook.com\/AsociacionTC?locale=es_LA\" data-type=\"link\" data-id=\"https:\/\/www.facebook.com\/AsociacionTC?locale=es_LA\" target=\"_blank\">AATC en Facebook<\/a><\/p>\n\n\n\n<p>Enlace para inscripci\u00f3n: <a href=\"https:\/\/docs.google.com\/forms\/d\/e\/1FAIpQLSfo0rRP4Y_YijkazZLVI-z_51W2lmh8ULNgGRnMQZ9kjjAfog\/viewform\" data-type=\"link\" data-id=\"https:\/\/www.psicologia.unt.edu.ar\/i-jornada-del-hospital-escuela-nuevos-desafios-en-salud-mental-formacion-y-practicas-clinicas-actuales\/\" target=\"_blank\" rel=\"noreferrer noopener\">Formulario de inscripci\u00f3n<\/a><\/p>\n\n\n\n<p>Organiza: Asociaci\u00f3n Argentina de Terapia Cognitiva &#8211; Requiere inscripci\u00f3n previa<\/p>\n\n\n\n<h5 class=\"wp-block-heading\"><strong>NOVIEMBRE<\/strong><\/h5>\n\n\n\n<p><strong>&#8211;<\/strong> <strong> <strong>Seminario ULAPSI 2024: \u00abIntegraci\u00f3n de la psicolog\u00eda latinoamericana: defensa y fortalecimiento de los derechos de los pueblos<\/strong><\/strong>\u00ab<\/p>\n\n\n\n<p>7, 8 y 9 de Noviembre de 2024 (Mendoza &#8211; Argentina)<\/p>\n\n\n\n<p>Web: <a href=\"https:\/\/seminarioulapsi2024.com\/\">https:\/\/seminarioulapsi2024.com\/<\/a><\/p>\n\n\n\n<p>Organiza: Uni\u00f3n Latinoamericana de Entidades de Psicolog\u00eda (ULAPSI)<\/p>\n\n\n\n<p><strong>&#8211;<\/strong> <strong> <strong>VIII Encuentro Nacional de Psicolog\u00eda Comunitaria <\/strong><\/strong><\/p>\n\n\n\n<p>14 al 16 de noviembre de 2024<\/p>\n\n\n\n<p>Web: <a href=\"https:\/\/www.aacademica.org\/viii.encuentro.nacional.de.psicologia.comunitaria\">https:\/\/www.aacademica.org\/viii.encuentro.nacional.de.psicologia.comunitaria<\/a><\/p>\n\n\n\n<p>Organiza: <em>Universidad Salesiana &#8211; Instituto Juan XXIII<\/em> <em>(Bah\u00eda Blanca, Argentina)<\/em><\/p>\n\n\n\n<p><strong>&#8211;<\/strong> <strong> <strong>XX Congreso Argentino de <strong>Acompa\u00f1amiento Terap\u00e9utico y XIV Congreso Iberoamericano 2024<\/strong>&nbsp;bajo el lema&nbsp;<strong><em>\u201cConstruyendo Acompa\u00f1amiento Terap\u00e9utico: hacia una pr\u00e1ctica&nbsp;colectiva<\/em>\u00ab.<\/strong><\/strong><\/strong><\/p>\n\n\n\n<p>15 y 16 de Noviembre de 2024 (Buenos Aires, Argentina)<\/p>\n\n\n\n<p>Web: <a href=\"https:\/\/www.aatra.org.ar\/congreso\/\">https:\/\/www.aatra.org.ar\/congreso\/<\/a><\/p>\n\n\n\n<p>Organiza: Asociaci\u00f3n de Acompa\u00f1antes Terap\u00e9uticos de Argentina (AATRA)<\/p>\n\n\n\n<p><strong>&#8211;<\/strong> <strong> <strong>XVI Congreso Internacional de Investigaci\u00f3n y Pr\u00e1ctica Profesional en Psicolog\u00eda<\/strong><\/strong> \/\/ <strong><strong>XXXI Jornadas de Investigaci\u00f3n, <\/strong><\/strong>\/\/ <strong><strong>XX Encuentro de Investigadores del MERCOSUR \/\/ VI Encuentro de Investigaci\u00f3n de Terapia Ocupacional y \/\/ VI Encuentro de Musicoterapia<\/strong><\/strong><\/p>\n\n\n\n<p>27, 28 y 29 de Noviembre de 2024.<\/p>\n\n\n\n<p>Web: <a href=\"http:\/\/ji.psi.uba.ar\/xxxi\/esp\/index.php?var=inicio.php\">http:\/\/ji.psi.uba.ar\/xxxi\/esp\/index.php?var=inicio.php<\/a><\/p>\n\n\n\n<p>Organiza: <em>Facultad de Psicolog\u00eda &#8211; Universidad de Buenos Aires (Argentina)<\/em><\/p>\n\n\n\n<h5 class=\"wp-block-heading\"><strong>DICIEMBRE<\/strong><\/h5>\n\n\n\n<p><strong>&#8211;<\/strong> <strong>X Congreso Marplatense Internacional de Psicolog\u00eda<\/strong><\/p>\n\n\n\n<p>4, 5 y 6 de Diciembre de 2024.<\/p>\n\n\n\n<p>Web:&nbsp;<a href=\"https:\/\/congresopsico.mdp.edu.ar\/2024\/index_publico.php\" target=\"_blank\" rel=\"noreferrer noopener\">https:\/\/congresopsico.mdp.edu.ar\/2024\/index_publico.php<\/a><\/p>\n\n\n\n<p>Pre-Inscripci\u00f3n:&nbsp;<a href=\"https:\/\/congresopsico.mdp.edu.ar\/2024\/inscripcion.php\" target=\"_blank\" rel=\"noreferrer noopener\"><strong>Aqu\u00ed<\/strong><\/a><\/p>\n\n\n\n<p>Cronograma Tentativo:&nbsp;<strong><a href=\"https:\/\/congresopsico.mdp.edu.ar\/2024\/cronograma.php\" target=\"_blank\" rel=\"noreferrer noopener\">Aqui<\/a><\/strong><\/p>\n\n\n\n<p>Informes:&nbsp;<a href=\"mailto:info.congresopsico@mdp.edu.ar\" target=\"_blank\" rel=\"noreferrer noopener\">info.congresopsico@mdp.edu.ar<\/a><\/p>\n\n\n\n<p>Tel\u00e9fono: +54 223 475-2526<\/p>\n\n\n\n<hr class=\"wp-block-separator has-alpha-channel-opacity\"\/>\n\n\n\n<h3 class=\"wp-block-heading\"><strong>2023<\/strong><\/h3>\n\n\n\n<h5 class=\"wp-block-heading\"><strong>OCTUBRE<\/strong><\/h5>\n\n\n\n<p><strong>&#8211; VIII Congreso Internacional de Psicolog\u00eda del Tucum\u00e1n<br><\/strong>5, 6 y 7 de Octubre de 2023.<br>Actividad presencial. Conferencia inaugural trasmitida v\u00eda streaming.<br>Organiza: Facultad de Psicolog\u00eda. Universidad Nacional de Tucum\u00e1n.<br>Web: <a href=\"http:\/\/www.congresopsituc.com\/\">congresopsituc.com\/<\/a><br>Inscripci\u00f3n: <a href=\"http:\/\/www.congresopsituc.com\/aranceles.php\">aqu\u00ed<\/a>.<br>Informes: <a href=\"mailto:viiicongreso@psicologia.unt.edu.ar\">viiicongreso@psicologia.unt.edu.ar<\/a><br>Tel\u00e9fono: +54 9 381 2233142<\/p>\n\n\n\n<p><strong>&#8211; Taller: <em>Virtualidad y autenticidad<\/em><br><\/strong>Actividad presencial. Sin inscripci\u00f3n previa.<br>Organiza: Universidad de Ciencias Empresariales y Sociales. Facultad de Psicolog\u00eda y Ciencias Sociales.<br>Viernes 20 de Octubre de 2023, 19:00 hs.<br>A realizarse en: Sede de Paran\u00e1 817, aula 201.<br>Coordinan: Alejandro Massri y Luciano Mascar\u00f3 (docentes de la materia Metaf\u00edsica).<\/p>\n\n\n\n<p><strong>&#8211; VII Jornadas Interdisciplinarias en Primera Infancia: <em>El Juego y el uso temprano de pantallas. Su impacto en el desarrollo en la primera infancia<\/em><\/strong><br>Actividad presencial.<br>Martes 24 de octubre de 2023, 18:30hs.<br>Organiza: Facultad de Psicolog\u00eda y Psicopedagog\u00eda USAL.<br>Informes: <a rel=\"noreferrer noopener\" href=\"mailto:uds-psiext@usal.edu.ar\" target=\"_blank\">uds-psiext@usal.edu.ar<\/a><\/p>\n\n\n\n<p><strong>&#8211; Nuevos desaf\u00edos en Bio\u00e9tica y Psicoan\u00e1lisis<\/strong><br>Actividad h\u00edbrida (virtual y presencial).<br>Viernes 27 de octubre de 2023, 18:15hs.<br>Organiza: Facultad de Psicolog\u00eda y Psicopedagog\u00eda USAL.<br>Informes: <a rel=\"noreferrer noopener\" href=\"mailto:uds-psiext@usal.edu.ar\" target=\"_blank\">uds-psiext@usal.edu.ar<\/a><\/p>\n\n\n\n<h5 class=\"wp-block-heading\"><strong>NOVIEMBRE<\/strong><\/h5>\n\n\n\n<p><strong>&#8211; Posibles destinos del Amor en la actualidad<\/strong><br>Actividad presencial.<br>Mi\u00e9rcoles 1 de noviembre de 2023, 18:30hs.<br>Organiza: Facultad de Psicolog\u00eda y Psicopedagog\u00eda USAL.<br>Informes: <a rel=\"noreferrer noopener\" href=\"mailto:uds-psiext@usal.edu.ar\" target=\"_blank\">uds-psiext@usal.edu.ar<\/a><\/p>\n\n\n\n<p><strong>&#8211; Jornada de Encuentros y Miradas: Miradas que buscan nuevos rumbos, nuevos contextos, nuevos escenarios y pr\u00e1cticas psicopedag\u00f3gicas<\/strong><br>Actividad presencial.<br>Mi\u00e9rcoles 1 de noviembre de 2023, de 14:00 a 19:00hs.<br>Organiza: Facultad de Psicolog\u00eda y Psicopedagog\u00eda USAL.<br>Informes: <a rel=\"noreferrer noopener\" href=\"mailto:uds-psiext@usal.edu.ar\" target=\"_blank\">uds-psiext@usal.edu.ar<\/a><\/p>\n\n\n\n<p><strong>&#8211; I Congreso Internacional de Psicolog\u00eda. A cuarenta a\u00f1os de la recuperaci\u00f3n democr\u00e1tica en Argentina<br><\/strong>15, 16 y 17 de noviembre de 2023.<br>Organiza: Facultad de Psicolog\u00eda. Universidad Nacional de La Plata.<br>M\u00e1s informaci\u00f3n: <a href=\"https:\/\/drive.google.com\/file\/d\/1ZRr8lnpMaMWzLh4i1Z9AdT7r--sc88E9\/view\">primera circular<\/a>.<br>Contacto:<a href=\"http:\/\/www.bvs-psi.mdp.edu.ar\/wp-admin\/congresocipsi@psico.unlp.edu.ar\">congresocipsi@psico.unlp.edu.ar<\/a><\/p>\n\n\n\n<h5 class=\"wp-block-heading\"><strong>MARZO<\/strong><\/h5>\n\n\n\n<p><strong>&#8211; Filosof\u00eda y Psicoan\u00e1lisis: preguntas y tensiones de una articulac\u00f3n maldita<br><\/strong>Actividad virtual. V\u00eda Zoom.<br>Orador: Dar\u00edo Groel<br>Organiza: Universidad de Ciencias Empresariales y Sociales. Facultad de Psicolog\u00eda y Ciencias Sociales.<br>Viernes 17 de Marzo de 2023.<br>Inscripci\u00f3n: <a href=\"https:\/\/www.uces.edu.ar\/actividades-institucionales\">www.uces.edu.ar\/actividades-institucionales<\/a><\/p>\n\n\n\n<h5 class=\"wp-block-heading\"><strong>ABRIL<\/strong><\/h5>\n\n\n\n<p><strong>&#8211; PreCongreso ALFEPSI<br><\/strong>Actividad virtual, no arancelada.<br>Organiza: Asociaci\u00f3n Latinoamericana para la Formaci\u00f3n y Ense\u00f1anza de la Psicolog\u00eda (ALFEPSI) y Universidad de la Rep\u00fablica.<br>Viernes 28 de abril 2023, 12 hs.<br>Inscripci\u00f3n: <a href=\"https:\/\/docs.google.com\/forms\/d\/e\/1FAIpQLSchf3uhSavc31t9JNPtzpLnEoQ2AGcpMFllutqd8dIKdUUSjw\/viewform\">aqu\u00b4\u00ed<\/a>.<br>M\u00e1s informaci\u00f3n: <a href=\"https:\/\/www.alfepsi.org\/precongreso\/\">https:\/\/www.alfepsi.org\/precongreso\/<\/a><\/p>\n\n\n\n<h5 class=\"wp-block-heading\"><strong>MAYO<\/strong><\/h5>\n\n\n\n<p><strong>&#8211; 3\u00b0 Congreso Nacional y 1\u00b0 Congreso Internacional de Psicolog\u00eda, 1\u00b0 Encuentro de Psicomotricistas del Sur y 1\u00b0 Reuni\u00f3n Latinoamericana por la Internacionalizaci\u00f3n de la Educaci\u00f3n Superior en Psicolog\u00eda y Psicomotricidad. <\/strong><em>\u201cHistorias, transformaciones y lazos sociales\u201d<\/em> <strong><br><\/strong>31 de mayo al 2 de junio de 2023.<br>Organiza: Facultad de Psicolog\u00eda de la Universidad Nacional de San Luis.<br>A realizarse en: Universidad Nacional de San Luis. Ej\u00e9rcito de Los Andes 950, D5700HHW, San Luis, Argentina.<br>Inscripci\u00f3n: <a href=\"https:\/\/docs.google.com\/forms\/d\/e\/1FAIpQLSeN1TjCV-L6LmZ8316zczzlsr2cLUOuRoGVsmuB48izzSGluQ\/viewform\">aqu\u00ed<\/a>.<br>M\u00e1s informaci\u00f3n: <a href=\"https:\/\/congresofapsi2023.unsl.edu.ar\/\">https:\/\/congresofapsi2023.unsl.edu.ar\/<\/a><\/p>\n\n\n\n<h5 class=\"wp-block-heading\"><strong>JUNIO<\/strong><\/h5>\n\n\n\n<p><strong>&#8211; Jornada TDAH en adultos. Mitos y realidades<br><\/strong>Jueves 15 de junio de 2023, de 17:00 a 21:00hs.<br>Actividad presencial, no arancelada.<br>Profesionales a cargo: Dr. Federico S\u00e1nchez, Lic. Victoria Papagna Maldonado y Lic. Luc\u00eda Romero.<br>Organiza: Facultad de Psicolog\u00eda y Psicopedagog\u00eda USAL.<br>A realizarse en: Sede Centro. Aula Magna. Marcelo T de Alvear 1335.<br>Informes: <a rel=\"noreferrer noopener\" href=\"mailto:uds-psiext@usal.edu.ar\" target=\"_blank\">uds-psiext@usal.edu.ar<\/a><\/p>\n\n\n\n<p><strong>&#8211; 39 Congreso Interamericano de Psicolog\u00eda<\/strong><br>26 al 30 de junio de 2023.<br>Organiza: Sociedad Interamericana de Psicolog\u00eda.<br>A realizarse en: Asunci\u00f3n, Paraguay.<br>Web: <a href=\"https:\/\/cip2023.com\/\">cip2023.com\/<\/a><\/p>\n\n\n\n<p><strong>&#8211; XVIII Congreso Latinoamericano de Rorschach y otras t\u00e9cnicas proyectivas: \u201cPsicodiagn\u00f3stico y Tecnolog\u00eda: Tr\u00e1nsito hacia la Interculturalidad\u201d<br><\/strong>3, 4 y 5 de agosto de 2023.<br>Actividad presencial y virtual.<br>Organiza: Asociaci\u00f3n Latinoamericana de Rorschach. Sociedad Mexicana de Rorschach.<br>A realizarse en: Sede Universidad de Monterrey, M\u00e9xico.<br>Informes: congresoalar@rorschachmexico.com<\/p>\n\n\n\n<h5 class=\"wp-block-heading\"><strong>AGOSTO<\/strong><\/h5>\n\n\n\n<p><strong>&#8211; Psicoterapia en Cl\u00ednica Psicosom\u00e1tica. Presentaci\u00f3n de un caso<\/strong> <strong><br><\/strong>Actividad virtual.<br>Organiza: Facultad de Psicolog\u00eda y Psicopedagog\u00eda USAL.<br>Viernes 25 de agosto 2023, 20:00 hs.<br>Informes: <a rel=\"noreferrer noopener\" href=\"mailto:uds-psiext@usal.edu.ar\" target=\"_blank\">uds-psiext@usal.edu.ar<\/a><\/p>\n\n\n\n<h5 class=\"wp-block-heading\"><strong>SEPTIEMBRE<\/strong><\/h5>\n\n\n\n<p><strong>&#8211; IV Jornadas Virtuales de \u00c9tica, Investigaci\u00f3n y Pr\u00e1ctica Profesional<\/strong><br>Actividad virtual.<br>Organiza: Facultad de Psicolog\u00eda y Psicopedagog\u00eda USAL.<br>4 al 8 de septiembre de 2023, 9:00 a 12:00 hs.<br>Informes: <a rel=\"noreferrer noopener\" href=\"mailto:uds-psiext@usal.edu.ar\" target=\"_blank\">uds-psiext@usal.edu.ar<\/a><\/p>\n\n\n\n<p><strong>&#8211; El psicoan\u00e1lisis&nbsp;contempor\u00e1neo: perspectivas y vicisitudes. Laboratorios en acci\u00f3n<\/strong><br>Actividad virtual.<br>Organiza: Facultad de Psicolog\u00eda y Psicopedagog\u00eda USAL.<br>15 de septiembre de 2023, 18:30 hs.<br>Informes: <a rel=\"noreferrer noopener\" href=\"mailto:uds-psiext@usal.edu.ar\" target=\"_blank\">uds-psiext@usal.edu.ar<\/a><\/p>\n\n\n\n<p><strong>&#8211; Semana de la Psicopedagog\u00eda: Encuentros y acercamientos al rol<\/strong><br>Actividad presencial.<br>Organiza: Facultad de Psicolog\u00eda y Psicopedagog\u00eda USAL.<br>18 al 22 de septiembre de 2023.<br>Informes: <a rel=\"noreferrer noopener\" href=\"mailto:uds-psiext@usal.edu.ar\" target=\"_blank\">uds-psiext@usal.edu.ar<\/a><\/p>\n\n\n\n<p><strong>&#8211; Mesa redonda: <em>\u201cEl sujeto en la era de la IA. Un debate\u201d<\/em><br><\/strong>Actividad virtual, v\u00eda Zoom. No arancelada. Requiere inscripci\u00f3n previa.<br>Organiza: Universidad de Ciencias Empresariales y Sociales. Facultad de Psicolog\u00eda y Ciencias Sociales.<br>28 de septiembre de 2023, 18:00 hs.<br>Modera: <em>Walter Naimogin<\/em> (Psicoanalista. Profesor adjunto de Psicoan\u00e1lisis: Escuela Francesa -UCES San Isidro y Tigre-).<br>Conversan: <em>Gabriel Belucci<\/em> (Psicoanalista. Director de la Licenciatura en Psicolog\u00eda -UCES Ushuaia-), <em>Eric Sigwald<\/em> (Licenciado en Psicolog\u00eda -UNC-. Doctor en Ciencias Biol\u00f3gicas -UNC-. Profesor titular de Biolog\u00eda y Neurofisiolog\u00eda del Comportamiento -UCES Ushuaia) y <em>Romina Berman<\/em> (Licenciada en Ciencia Pol\u00edtica -UBA-. Mag\u00edster en Historia -UNSAM-. Profesora titular de Sociolog\u00eda del Trabajo -UCES-).<br>Inscripci\u00f3n: <a href=\"https:\/\/www.uces.edu.ar\/actividades-institucionales\/\">aqu\u00ed<\/a>.<br>Informes: <a href=\"mailto:extension.psico.uces@gmail.com\">extension.psico.uces<\/a>@bvs-psi<\/p>\n\n\n\n<p><strong>&#8211; X Congreso ALFEPSI<br><\/strong>27 al 30 de Septiembre de 2023.<br>Organiza: Asociaci\u00f3n Latinoamericana para la Formaci\u00f3n y Ense\u00f1anza de la Psicolog\u00eda (ALFEPSI) y Universidad de la Rep\u00fablica.<br>A realizarse en: Universidad de la Rep\u00fablica (Montevideo, Uruguay)<br>M\u00e1s informaci\u00f3n: <a href=\"https:\/\/www.alfepsi.org\/anunciamos-la-sede-para-nuestro-x-congreso-2023\/\">https:\/\/www.alfepsi.org\/anunciamos-la-sede-para-nuestro-x-congreso-2023\/<\/a><\/p>\n\n\n\n<hr class=\"wp-block-separator has-alpha-channel-opacity\"\/>\n\n\n\n<h3 class=\"wp-block-heading\"><strong>2022<\/strong><\/h3>\n\n\n\n<h5 class=\"wp-block-heading\"><strong>DICIEMBRE<\/strong><\/h5>\n\n\n\n<p><strong>\u2013 IX Congreso Marplatense Internacional de Psicolog\u00eda \u201cDe encuentros en el desencuentro. La Salud Mental Comunitaria como salida en tiempos de distancias e individualismo\u201d<\/strong><br>1, 2 y 3 Diciembre, 8:00 a 21:30 hs.<br>Actividad presencial.<br>Organiza: Facultad de Psicolog\u00eda (UNMdP).<br>A realizarse en: Facultad de Psicolog\u00eda (UNMdP). D\u00e9an Funes 3250 \u2013 Cuerpo V \u2013 Nivel III. Mar del Plata.<br>Web:&nbsp;<a href=\"http:\/\/psicologia.congreso2022.org\/\">http:\/\/psicologia.congreso2022.org\/<\/a>.<br>Informes:&nbsp;<a href=\"mailto:info@congreso2022.org\">info@congreso2022.org<\/a><br>Inscripci\u00f3n:&nbsp;<a href=\"http:\/\/psicologia.congreso2022.org\/inscripcion.php\">http:\/\/psicologia.congreso2022.org\/inscripcion.php<\/a><\/p>\n\n\n\n<h5 class=\"wp-block-heading\"><strong>NOVIEMBRE<\/strong><\/h5>\n\n\n\n<p><strong>\u2013 Jornadas de Di\u00e1logos Psicopedag\u00f3gicos: entre paradigmas y experiencia. Segunda Jornada: Di\u00e1logos y problem\u00e1ticas de la Psicopedagog\u00eda hoy<br><\/strong>Actividad presencial.<br>Organiza: Facultad de Psicolog\u00eda y Psicopedagog\u00eda USAL.<br>A realizarse en: Auditorio. Facultad de Psicolog\u00eda y Psicopedagog\u00eda USAL.<br>Martes 1 de Noviembre, 18:00 a 20:00 hs.<br>Web:&nbsp;<a href=\"http:\/\/psico.usal.edu.ar\/\">psico.usal.edu.ar<\/a>&nbsp;solapa: Actividades \u2013 extensi\u00f3n.<br>Informes e inscripci\u00f3n:&nbsp;<a href=\"http:\/\/www.bvs-psi.mdp.edu.ar\/wp-admin\/uds-psiext@usal.edu.ar\">uds-psiext@usal.edu.ar<\/a><\/p>\n\n\n\n<p><strong>\u2013 Adicciones y neurociencias. Posverdad y evidencia cient\u00edfica<br><\/strong>Actividad presencial.<br>Organiza: Facultad de Psicolog\u00eda y Psicopedagog\u00eda USAL.<br>A realizarse en: Auditorio. Facultad de Psicolog\u00eda y Psicopedagog\u00eda USAL.<br>Mi\u00e9rcoles 2 de Noviembre, 18:00 a 21:00 hs.<br>Web:&nbsp;<a href=\"http:\/\/psico.usal.edu.ar\/\">psico.usal.edu.ar<\/a>&nbsp;solapa: Actividades \u2013 extensi\u00f3n.<br>Informes e inscripci\u00f3n:&nbsp;<a href=\"http:\/\/www.bvs-psi.mdp.edu.ar\/wp-admin\/uds-psiext@usal.edu.ar\">uds-psiext@usal.edu.ar<\/a><\/p>\n\n\n\n<p><strong>\u2013 Presentaci\u00f3n del libro:&nbsp;<em>\u00a1SOS, me duele esta vida! Diagn\u00f3stico del suicidio adolescente con el test de las pir\u00e1mides de Pfister<\/em><br><\/strong>Actividad presencial.<br>Organiza: Facultad de Psicolog\u00eda y Psicopedagog\u00eda USAL.<br>A realizarse en: Auditorio. Sede Centro. Facultad de Psicolog\u00eda y Psicopedagog\u00eda USAL.<br>Jueves 3 de Noviembre, 18:30 hs.<br>Web:&nbsp;<a href=\"http:\/\/psico.usal.edu.ar\/\">psico.usal.edu.ar<\/a>&nbsp;solapa: Actividades \u2013 extracurriculares.<br>Informes e inscripci\u00f3n:&nbsp;<a href=\"http:\/\/www.bvs-psi.mdp.edu.ar\/wp-admin\/uds-psiext@usal.edu.ar\">uds-psiext@usal.edu.ar<\/a><\/p>\n\n\n\n<p><strong>\u2013 Jornadas \u201cLos or\u00edgenes de la ciencia Psicol\u00f3gica\u201d<br><\/strong>Actividad virtual.<br>Organiza: Facultad de Psicolog\u00eda y Psicopedagog\u00eda USAL.<br>Viernes 4 de Noviembre, de 9:30 a 12:30 hs.<br>Web:&nbsp;<a href=\"http:\/\/psico.usal.edu.ar\/\">psico.usal.edu.ar<\/a><br>Informes e inscripci\u00f3n:&nbsp;<a href=\"http:\/\/www.bvs-psi.mdp.edu.ar\/investigacionpyp@usal.edu.ar\">investigacionpyp@usal.edu.ar<\/a><\/p>\n\n\n\n<p><strong>\u2013 Seminario ALAPCCO 26 a\u00f1os<br><\/strong>Actividad virtual.<br>Organiza: ALAPCCO.<br>Jueves 10 de Noviembre, 17:00 hs.<br>Web e inscripci\u00f3n:&nbsp;<a href=\"http:\/\/psico.usal.edu.ar\/\">aqu\u00ed<\/a>.<\/p>\n\n\n\n<p><strong>\u2013 Presentaci\u00f3n del libro:&nbsp;<em>Suicidio y autolesiones. Impacto, consecuencias y estrategias cl\u00ednicas<\/em><br><\/strong>Actividad presencial.<br>Organiza: Facultad de Psicolog\u00eda y Psicopedagog\u00eda USAL.<br>A realizarse en: Auditorio. Facultad de Psicolog\u00eda y Psicopedagog\u00eda USAL \u2013 Sede Centro. Marcelo T de Alvear 1335 (CABA).<br>Viernes 11 de Noviembre, 15:30 hs.<br>Web:&nbsp;<a href=\"http:\/\/psico.usal.edu.ar\/\">psico.usal.edu.ar<\/a>&nbsp;solapa: Actividades \u2013 extracurriculares.<br>Informes e inscripci\u00f3n:&nbsp;<a href=\"http:\/\/www.bvs-psi.mdp.edu.ar\/wp-admin\/uds-psiext@usal.edu.ar\">uds-psiext@usal.edu.ar<\/a><\/p>\n\n\n\n<p><strong>\u2013 Conferencia \u201cAtreverse a ir m\u00e1s all\u00e1 del tab\u00fa: discapacidad y violencia en la literatura\u201d<br><\/strong>Actividad presencial.<br>Organiza: Facultad de Psicolog\u00eda y Psicopedagog\u00eda USAL.<br>Viernes 11 de Noviembre, 18:30 hs.<br>Web:&nbsp;<a href=\"http:\/\/psico.usal.edu.ar\/\">psico.usal.edu.ar<\/a>&nbsp;solapa: Actividades \u2013 extensi\u00f3n.<br>Informes e inscripci\u00f3n:&nbsp;<a href=\"http:\/\/www.bvs-psi.mdp.edu.ar\/wp-admin\/uds-psiext@usal.edu.ar\">uds-psiext@usal.edu.ar<\/a><\/p>\n\n\n\n<p><strong>\u2013 XXXI Jornada anual de la Asociaci\u00f3n Argentina de Terapia Cognitiva<br><\/strong>Actividad presencial.<br>Organiza: Asociaci\u00f3n Argentina de Terapia Cognitiva.<br>A realizarse en: Auditorio Universidad de Belgrano. Zavala 1837. CABA.<br>S\u00e1bado 12 de Noviembre, 9:00 a 14:00 hs.<br>Inscripci\u00f3n:&nbsp;<a href=\"http:\/\/www.bvs-psi.mdp.edu.ar\/wp-admin\/uds-psiext@usal.edu.ar\">aqu\u00ed<\/a><\/p>\n\n\n\n<p><strong>\u2013 25\u00b0 Jornadas de La Red&nbsp;<br><\/strong>Actividad presencial. No arancelada.<br>Organiza: Colegio de Psic\u00f3logos de Buenos Aires Distrito XII.<br>A realizarse en: Universidad Nacional de Quilmes. Roque S\u00e1enz Pe\u00f1a 352 Bernal.<br>S\u00e1bado 12 de Noviembre, 9:30 hs.<br>M\u00e1s informaci\u00f3n:&nbsp;<a href=\"mailto:secretariageneral@psicologosquilmes.org.ar\">secretariageneral@psicologosquilmes.org.ar<\/a><\/p>\n\n\n\n<p><strong>\u2013 VI Jornada Interdisciplinaria sobre Primera Infancia:&nbsp;\u201cLas instituciones de primera infancia: cuidado y educaci\u00f3n. Pol\u00edticas p\u00fablicas orientadas a la inclusi\u00f3n social\u201d<br><\/strong>Actividad presencial.<br>Organiza: Facultad de Psicolog\u00eda y Psicopedagog\u00eda USAL.<br>A realizarse en: Auditorio. Facultad de Psicolog\u00eda y Psicopedagog\u00eda USAL. Marcelo T. de Alvear 1335 (CABA).<br>Jueves 24 de Noviembre, 18:00 a 20:00 hs.<br>Web:&nbsp;<a href=\"http:\/\/psico.usal.edu.ar\/\">psico.usal.edu.ar<\/a>&nbsp;solapa: Actividades \u2013 extensi\u00f3n.<br>Informes e inscripci\u00f3n:&nbsp;<a href=\"http:\/\/www.bvs-psi.mdp.edu.ar\/wp-admin\/uds-psiext@usal.edu.ar\">uds-psiext@usal.edu.ar<\/a><\/p>\n\n\n\n<h5 class=\"wp-block-heading\"><strong>DICIEMBRE<\/strong><\/h5>\n\n\n\n<p><strong>\u2013 IX Congreso Marplatense Internacional de Psicolog\u00eda \u201cDe encuentros en el desencuentro: La Salud Mental Comunitaria como Salida en Tiempos de Distancias e Individualismo\u201d<\/strong><br>Organiza: Secretar\u00eda de Extensi\u00f3n y Transferencia. Facultad de Psicolog\u00eda. Universidad Nacional de Mar del Plata.<br>A realizarse en: Complejo Universitario. Facultad de Psicolog\u00eda. Universidad Nacional de Mar del Plata.<br>1, 2 y 3 de Diciembre.<br>Web:&nbsp;<a href=\"http:\/\/congresopsico.mdp.edu.ar\/\">congresopsico.mdp.edu.ar<\/a><br>Instagram:&nbsp;<a href=\"https:\/\/www.instagram.com\/9.cong.psi\/\">9.cong.psi<\/a><br>Informes:&nbsp;<a href=\"http:\/\/www.bvs-psi.mdp.edu.ar\/info@congresomarplatense.org\">info@congresomarplatense.org<\/a><br>Inscripci\u00f3n:&nbsp;<a href=\"http:\/\/psicologia.congreso2022.org\/inscripcion.php\">http:\/\/psicologia.congreso2022.org\/inscripcion.php<\/a><\/p>\n\n\n\n<p><strong>\u2013 Presentaci\u00f3n \u201cLa creencia: desde la cl\u00ednica y la teor\u00eda psicoanal\u00edtica\u201d<br><\/strong>Actividad virtual. No arancelada, requiere inscripci\u00f3n previa.<br>A cargo de: Eduardo Said (Psicoanalista, Decano de la Facultad de Psicolog\u00eda y Ciencias Sociales -UCES-).<br>Organiza: Facultad de Psicolog\u00eda y Ciencias Sociales. Universidad de Ciencias Empresariales y Sociales (UCES).<br>Viernes 2&nbsp; de Diciembre, 19:00 hs.<br>Informes:&nbsp;<a href=\"http:\/\/www.bvs-psi.mdp.edu.ar\/extension.psico.uces@gmail.com\">extension.psico.uces@gmail.com<\/a><br>Inscripci\u00f3n:&nbsp;<a href=\"https:\/\/www.uces.edu.ar\/actividades-institucionales\/\">https:\/\/www.uces.edu.ar\/actividades-institucionales\/<\/a><\/p>\n\n\n\n<p>\u2014\u2014\u2014\u2014\u2014\u2014\u2014\u2014\u2014\u2014\u2014\u2014\u2014\u2014\u2014\u2014\u2014\u2014\u2014\u2014\u2014\u2014\u2014\u2014\u2014\u2014\u2014\u2014\u2014\u2014\u2014\u2014\u2014\u2014\u2014\u2014\u2014\u2014\u2013<\/p>\n\n\n\n<h5 class=\"wp-block-heading\"><strong>JUNIO<\/strong><\/h5>\n\n\n\n<p><strong>\u2013 Presentaci\u00f3n del libro \u201cManual de Psicolog\u00eda Forense Argentino\u201d<br><\/strong>Actividad virtual.<br>Organiza: Facultad de Psicolog\u00eda y Psicopedagog\u00eda USAL.<br>Lunes 4&nbsp; de Julio, 18:00 hs.<br>Web:&nbsp;<a href=\"http:\/\/psico.usal.edu.ar\/\">psico.usal.edu.ar<\/a>&nbsp;Solapa: Actividades \u2013 extracurriculares<br>Informes e inscripci\u00f3n:&nbsp;<a href=\"http:\/\/www.bvs-psi.mdp.edu.ar\/wp-admin\/uds-psiext@usal.edu.ar\">uds-psiext@usal.edu.ar<\/a><\/p>\n\n\n\n<p><strong>\u2013 La pr\u00e1ctica del acompa\u00f1amiento terap\u00e9utico<\/strong><br>Actividad virtual v\u00eda Meet.<br>Organiza: Facultad de Psicolog\u00eda y Psicopedagog\u00eda USAL.<br>Mi\u00e9rcoles 1 de Junio, 16:00 hs.<br>Web:&nbsp;<a href=\"http:\/\/psico.usal.edu.ar\/\">psico.usal.edu.ar<\/a>&nbsp;Solapa: Actividades \u2013 extracurriculares<br>Informes e inscripci\u00f3n:&nbsp;<a href=\"http:\/\/www.bvs-psi.mdp.edu.ar\/uds-psiext@usal.edu.ar\">uds-psiext@usal.edu.ar<\/a><\/p>\n\n\n\n<p><strong>\u2013 4ta Jornada Interdisciplinaria sobre Primera Infancia: \u201cDesaf\u00edos y dilemas sobre el desarrollo psico-emocional del ni\u00f1o, v\u00ednculos tempranos, el ambiente y las nuevas tecnolog\u00edas<\/strong><br>Actividad presencial.<br>Organiza: Facultad de Psicolog\u00eda y Psicopedagog\u00eda USAL.<br>A realizarse en: Aula Magna de la Sede Centro de la&nbsp; Facultad de Psicolog\u00eda y Psicopedagog\u00eda, Marcelo T de Alvear 1335 (CABA)<br>Mi\u00e9rcoles 1 de Junio, de 18:00 a 21:00 hs.<br>Web:&nbsp;<a href=\"http:\/\/psico.usal.edu.ar\/\">psico.usal.edu.ar<\/a>&nbsp;Solapa: Actividades \u2013 extracurriculares<br>Informes e inscripci\u00f3n:&nbsp;<a href=\"http:\/\/www.bvs-psi.mdp.edu.ar\/marina.maisano@usal.edu.ar\">marina.maisano@usal.edu.ar<\/a><\/p>\n\n\n\n<p><strong>\u2013 IX Jornadas de investigaci\u00f3n en Psicolog\u00eda y Psicopedagog\u00eda<\/strong><br>Actividad virtual.<br>Organiza: Facultad de Psicolog\u00eda y Psicopedagog\u00eda USAL.<br>Jueves 23 de Junio de 14:00 a 19:00 hs. y&nbsp; Viernes 24 de junio de 9:00 a 12:00 hs.<br>Web:&nbsp;<a href=\"http:\/\/psico.usal.edu.ar\/\">psico.usal.edu.ar<\/a>&nbsp;Solapa: Investigaci\u00f3n<br>Informes e inscripci\u00f3n:&nbsp;<a href=\"http:\/\/www.bvs-psi.mdp.edu.ar\/investigacionpyp@usal.edu.ar\">investigacionpyp@usal.edu.ar<\/a><\/p>\n\n\n\n<h5 class=\"wp-block-heading\"><strong>JULIO<\/strong><\/h5>\n\n\n\n<p><strong>\u2013 Conversaci\u00f3n El autismo en disputa. Conceptos, pol\u00edticas y pr\u00e1cticas<br><\/strong>Conversan: Elsa Coriat (Psicoanalista EFBA, integrante de FEPI, Especialista en Problemas del Desarrollo Infantil), Mar\u00eda Luj\u00e1n Iuale (Psicoanalista FARP, docente UBA y UCES, autora de Detr\u00e1s del espejo. Perturbaciones y usos del cuerpo en el autismo) y Mariela Weskamp (Psicoanalista EFBA, titular de Psicolog\u00eda Evolutiva: Ni\u00f1ez \u2013UCES-, autora del libro Lecturas de ni\u00f1os en an\u00e1lisis). Modera Gabriel Belucci (Coordinador de Extensi\u00f3n de Psicolog\u00eda -UCES-).<br>Organiza: Facultad de Psicolog\u00eda y Ciencias Sociales. Universidad de Ciencias Empresariales y Sociales (UCES).<br>Jueves 7&nbsp; de Julio, 19:00 hs.<br>Web:&nbsp;<a href=\"https:\/\/www.uces.edu.ar\/conocenos\/facultad-de-psicologia-y-ciencias-sociales\/17792\/conversacion-autismo-disputa-conceptos-politicas-practicas\">https:\/\/www.uces.edu.ar\/conocenos\/facultad-de-psicologia-y-ciencias-sociales\/17792\/conversacion-autismo-disputa-conceptos-politicas-practicas<\/a><br>Informes e inscripci\u00f3n: Actividad no arancelada, se requiere inscripci\u00f3n previa:&nbsp;<a href=\"https:\/\/www.uces.edu.ar\/actividades-institucionales\/\">https:\/\/www.uces.edu.ar\/actividades-institucionales\/<\/a><\/p>\n\n\n\n<p><strong>\u2013 2\u00ba Conversatorio sobre Psicopat\u00edas: Evaluaci\u00f3n y tratamiento<br><\/strong>Actividad virtual.<br>Invitados: Dr. Guillermo Jemar (M\u00e9dico psiquiatra. Docente Universitario), Lic. Marcelo Della Mora (Psic\u00f3logo forense. Docente Universitaio), Dr. Walter Inderjumer (M\u00e9dico psiquiatra. Perito Oficial).<br>Organiza: Colegio de Psic\u00f3logos Distrito XII. Comisi\u00f3n de Psicolog\u00eda Jur\u00eddica y Forense.<br>Dirigido a Psic\u00f3logos, psiqui\u00e1tras y profesiones afines<br>13 de julio. 18:00 hs.<br>Se requiere inscripci\u00f3n previa:&nbsp;<a href=\"mailto:secretariageneral@psicologosquilmes.org.ar\">secretariageneral@psicologosquilmes.org.ar<\/a><\/p>\n\n\n\n<h5 class=\"wp-block-heading\"><strong>AGOSTO<\/strong><\/h5>\n\n\n\n<p><strong>\u2013 Grupo de lectura: Freud a la carta<br><\/strong>Actividad presencial.<br>Organiza: Facultad de Psicolog\u00eda y Psicopedagog\u00eda USAL.<br>Viernes de 14:00 a 16:00 hs. desde el 5 Agosto a 12 Octubre.<br>Web:&nbsp;<a href=\"http:\/\/psico.usal.edu.ar\/\">psico.usal.edu.ar<\/a>&nbsp;solapa: Actividades \u2013 extracurriculares.<br>Inscripci\u00f3n:&nbsp;<a href=\"http:\/\/www.bvs-psi.mdp.edu.ar\/federico.padilla@usal.edu.ar\">federico.padilla@usal.edu.ar<\/a><\/p>\n\n\n\n<p><strong>\u2013 Redacci\u00f3n de art\u00edculos cient\u00edficos<br><\/strong>Actividad virtual.<br>Organiza: Facultad de Psicolog\u00eda y Psicopedagog\u00eda USAL.<br>10 y 17 de agosto de 2022 de 14:00 a 16:00 hs.<br>Web:&nbsp;<a href=\"http:\/\/psico.usal.edu.ar\/\">psico.usal.edu.ar<\/a>&nbsp;solapa: Actividades \u2013 extensi\u00f3n.<br>Se requiere inscripci\u00f3n previa:&nbsp;<a href=\"http:\/\/www.bvs-psi.mdp.edu.ar\/uds-psiext@usal.edu.ar\">uds-psiext@usal.edu.ar<\/a><\/p>\n\n\n\n<p><strong>\u2013 V Jornada Interdisciplinaria sobre Primera Infancia<br><\/strong>Actividad presencial.<br>Organiza: Facultad de Psicolog\u00eda y Psicopedagog\u00eda USAL.<br>Mi\u00e9rcoles 24 de Agosto, 18:00 a 21:00 hs.<br>Aula Magna de la Facultad de Psicolog\u00eda y Psicopedagog\u00eda. Marcelo T de Alvear 1335 (CABA).<br>Web:&nbsp;<a href=\"http:\/\/psico.usal.edu.ar\/\">psico.usal.edu.ar<\/a>&nbsp;solapa: Actividades \u2013 extensi\u00f3n.<br>Informes e inscripci\u00f3n:&nbsp;<a href=\"http:\/\/www.bvs-psi.mdp.edu.ar\/uds-psiext@usal.edu.ar\">uds-psiext@usal.edu.ar<\/a><\/p>\n\n\n\n<h5 class=\"wp-block-heading\"><strong>SEPTIEMBRE<\/strong><\/h5>\n\n\n\n<p><strong>\u2013 III Jornada virtual de \u00e9tica e investigaci\u00f3n y pr\u00e1ctica en Sede centro y Pilar<br><\/strong>Actividad virtual.<br>Organiza: Facultad de Psicolog\u00eda y Psicopedagog\u00eda USAL.<br>5, 6, 7, 8 y 9 de Septiembre y 3 de Octubre (lunes 5 de 9h a 12h, martes 6 de 9h a 12h, mi\u00e9rcoles 7 de 9h a 12h, jueves 8 de 9h a 11h y de 13h a 14h, viernes 9 de 9hs a 11hs y 18h a 19h y lunes 3 de Octubre, 17:00 hs.)<br>Web:&nbsp;<a href=\"http:\/\/psico.usal.edu.ar\/\">psico.usal.edu.ar<\/a>&nbsp;solapa: Actividades \u2013 extensi\u00f3n.<br>Informes e inscripci\u00f3n:&nbsp;<a href=\"http:\/\/www.bvs-psi.mdp.edu.ar\/susana.otero@usal.edu.ar\">susana.otero@usal.edu.ar<\/a>&nbsp;\/&nbsp;<a href=\"http:\/\/www.bvs-psi.mdp.edu.ar\/silvia.comastri@usal.edu.ar\">silvia.comastri@usal.edu.ar<\/a><\/p>\n\n\n\n<p><strong>\u2013 Jornadas de Di\u00e1logos Psicopedag\u00f3gicos: entre paradigmas y experiencia. Primera jornada: di\u00e1logos y problem\u00e1ticas de la psicopedagog\u00eda hoy<\/strong><br>Actividad presencial.<br>Organiza: Facultad de Psicolog\u00eda y Psicopedagog\u00eda USAL.<br>A realizarse en: Auditorio. Facultad de Psicolog\u00eda y Psicopedagog\u00eda USAL.<br>Martes 20 de Septiembre, de 18:00 a 20:00 hs.<br>Web:&nbsp;<a href=\"http:\/\/psico.usal.edu.ar\/\">psico.usal.edu.ar<\/a>&nbsp;solapa: Actividades \u2013 extensi\u00f3n.<br>Informes e inscripci\u00f3n:&nbsp;<a href=\"http:\/\/www.bvs-psi.mdp.edu.ar\/wp-admin\/uds-psiext@usal.edu.ar\">uds-psiext@usal.edu.ar<\/a><\/p>\n\n\n\n<h5 class=\"wp-block-heading\"><strong>OCTUBRE<\/strong><\/h5>\n\n\n\n<p><strong>\u2013 Salud mental comunitaria. Reflexiones a partir de nuestras experiencias como residentes<\/strong><br>Actividad virtual.<br>Organiza: Secretar\u00eda de Extensi\u00f3n Universitaria y el Departamento de Graduados de la Funadaci\u00f3n H. A. Barcel\u00f3.<br>Disertan: Mar\u00eda Bel\u00e9n Varas (Licenciada en Psicolog\u00eda), Sofia Anah\u00ed Ocampo (Licenciada en Trabajo Social) y Ana Fern\u00e1ndez (Licenciada en Psicolog\u00eda)<br>S\u00e1bado 1 de octubre, 10:00 a 12:00 hs.<br>M\u00e1s informaci\u00f3n:&nbsp;<a href=\"https:\/\/www.barcelo.edu.ar\/eventos-salud-mental-comunitaria-reflexiones-a-partir-de-nuestras-experi\">aqu\u00ed<\/a>.<br>Inscripci\u00f3n: mediante&nbsp;<a href=\"https:\/\/docs.google.com\/forms\/d\/e\/1FAIpQLSfwmrLUV9o5e8qXRFFmb9Uf22s2P2SerPL22V_Ei_8x1l89wA\/viewform\">formulario<\/a>.<\/p>\n\n\n\n<p><strong>\u2013 \u201cLey de Salud Mental en Infancia y Adolescencia.\u201d Reflexiones acerca de los distintos dispositivos en un hospital de Salud Mental Infantojuvenil<\/strong><br>Actividad virtual.<br>Organiza: Comisi\u00f3n de Discapacidad del Colegio de Psic\u00f3logos de la Provincia de Buenos Aires, Distrito XII.<br>Invitados:&nbsp;<em>Dr. Carlos Alberto Seglin&nbsp;<\/em>(M\u00e9dico psiquiatra, Jefe de Secci\u00f3n Pediatr\u00eda Hospital Infantojuvenil Dra. Carolina Tobar Garcia. CABA).&nbsp;<em>Lic. Irene Scherz<\/em>&nbsp;(Psic\u00f3loga, Jefa de Docencia Htal. Dra. Carolina Tobar Garcia-CABA. Especialista en Politica, evaluaci\u00f3n y gerencia social).<br>S\u00e1bado 1 de octubre, 11:00 hs.<br>Informes e inscripci\u00f3n:&nbsp;<a href=\"http:\/\/www.bvs-psi.mdp.edu.ar\/secretariageneral@psicologosquilmes.org.ar\">secretariageneral@psicologosquilmes.org.ar<\/a><\/p>\n\n\n\n<p><strong>\u2013 Taller te\u00f3rico vivencial Inteligencia Espiritual: serenidad y compasi\u00f3n como caminos<\/strong><br>Actividad presencial.<br>Organiza: Facultad de Psicolog\u00eda y Psicopedagog\u00eda USAL.<br>A realizarse en: Marcerlo T. de Alvear 1335 (CABA).<br>Lunes 3 de Octubre, 17:00 hs.<br>Web:&nbsp;<a href=\"http:\/\/psico.usal.edu.ar\/\">psico.usal.edu.ar<\/a>&nbsp;solapa: Actividades \u2013 extracurriculares.<br>Informes e inscripci\u00f3n:&nbsp;<a href=\"http:\/\/www.bvs-psi.mdp.edu.ar\/wp-admin\/uds-psiext@usal.edu.ar\">uds-psiext@usal.edu.ar<\/a><\/p>\n\n\n\n<p><strong>\u2013 El valor del juego en la infancia<\/strong><br>Actividad presencial.<br>Organiza: Facultad de Psicolog\u00eda y Psicopedagog\u00eda USAL.<br>A realizarse en: Auditorio. Facultad de Psicolog\u00eda y Psicopedagog\u00eda USAL \u2013 Sede Centro. Marcelo T de Alvear 1335 (CABA).<br>Mi\u00e9rcoles 5 de octubre, 18:30 hs.<br>Web:&nbsp;<a href=\"http:\/\/psico.usal.edu.ar\/\">psico.usal.edu.ar<\/a>&nbsp;solapa: Actividades \u2013 extensi\u00f3n.<br>Informes e inscripci\u00f3n:&nbsp;<a href=\"http:\/\/www.bvs-psi.mdp.edu.ar\/wp-admin\/uds-psiext@usal.edu.ar\">uds-psiext@usal.edu.ar<\/a><\/p>\n\n\n\n<p><strong>\u2013 Intercambios cl\u00ednicos en psicosis y psicosom\u00e1tica<br><\/strong>Actividad presencial.<br>Organiza: Facultad de Psicolog\u00eda y Psicopedagog\u00eda USAL.<br>A realizarse en: Auditorio. Facultad de Psicolog\u00eda y Psicopedagog\u00eda USAL \u2013 Sede Centro. Marcelo T de Alvear 1335 (CABA).<br>Jueves 6 de octubre, 9:30 hs.<br>Web:&nbsp;<a href=\"http:\/\/psico.usal.edu.ar\/\">psico.usal.edu.ar<\/a>&nbsp;solapa: Actividades \u2013 extensi\u00f3n.<br>Informes e inscripci\u00f3n:&nbsp;<a href=\"http:\/\/www.bvs-psi.mdp.edu.ar\/wp-admin\/uds-psiext@usal.edu.ar\">uds-psiext@usal.edu.ar<\/a><\/p>\n\n\n\n<p><strong>\u2013 Presentaci\u00f3n del libro:&nbsp;<em>A terapia \u00bfyo?<\/em><\/strong><strong><\/strong><br>Actividad presencial.<br>Organiza: Facultad de Psicolog\u00eda y Psicopedagog\u00eda USAL.<br>A realizarse en: Auditorio. Facultad de Psicolog\u00eda y Psicopedagog\u00eda. Marcelo T de Alvear 1335 (CABA).<br>Mi\u00e9rcoles 12 de Octubre, 18:00 hs.<br>Web:&nbsp;<a href=\"http:\/\/psico.usal.edu.ar\/\">psico.usal.edu.ar<\/a>&nbsp;solapa: Actividades \u2013 extensi\u00f3n.<br>Informes e inscripci\u00f3n:&nbsp;<a href=\"http:\/\/www.bvs-psi.mdp.edu.ar\/wp-admin\/uds-psiext@usal.edu.ar\">uds-psiext@usal.edu.ar<\/a><\/p>\n\n\n\n<p><strong>\u2013 II Jornada de Capacitaci\u00f3n en Salud Mental Comunitaria<\/strong><br>Actividad presencial.<br>Organiza: Programa Derecho a la Salud: VIH y padecimientos mentales de la Secretar\u00eda de Extensi\u00f3n de la Facultad de Ciencias Jur\u00eddicas y Sociales (UNLP) y la Secretar\u00eda de Salud Mental y Derechos Humanos de Psicolog\u00eda (UNLP).<br>A realizarse en: Facultad de Psicolog\u00eda (UNLP). Predio Dos Facultades (Ex-BIM). Calle 123 y 51 (La Plata, Buenos Aires).<br>Mi\u00e9rcoles 12 de Octubre, 12:00 hs.<br>Informes:&nbsp;<a href=\"http:\/\/www.bvs-psi.mdp.edu.ar\/ddhhpsicounlp@gmail.com\">ddhhpsicounlp@gmail.com<\/a>.<br>Inscripci\u00f3n:&nbsp;<a href=\"https:\/\/docs.google.com\/forms\/d\/e\/1FAIpQLScZWdxfmEN3RLEDxk0QBpB1qF3bWlS4d5xXgA_ugjeYfWpj9g\/viewform\">formulario<\/a>.<br>Programa:&nbsp;<a href=\"http:\/\/www.psico.unlp.edu.ar\/uploads\/docs\/programa_ii_capacitacion_smc.pdf\">aqu\u00ed<\/a>.<\/p>\n\n\n\n<p><strong>\u2013 Jornada Anual de la Licenciatura en Psicolog\u00eda \u201cEl cuerpo en las pr\u00e1cticas; ni\u00f1as, ni\u00f1os y adolescentes<\/strong><br>Actividad virtual. V\u00eda Zoom. No arancelada.<br>Organiza: UCES. Universidad de Ciencias Empresariales y Sociales<br>Mi\u00e9rcoles 19 de octubre, 18:00 hs.<br>Web:&nbsp;<a href=\"https:\/\/www.uces.edu.ar\/conocenos\/capital-federal\/18395\/jornada-anual-licenciatura-psicologia-cuerpo-practicas-ninas-ninos-adolescentes\">aqu\u00ed<\/a>.<br>Informes:&nbsp;<a href=\"mailto:extensi%C3%B3n.psico.uces@gmail.com\">extensi\u00f3n.psico.uces@gmail.com<\/a><br>Inscripci\u00f3n:&nbsp;<a href=\"https:\/\/www.uces.edu.ar\/actividades-institucionales\">requiere inscripci\u00f3n previa<\/a>.<\/p>\n\n\n\n<p><strong>\u2013 Presentaci\u00f3n del libro:&nbsp;<em>Pensar la c\u00e1rcel. Abordajes\/lecturas m\u00faltiples<\/em><\/strong><br>Actividad presencial.<br>A realizarse en: Biblioteca. Facultad de Psicolog\u00eda (UNLP). Predio Dos Facultades (Ex-BIM). Calle 123 y 51 (La Plata, Buenos Aires).<br>Viernes 21 de Octubre, 18:00 hs.<br>Disertar\u00e1n las coordinadoras del libro: Cecilia Olivera y Ana Laura Cremaschi, con la presencia de la Decana Lic. Mar\u00eda Cristina Piro y el Prosecretario de Salud Mental de la UNLP, Lic. Xavier O\u00f1ativia.<br>M\u00e1s informaci\u00f3n:&nbsp;<a rel=\"noreferrer noopener\" href=\"http:\/\/www.instagram.com\/p\/Cjsp2HoAVIT\/?igshid=YmMyMTA2M2Y=\" target=\"_blank\">enlace<\/a>.<\/p>\n\n\n\n<p><strong>\u2013 XXIV Congreso Nacional de Psicodiagn\u00f3stico. XXXI Jornadas Nacionales de ADEIP. El Psicodiagn\u00f3stico en la Era Digital. Los V\u00ednculos en los tiempos de las Redes Sociales<\/strong><br>Congreso virtual para las conferencias y simposios, y presencial para ponencias libres, talleres, presentaci\u00f3n de libros y posters.<br>Organiza: Facultad de Psicolog\u00eda. Universidad Nacional de C\u00f3rdoba.<br>A realizarse en: Facultad de Psicolog\u00eda. Universidad Nacional de C\u00f3rdoba. Enrique Barros esquina Enfermera Gordillo. Ciudad Universitaria. C\u00f3rdoba.<br>21 y 22 de Octubre.<br>Informes e inscripci\u00f3n:&nbsp;<a href=\"http:\/\/www.bvs-psi.mdp.edu.ar\/congresoadeipcordoba2020@gmail.com\">congresoadeipcordoba2020@gmail.com<\/a><\/p>\n\n\n\n<p><strong>\u2013 C\u00f3mo si fu\u00e9ramos ni\u00f1os. Distintas formas de comunicarnos a trav\u00e9s de diferentes lenguajes: oral, juego y dibujo<\/strong><br>Actividad presencial.<br>Organiza: Facultad de Psicolog\u00eda y Psicopedagog\u00eda USAL.<br>A realizarse en: Marcelo T de Alvear 1335 (CABA).<br>Mi\u00e9rcoles 25 de Octubre, 18:30 hs.<br>Web:&nbsp;<a href=\"http:\/\/psico.usal.edu.ar\/\">psico.usal.edu.ar<\/a>&nbsp;solapa: Actividades \u2013 extensi\u00f3n.<br>Informes e inscripci\u00f3n:&nbsp;<a href=\"http:\/\/www.bvs-psi.mdp.edu.ar\/wp-admin\/uds-psiext@usal.edu.ar\">uds-psiext@usal.edu.ar<\/a><\/p>\n\n\n\n<p><strong>\u2013 Alcances de la psicopedagog\u00eda en el \u00e1mbito forense y las t\u00e9cnicas neuropsicopedag\u00f3gicas<br><\/strong>Actividad presencial.<br>Organiza: Facultad de Psicolog\u00eda y Psicopedagog\u00eda USAL.<br>A realizarse en: Aula de Lago, Campus Nuestra Se\u00f1ora del Pilar. Pilar, Prov. de Buenos Aires.<br>Mi\u00e9rcoles 26 de octubre, 11:00 hs.<br>Web:&nbsp;<a href=\"http:\/\/psico.usal.edu.ar\/\">psico.usal.edu.ar<\/a>&nbsp;solapa: Actividades \u2013 extensi\u00f3n.<br>Informes e inscripci\u00f3n:&nbsp;<a href=\"http:\/\/www.bvs-psi.mdp.edu.ar\/wp-admin\/uds-psiext@usal.edu.ar\">uds-psiext@usal.edu.ar<\/a><\/p>\n\n\n\n<p><strong>\u2013 Hacia una introspecci\u00f3n sobre la propia praxis. \u00bfQu\u00e9 entendemos por \u201cperspectiva de g\u00e9nero\u201d?<\/strong><br>Actividad virtual. No arancelada, con inscripci\u00f3n previa.<br>Organiza: Secretar\u00eda Cient\u00edfica, Comisi\u00f3n Sexualidad, Diversidad y Derechos. Colegio de Psic\u00f3logos de la Provincia de Buenos Aires, Distrito XII.<br>Disertar\u00e1n: Lic. Diego Gervasini, Prof. Sabrina Flax y Lic. Marisa de la Cruz Romero.<br>S\u00e1bado 29 de octubre, 10:00 hs.<br>Informes e inscripci\u00f3n:&nbsp;<a href=\"http:\/\/www.bvs-psi.mdp.edu.ar\/wp-admin\/secretariageneral@psicologosquilmes.org.ar\">secretariageneral@psicologosquilmes.org.ar<\/a><\/p>\n\n\n\n<h4 class=\"wp-block-heading\">Eventos pasados \u2013 2022<\/h4>\n\n\n\n<h5 class=\"wp-block-heading\"><strong>MAYO<\/strong><\/h5>\n\n\n\n<p><strong>\u2013 Hacia escenarios actuales de construcci\u00f3n de posibilidad<\/strong><br>Actividad presencial.<br>Organiza: Doctorado en Psicolog\u00eda y Maestr\u00eda en Psicoan\u00e1lisis de la Facultad de Psicolog\u00eda y Psicopedagog\u00eda USAL.<br>Viernes 20 de Mayo, 18:30 hs. Marcelo T de Alvear 1335 (CABA).<br>Web:&nbsp;<a href=\"http:\/\/psico.usal.edu.ar\/\">psico.usal.edu.ar<\/a>&nbsp;Solapa: Actividades \u2013 extracurriculares<br>Informes e inscripci\u00f3n:&nbsp;<a href=\"http:\/\/www.bvs-psi.mdp.edu.ar\/marcoskastelic@usal.edu.ar\">marcoskastelic@usal.edu.ar<\/a><\/p>\n\n\n\n<p><strong>\u2013 La cl\u00ednica territorial: claves para reflexionar desde el psicoan\u00e1lisis<\/strong><br>Actividad virtual. V\u00eda Zoom.<br>Organiza: Facultad de Psicolog\u00eda y Psicopedagog\u00eda USAL.<br>Viernes 27 de Mayo, 18:00 hs.<br>Web:&nbsp;<a href=\"http:\/\/psico.usal.edu.ar\/\">psico.usal.edu.ar<\/a>&nbsp;Solapa: Actividades \u2013 extracurriculares<br>Informes e inscripci\u00f3n:&nbsp;<a rel=\"noreferrer noopener\" href=\"mailto:uds-psiext@usal.edu.ar\" target=\"_blank\">uds-psiext@usal.edu.ar<\/a><\/p>\n\n\n\n<hr class=\"wp-block-separator has-alpha-channel-opacity\"\/>\n\n\n\n<h4 class=\"wp-block-heading\"><strong>2021<\/strong><\/h4>\n\n\n\n<h5 class=\"wp-block-heading\"><strong>NOVIEMBRE<\/strong><\/h5>\n\n\n\n<p><strong>\u2013 Jornada de la Red 2021.<\/strong><br>Organiza: Colegio de Psic\u00f3logos de la Prov. de Bs. As. Distrito XII. Quilmes.<br>S\u00e1bado 6 de Noviembre, 10.00 hs.<br>Web:&nbsp;<a rel=\"noreferrer noopener\" href=\"https:\/\/www.psicologosquilmes.org.ar\/index.php\/institucional\/quienes-somos\/noticias\/invitacion-jornada-de-la-red-2021#:~:text=Fecha%3A%20S%C3%A1bado%206%20de%20Noviembre%202021%20a%20las%2010.00%20hs.&amp;text=Sabemos%20que%20el%20covid%20interrumpi%C3%B3,m%C3%A1s%20all%C3%A1%20de%20lo%20habitual.\" target=\"_blank\">Colegio de Psic\u00f3logos de la Prov. de Bs. As. Distrito XII. Quilmes.<\/a><br>Informes:&nbsp;<a rel=\"noreferrer noopener\" href=\"mailto:secretariageneral@psicologosquilmes.org.ar\" target=\"_blank\">secretariageneral@psicologosquilmes.org.ar<\/a><\/p>\n\n\n\n<p><strong>\u2013 Tiempos de Pandemia: riesgo, aislamiento, trama vincular.<br><\/strong>Actividad v\u00eda Zoom.<br>Organiza: Facultad de Psicolog\u00eda y Psicopedagog\u00eda de la USAL.<br>Martes 9 de noviembre, 18 hs.<br>Informes:&nbsp;<a href=\"http:\/\/www.bvs-psi.mdp.edu.ar\/webinar@usal.edu.ar\">webinar@usal.edu.ar<\/a><br>Inscripci\u00f3n:&nbsp;<a href=\"http:\/\/webinars.usal.edu.ar\/\">http:\/\/webinars.usal.edu.ar\/<\/a><\/p>\n\n\n\n<p><strong>\u2013 Psicoan\u00e1lisis Contempor\u00e1neo: el problema del pluralismo.<\/strong><br>Actividad v\u00eda Zoom.<br>Organiza: Doctorado en Psicolog\u00eda de la Facultad de Psicolog\u00eda y Psicopedagog\u00eda de la USAL.<br>Viernes 12 de noviembre, 18:45 hs.<br>Informes e inscripci\u00f3n:&nbsp;<a href=\"mailto:uds-psiext@usal.edu.ar\">uds-psiext@usal.edu.ar<\/a><\/p>\n\n\n\n<p><strong>\u2013 Presentaci\u00f3n de Libro \u201cManual de pr\u00e1ctica forense para profesionales de la psicolog\u00eda\u201d.<\/strong><br>Actividad v\u00eda Zoom.<br>Organiza: Facultad de Psicolog\u00eda y Psicopedagog\u00eda de la USAL.<br>Viernes 19 de noviembre, 19 hs.<br>Informes e inscripci\u00f3n:&nbsp;<a href=\"mailto:uds-psiext@usal.edu.ar\">uds-psiext@usal.edu.ar<\/a><\/p>\n\n\n\n<p><strong>\u2013 Jornada \u201cConstruyendo Redes con Perspectiva de G\u00e9nero\u201d.<\/strong><br>Actividad v\u00eda Zoom. No arancelada.<br>Organiza: Comisi\u00f3n de Violencia de G\u00e9nero y Familiar. Colegio de Psic\u00f3logos de la Prov. de Bs. As. Distrito XII. Quilmes.<br>Mi\u00e9rcoles 24 de noviembre, 18:30 hs.<br>Informes e inscripci\u00f3n:&nbsp;<a rel=\"noreferrer noopener\" href=\"mailto:secretariageneral@psicologosquilmes.org.ar\" target=\"_blank\">secretariageneral@psicologosquilmes.org.ar<\/a><\/p>\n\n\n\n<h4 class=\"wp-block-heading\"><strong>EVENTOS PASADOS \u2013 2021<\/strong><\/h4>\n\n\n\n<h5 class=\"wp-block-heading\"><strong>MAYO<\/strong><\/h5>\n\n\n\n<p><strong>\u2013 3as Jornadas de Orientaci\u00f3n y Reorientaci\u00f3n Vocacional y Ocupacional-Laboral.&nbsp;<em>La Orientaci\u00f3n de la carrera de la vida en tiempos de incertidumbre<\/em><\/strong><br>Organiza: Colegio Militar de la Naci\u00f3n. Actividad no arancelada.<br>11 y 12 de mayo de 2021 de 9 a 13.30 hs.<br>Informes e inscripci\u00f3n:&nbsp;<a href=\"http:\/\/www.colegiomilitar.mil.ar\/jornadas\/\" target=\"_blank\" rel=\"noreferrer noopener\">www.colegiomilitar.mil.ar\/jornadas\/<\/a><\/p>\n\n\n\n<h5 class=\"wp-block-heading\"><strong>JUNIO<\/strong><\/h5>\n\n\n\n<p><strong>\u2013 Vigencia y transformaciones. A 100 a\u00f1os de \u201cPsicolog\u00eda de las masas y an\u00e1lisis del yo\u201d de Sigmund Freud<\/strong><br>Conversan Leopoldo Kligmann, Lionel Klimkiewicz y Eduardo Gosende.<br>Organiza: Facultad de Psicolog\u00eda y Ciencias Sociales. UCES.<br>Actividad de extensi\u00f3n online, no arancelada.<br>1 de Junio de 2021, 18 hs. Transmisi\u00f3n v\u00eda Zoom.<br>Inscripci\u00f3n: Se requiere inscripci\u00f3n previa&nbsp;<a href=\"https:\/\/www.uces.edu.ar\/actividades-institucionales\/\" target=\"_blank\" rel=\"noreferrer noopener\">https:\/\/www.uces.edu.ar\/actividades-institucionales\/<\/a><br>Informes:&nbsp;<a href=\"mailto:extension.psico.uces@gmail.com\" target=\"_blank\" rel=\"noreferrer noopener\">extension.psico.uces@gmail.com<\/a><\/p>\n\n\n\n<p><strong>\u2013 Caf\u00e9 Cient\u00edfico:&nbsp;<em>\u201cAgilidad identitaria en migrantes argentinos en Quebec\u201d<\/em><\/strong><br>Diserta: Lic. Rosario L\u00f3pez Larroy.<br>Organiza: Doctorado en Psicolog\u00eda de la Facultad de Psicolog\u00eda y Psicopedagog\u00eda USAL.<br>Lunes 14 de Junio de 2021, de 19 a 20hs.<br>Actividad a realizarse por medio del Aula Virtual del Caf\u00e9 Cient\u00edfico del Doctorado en Psicolog\u00eda USAL. Requiere preinscripci\u00f3n.<br>Informes e inscripci\u00f3n:&nbsp;<a href=\"mailto:ignacio.barreira@usal.edu.ar\" target=\"_blank\" rel=\"noreferrer noopener\">ignacio.barreira@usal.edu.ar<\/a><\/p>\n\n\n\n<p><strong>\u2013 VIII Jornadas de Investigaci\u00f3n en Psicolog\u00eda y Psicopedagog\u00eda<\/strong><br>Organiza: Instituto de Investigaci\u00f3n de la Facultad de Psicolog\u00eda y Psicopedagog\u00eda de la USAL.<br>Actividad virtual mediante Zoom. Requiere preinscripci\u00f3n.<br>23 de junio de 14:30 a 18hs. y 24 de junio de 10 a 13:30 hs.<br>Programa del evento:&nbsp;<a href=\"http:\/\/psico.usal.edu.ar\/archivos\/psico\/imagenes\/programa_viii_jornadas_de_investigacion.pdf\" target=\"_blank\" rel=\"noreferrer noopener\">aqu\u00ed<\/a>.<br>Web:&nbsp;<a href=\"http:\/\/psico.usal.edu.ar\/\" target=\"_blank\" rel=\"noreferrer noopener\">http:\/\/psico.usal.edu.ar\/<\/a>&nbsp;solapa \u201cINVESTIGACION\u201d<br>Informes e inscripci\u00f3n:&nbsp;<a href=\"mailto:investigacionpyp@usal.edu.ar\" target=\"_blank\" rel=\"noreferrer noopener\">investigacionpyp@usal.edu.ar<\/a><\/p>\n\n\n\n<h5 class=\"wp-block-heading\"><strong>AGOSTO<\/strong><\/h5>\n\n\n\n<p><strong>\u2013 \u201cFreud: Ayer, hoy y ma\u00f1ana\u201d. Pasado, presente y futuro de Freud. Un d\u00eda en la vida de un sujeto freudiano.<\/strong><br>Actividad v\u00eda Zoom.<br>Organiza: Maestr\u00eda en Psicoan\u00e1lisis de la Facultad de Psicolog\u00eda y Psicopedagog\u00eda USAL.<br>Viernes 6 de agosto de 2021, 19hs.<br>Informes e inscripci\u00f3n:&nbsp;<a href=\"mailto:sv.martinez@usal.edu.ar\">sv.martinez@usal.edu.ar<\/a><\/p>\n\n\n\n<p><strong>\u2013 Suicidio asistido y eutanasia.<\/strong><br>Actividad v\u00eda Zoom.<br>Exponen: Rabino Fishel Szlajen y Hector Basile.<br>Organiza: Facultad de Psicolog\u00eda y Psicopedagog\u00eda y Facultad de Ciencias Jur\u00eddicas de la USAL.<br>Lunes 23 de agosto de 2021, 18hs.<br>Informes e inscripci\u00f3n:&nbsp;<a href=\"mailto:seu.juri@usal.edu.ar\" target=\"_blank\" rel=\"noreferrer noopener\">seu.juri@usal.edu.ar<\/a><\/p>\n\n\n\n<h5 class=\"wp-block-heading\"><strong>SEPTIEMBRE<\/strong><\/h5>\n\n\n\n<p><strong>\u2013 9\u00aa Jornada cl\u00ednica entre instituciones psicoanal\u00edticas&nbsp;<em>\u201cSimilitudes y diferencias en el modo de pensar la clinica\u201d Simon\/Simone hoy<\/em>.<\/strong><br>Actividad online.<br>Organiza: Asociaci\u00f3n Psicoanal\u00edtica de Buenos Aires.<br>S\u00e1bado 4 septiembre 2021 de 8:30 a 15:30 hs.<br>Web, informes e inscripci\u00f3n:&nbsp;<a href=\"https:\/\/www.apdeba.org\/jornada-clinica-entre-instituciones-psicoanaliticas\/\" target=\"_blank\" rel=\"noreferrer noopener\">https:\/\/www.apdeba.org\/jornada-clinica-entre-instituciones-psicoanaliticas\/<\/a><\/p>\n\n\n\n<p><strong>\u2013 II JORNADA VIRTUAL DE \u00c9TICA, INVESTIGACI\u00d3N Y PR\u00c1CTICA.<\/strong><br>Actividad v\u00eda Zoom. Destinada a alumnos de grado y post grado, investigadores y docentes.<br>Organiza: Facultad de Psicolog\u00eda y Psicopedagog\u00eda de la USAL.<br>6, 7 y 8 de Septiembre de 9 a 12hs; 9 de Septiembre de 9 a 11hs y de 13 a 14hs; y 10 de Septiembre de 9 a 12hs.<br>Informes e inscripci\u00f3n:&nbsp;<a href=\"mailto:susana.otero@usal.edu.ar\" target=\"_blank\" rel=\"noreferrer noopener\">susana.otero@usal.edu.ar<\/a><\/p>\n\n\n\n<p><strong>\u2013 Webinar \u201cLa Inclusi\u00f3n Escolar en ni\u00f1os con Necesidades Educativas Especiales\u201d.<\/strong><br>Actividad v\u00eda Zoom.<br>Organiza: Facultad de Psicolog\u00eda y Psicopedagog\u00eda de la USAL.<br>Jueves 9 de septiembre, 18 hs.<br>Informes:&nbsp;<a href=\"mailto:webinar@usal.edu.ar\" target=\"_blank\" rel=\"noreferrer noopener\">webinar@usal.edu.ar<\/a><br>Inscripci\u00f3n:&nbsp;<a href=\"http:\/\/webinars.usal.edu.ar\/\" target=\"_blank\" rel=\"noreferrer noopener\">http:\/\/webinars.usal.edu.ar\/<\/a><\/p>\n\n\n\n<p><strong>\u2013 Conversatorio:&nbsp;<em>\u201cLa educaci\u00f3n hoy entre la virtualidad y la presencialidad\u201d<\/em>.<\/strong><br>Coordinadora: Lic. Mar\u00eda Teresa Almada. Responsable: Lic. Elda Agarie.<br>Integrantes: Lic. Irina Iglesias, Lic. Silvina Dodero, Lic. Mar\u00eda Teresa Piva y Lic. Lorena Escobar.<br>Actividad v\u00eda Zoom. No arancelada. Inscripci\u00f3n previa.<br>Organiza: Colegio de Psic\u00f3logos de la Provincia de Buenos Aires.<br>S\u00e1bado 18 de septiembre, 10:00 a 12:30 hs.<br>Informes e inscripci\u00f3n:&nbsp;<a href=\"mailto:secretariageneral@psicologosquilmes.org.ar\" target=\"_blank\" rel=\"noreferrer noopener\">secretariageneral@psicologosquilmes.org.ar<\/a><\/p>\n\n\n\n<p><strong>\u2013 La importancia de la Educaci\u00f3n temprana basada en una mirada respetuosa de las infancias.<\/strong><br>Actividad v\u00eda Zoom.<br>Organiza: Facultad de Psicolog\u00eda y Psicopedagog\u00eda de la USAL.<br>Jueves 23 de septiembre, 18:30 hs.<br>Informes:&nbsp;<a href=\"mailto:webinar@usal.edu.ar\" target=\"_blank\" rel=\"noreferrer noopener\">webinar@usal.edu.ar<\/a><br>Inscripci\u00f3n:&nbsp;<a href=\"http:\/\/webinars.usal.edu.ar\/\" target=\"_blank\" rel=\"noreferrer noopener\">http:\/\/webinars.usal.edu.ar\/<\/a><\/p>\n\n\n\n<p><strong>\u2013 Gu\u00eda para la Redacci\u00f3n de Documentos Producidos en la Pr\u00e1ctica Psicol\u00f3gica, y su aplicaci\u00f3n en el \u00e1mbito del quehacer profesional del psic\u00f3logo en el ejercicio cotidiano de su actividad.<\/strong><br>Actividad v\u00eda Zoom.<br>Organiza: Facultad de Psicolog\u00eda y Psicopedagog\u00eda de la USAL.<br>Jueves 23 de septiembre, 19:30 hs.<br>Informes e inscripci\u00f3n:&nbsp;<a href=\"mailto:uds-psiext@usal.edu.ar\">uds-psiext@usal.edu.ar<\/a><\/p>\n\n\n\n<h5 class=\"wp-block-heading\"><strong>OCTUBRE<\/strong><\/h5>\n\n\n\n<p><strong>\u2013 Yo ya tengo una mama: \u00bfse pueden tener dos? Ni\u00f1as y ni\u00f1os protagonistas en procesos de adopci\u00f3n. La experiencia desde el Punto de Encuentro Familiar.<\/strong><br>Organiza: Facultad de Psicolog\u00eda y Psicopedagog\u00eda de la USAL.<br>15 de Octubre de 2021, 18 hs.<br>Actividad v\u00eda Zoom, no arancelada.<br>Informes e inscripci\u00f3n:&nbsp;<a href=\"mailto:uds-psiext@usal.edu.ar\" target=\"_blank\" rel=\"noreferrer noopener\">uds-psiext@usal.edu.ar<\/a><\/p>\n\n\n\n<p><strong>\u2013 VII Congreso Internacional de Psicolog\u00eda del Tucum\u00e1n: la Psicolog\u00eda en los horizontes de la \u00e9poca. Pandemia y virtualidad.<\/strong><br>Organiza: Facultad de Psicolog\u00eda. Universidad Nacional de Tucum\u00e1n.<br>14, 15 y 16 de Octubre de 2021.<br>Modalidad virtual.<br>Web:&nbsp;<a href=\"http:\/\/www.congresopsituc.com.ar\/index.php\" target=\"_blank\" rel=\"noreferrer noopener\">http:\/\/www.congresopsituc.com.ar\/index.php<\/a><br>Informes:&nbsp;<a href=\"http:\/\/www.congresopsituc.com.ar\/inscripciones.php\" target=\"_blank\" rel=\"noreferrer noopener\">http:\/\/www.congresopsituc.com.ar\/inscripciones.php<\/a><\/p>\n\n\n\n<p><strong>\u2013 \u201cPuentes entre el psicoan\u00e1lisis Relacional y la terapia cognitiva\u201d.<\/strong><br>Conversan el Lic Javier Candarle y los autores del libro: \u201cPsicoan\u00e1lisis Relacional. Una nueva mirada, una nueva pr\u00e1ctica\u201d.<br>Organiza: Facultad de Psicolog\u00eda y Psicopedagog\u00eda de la USAL.<br>18 de Octubre de 2021, 18 hs.<br>Actividad virtual, no arancelada.<br>Informes e inscripci\u00f3n:&nbsp;<a href=\"mailto:uds-psiext@usal.edu.ar\" target=\"_blank\" rel=\"noreferrer noopener\">uds-psiext@usal.edu.ar<\/a><\/p>\n\n\n\n<p><strong>\u2013 Presentaci\u00f3n del libro \u2018A terapia \u00bfYo?\u2019 de Diana Hunsche (Editorial del nuevo extremo).<\/strong><br>Organiza: Facultad de Psicolog\u00eda y Psicopedagog\u00eda de la USAL.<br>18 de Octubre de 2021, 18 hs.<br>Actividad virtual.<br>Informes e inscripci\u00f3n:&nbsp;<a href=\"mailto:uds-psiext@usal.edu.ar\" target=\"_blank\" rel=\"noreferrer noopener\">uds-psiext@usal.edu.ar<\/a><\/p>\n\n\n\n<p><strong>\u2013 Jornada Anual de la Licenciatura en Psicolog\u00eda. \u201cSexo\/G\u00e9nero: un debate actual\u201d.<\/strong><br>Conversan: Irene Meler, Florencia Abbate, Sergio Zabalza. Modera: Silvana Spinozzi.<br>Organiza: Coordinaci\u00f3n de Extensi\u00f3n. Facultad de Psicolog\u00eda y Ciencias Sociales. Universidad de Ciencias Empresariales y Sociales.<br>20 de Octubre de 2021, 19 hs.<br>Transmisi\u00f3n v\u00eda Zoom.<br>Actividad no arancelada, se requiere inscripci\u00f3n previa.<br>Informes e inscripci\u00f3n:&nbsp;<a href=\"mailto:extensi%C3%B3n.psico.uces@gmail.com\" target=\"_blank\" rel=\"noreferrer noopener\">extensi\u00f3n.psico.uces@gmail.com<\/a><\/p>\n\n\n\n<p><strong>\u2013 Experiencias en el \u00e1mbito laboral en la prevenci\u00f3n de adicciones.<\/strong><br>Organiza: Facultad de Psicolog\u00eda y Psicopedagog\u00eda y Facultad de Medicina de la USAL.<br>20 de Octubre de 2021, 18 hs.<br>Actividad v\u00eda Zoom.<br>Informes:&nbsp;<a href=\"mailto:webinar@usal.edu.ar\" target=\"_blank\" rel=\"noreferrer noopener\">webinar@usal.edu.ar<\/a><br>Inscripci\u00f3n:&nbsp;<a href=\"http:\/\/webinars.usal.edu.ar\/\" target=\"_blank\" rel=\"noreferrer noopener\">http:\/\/webinars.usal.edu.ar\/<\/a><\/p>\n\n\n\n<p><strong>\u2013 Espejito, espejismo, \u00bfQui\u00e9n soy? Identidades e Identificaci\u00f3n en las teor\u00edas, Divergencia y debates actuales.<\/strong><br>Disertantes: Dra. Elena Bisso y Lic. Guillermo Ferreyra.<br>Organiza: Colegio de Psic\u00f3logos de Buenos Aires, Distrito XII.<br>23 de Octubre de 2021, 10 a 12 hs.<br>Actividad online (Zoom). No arancelada.<br>Informes e inscripci\u00f3n:&nbsp;<a href=\"mailto:secretariageneral@psicologosquilmes.org.ar\" target=\"_blank\" rel=\"noreferrer noopener\">secretariageneral@psicologosquilmes.org.ar<\/a><\/p>\n\n\n\n<p><strong>\u2013 XLIII Simposio Internacional de Apdeba online&nbsp;<em>\u201cDerivas del mundo y del Psicoan\u00e1lisis. Abriendo caminos\u201d<\/em><\/strong><br>Organiza: Asociaci\u00f3n Psicoanal\u00edtica de Buenos Aires.<br>Del 26 al 30 de octubre de 2021.<br>Web:&nbsp;<a href=\"https:\/\/www.apdeba.org\/simposio2021\/\" target=\"_blank\" rel=\"noreferrer noopener\">https:\/\/www.apdeba.org\/simposio2021\/<\/a><br>Informes:&nbsp;<a href=\"mailto:info@apdeba.org\" target=\"_blank\" rel=\"noreferrer noopener\">info@apdeba.org<\/a><\/p>\n\n\n\n<p><strong>\u2013 III Congreso Internacional de Victimolog\u00eda. \u201cViolencias y lazos sociales en tiempos disruptivos. Miradas desde el Sur\u201d<\/strong><br>Organiza: Facultad de Psicolog\u00eda de la Universidad Nacional de La Plata.<br>28, 29 y 30 de Octubre de 2021.<br>Actividad virtual.<br>Web:&nbsp;<a href=\"https:\/\/congresos.unlp.edu.ar\/victimologia\/\" target=\"_blank\" rel=\"noreferrer noopener\">https:\/\/congresos.unlp.edu.ar\/victimologia\/<\/a><br>Inscripci\u00f3n:&nbsp;<a href=\"https:\/\/congresos.unlp.edu.ar\/victimologia\/inscripcion-aranceles\/\" target=\"_blank\" rel=\"noreferrer noopener\">https:\/\/congresos.unlp.edu.ar\/victimologia\/inscripcion-aranceles\/<\/a><br>Informes:&nbsp;<a href=\"mailto:congresovictimologia@gmail.com\">congresovictimologia@gmail.com<\/a>&nbsp;;&nbsp;<a href=\"https:\/\/www.facebook.com\/victimologia.UNLP\" target=\"_blank\" rel=\"noreferrer noopener\">Facebook<\/a>&nbsp;;&nbsp;<a href=\"https:\/\/www.instagram.com\/victimologiaunlp\/\" target=\"_blank\" rel=\"noreferrer noopener\">Instagram<\/a><\/p>\n\n\n\n<hr class=\"wp-block-separator has-alpha-channel-opacity\"\/>\n\n\n\n<h3 class=\"wp-block-heading\"><strong>2020<\/strong><\/h3>\n\n\n\n<h5 class=\"wp-block-heading\"><strong>MARZO<\/strong><\/h5>\n\n\n\n<p><strong>\u2013 Jornada de Actualizaci\u00f3n en Psicolog\u00eda Positiva y Neurociencia.<\/strong><br>Organiza: UCES Tigre. Actividad abierta y gratuita.<br>Mi\u00e9rcoles 4 de marzo de 2020, de 18 a 22 hs. Ruta 27 y Camino de Remeros. 1er Piso Tigre<br>Informes e inscripci\u00f3n:&nbsp;<a href=\"mailto:tigre@uces.edu.ar\">tigre@uces.edu.ar<\/a>; Celular\/whatsapp 155799-4223 Tel. 4500-9281.<br>Web:&nbsp;<a href=\"https:\/\/www.uces.edu.ar\/conocenos\/noticias-posgrados\/13848\/psicologia-positiva-neurociencia\">https:\/\/www.uces.edu.ar\/conocenos\/noticias-posgrados\/13848\/psicologia-positiva-neurociencia<\/a><\/p>\n\n\n\n<p><strong>\u2013 Mesa de debate \u201c\u00bfPor qu\u00e9 el odio? La violencia en el lazo social en el Siglo XXI\u201d.<\/strong><br>Panelistas: Eduardo Said, Gabriel Belucci, Dar\u00edo Groel, Luciano Lutereau<br>Organiza: UCES, Diplomaturas en Fundamentos Cl\u00ednicos del Psicoan\u00e1lisis y de Filosof\u00eda y Psicoan\u00e1lisis. Actividad abierta y gratuita.<br>Mi\u00e9rcoles 11 de marzo de 2020, 19:30 hs. Auditorio UCES, Paraguay 1239, 1er. piso, CABA.<br>Informes e inscripci\u00f3n:&nbsp;<a href=\"mailto:%20fpcs@uces.edu.ar\">fpcs@uces.edu.ar<\/a><\/p>\n\n\n\n<h5 class=\"wp-block-heading\"><strong>ABRIL<\/strong><\/h5>\n\n\n\n<p><strong>\u2013 19\u00aa Jornada y Taller \u201cEl Desvalimiento en la Cl\u00ednica \/ 14\u00aa Jornada y Taller \u201cPsicoan\u00e1lisis de Pareja y Familia\u201d.<\/strong><br>Panelistas: Eduardo Said, Gabriel Belucci, Dar\u00edo Groel, Luciano Lutereau<br>Organiza: Posgrados UCES. Maestr\u00eda en Problemas y Patolog\u00edas del Desvalimiento. Actividad no arancelada.<br>S\u00e1bado 25 de abril de 2020, de 9 a 15 hs. Auditorio Mayor UCES \u2013 Paraguay 1338.<br>Informes y recepci\u00f3n de trabajos libres:&nbsp;<a href=\"mailto:alvarezlipsi@hotmail.com\">alvarezlipsi@hotmail.com<\/a>&nbsp;\/&nbsp;<a href=\"mailto:nildaeneves@gmail.com\">nildaeneves@gmail.com<\/a><\/p>\n\n\n\n<h5 class=\"wp-block-heading\"><strong>OCTUBRE<\/strong><\/h5>\n\n\n\n<p><strong>\u2013 Congreso Virtual de la Sociedad Interamericana de Psicolog\u00eda: \u201cAportes de la psicolog\u00eda ante el Covid-19\u201d.<\/strong><br>Organiza: Sociedad Interamericana de Psicolog\u00eda.<br>21,22 y 23 de Octubre de 2020.<br>Acceso a&nbsp;<a href=\"https:\/\/congresovirtualsip2020.com\/wp-content\/uploads\/2020\/10\/PROGRAMA-TALLERES-v3.pdf\" target=\"_blank\" rel=\"noreferrer noopener\">Programa de Talleres Pre Congreso<\/a>.<br>M\u00e1s informaci\u00f3n:&nbsp;<a href=\"https:\/\/congresovirtualsip2020.com\/\" target=\"_blank\" rel=\"noreferrer noopener\">congresovirtualsip2020.com<\/a>\/<\/p>\n\n\n\n<h5 class=\"wp-block-heading\"><strong>NOVIEMBRE<\/strong><\/h5>\n\n\n\n<p><strong>\u2013 Caf\u00e9 Cient\u00edfico \u201cFormulaci\u00f3n del m\u00e9todo de ense\u00f1anza-aprendizaje de las competencias morales y sociales. El uso de la imagen como estrategia did\u00e1ctica en la motivaci\u00f3n de la empat\u00eda\u201d<\/strong><br>Diserta: Prof. Dra. Susana Otero.<br>Organiza: Doctorado en Psicolog\u00eda de la Facultad de Psicolog\u00eda y Psicopedagog\u00eda USAL.<br>16 de noviembre de 19 a 20hs.<br>Se realizar\u00e1 v\u00eda Aula Virtual del Caf\u00e9 Cient\u00edfico del Doctorado en Psicolog\u00eda USAL. Requiere preinscripci\u00f3n.<br>Informes e inscripci\u00f3n:&nbsp;<a href=\"mailto:ignacio.barreira@usal.edu.ar\">ignacio.barreira@usal.edu.ar<\/a><\/p>\n\n\n\n<p><strong>\u2013 \u00bfC\u00f3mo llega Rorschach a crear el Rorschach?<\/strong><br>Modera: Silvia Pugliese.<br>Disertan: Hellmut Brinkmann, Latife Yazigi y Alberto Peralta.<br>Organiza: Asociaci\u00f3n Latinoamericana de Rorschach.<br>21 de noviembre de 2020. 10 hs (COL-PER\u00da-MX) 11 hs (REP. DOM-VEN) 12 hs (ARG-BRA-URU-CHILE).<br>Conversatorio gratuito. Cupos limitados.<br>Informes e inscripci\u00f3n:&nbsp;<a href=\"mailto:alar.rorschach@gmail.com\">alar.rorschach@gmail.com<\/a><\/p>\n\n\n\n<p><strong>\u2013 XII Congreso Internacional de Investigaci\u00f3n y Pr\u00e1ctica Profesional en Psicolog\u00eda. XXVII Jornadas de Investigaci\u00f3n en Psicolog\u00eda. XVI Encuentro de Investigadores en Psicolog\u00eda del MERCOSUR. II Encuentro de Investigaci\u00f3n en Terapia Ocupacional. II Encuentro de Musicoterapia.<br>\u201cLos Psic\u00f3logos en la \u00c9poca de la Cat\u00e1strofe Pand\u00e9mica Mundial\u201d<\/strong><br>Organiza: Facultad de Psicolog\u00eda, UBA.<br>25 al 27 de noviembre de 2020. Facultad de Psicolog\u00eda, UBA.<br>Informes e inscripci\u00f3n:&nbsp;<a href=\"mailto:congreso@psi.uba.ar\">congreso@psi.uba.ar<\/a><br>Web:&nbsp;<a href=\"http:\/\/ji.psi.uba.ar\/xxvi\/esp\/index.php?var=inicio.php\">http:\/\/ji.psi.uba.ar\/xxvi\/esp\/index.php?var=inicio.php<\/a><\/p>\n\n\n\n<hr class=\"wp-block-separator has-alpha-channel-opacity\"\/>\n\n\n\n<h3 class=\"wp-block-heading\"><strong>2019<\/strong><\/h3>\n\n\n\n<p><strong>-2\u00ba Congreso Nacional de Psicolog\u00eda. \u201cConstruyendo saberes en torno a los derechos humanos y la salud mental en Psicolog\u00eda\u201d.<br><\/strong>Organiza: Facultad de Psicolog\u00eda de la Universidad Nacional de San Luis.<br>29, 30 y 31 de mayo de 2019.&nbsp;San Luis.Web:<a href=\"http:\/\/ocspsicologia.unsl.edu.ar\/index.php\/2cnp2019\/2cnp2019\/about\" target=\"_blank\" rel=\"noreferrer noopener\">http:\/\/ocspsicologia.unsl.edu.ar\/index.php\/2cnp2019\/2cnp2019\/about<\/a><br>Facebook:<a href=\"https:\/\/www.facebook.com\/congresofapsiunsl\" target=\"_blank\" rel=\"noreferrer noopener\">https:\/\/www.facebook.com\/congresofapsiunsl<\/a><br>E-mail:<a href=\"mailto:congresofapsiunsl@gmail.com\">congresofapsiunsl@gmail.com<\/a><strong>-Jornada \u201cPerspectiva Sist\u00e9mica Relacional, abordaje cl\u00ednico con ni\u00f1os, adolescentes, parejas y familias judicializadas\u201d<\/strong>Organiza: Fundaci\u00f3n H. A. Barcel\u00f3.<br>1\u00ba de junio de 8.45 a 12.00 hs. Av. Las Heras 1907, CABA (transmisi\u00f3n por teleconferencia desde La Rioja).Informes\/inscripci\u00f3n a:&nbsp;<a href=\"mailto:extensionba@barcelo.edu.ar\">extensionba@barcelo.edu.ar<\/a><strong>\u2013 XXXIII Symposium Anual 2019 \u201cPsicoan\u00e1lisis en el tercer milenio\u201d<br><\/strong>Organiza: Sociedad Argentina de Psicoan\u00e1lisis<br>28 y 29 de Junio.A realizarse en la Sociedad Argentina de Psicoan\u00e1lisis. Virrey Olaguer y Feli\u00fa 2462 8\u00ba A \u2013 CABA<br>Web:&nbsp;<a href=\"http:\/\/sapsicoanalisis.org.ar\/images\/cuadrado.jpg\" target=\"_blank\" rel=\"noreferrer noopener\">http:\/\/sapsicoanalisis.org.ar\/images\/cuadrado.jpg<\/a><br>Informes\/inscripci\u00f3n a:&nbsp;<a href=\"https:\/\/webmail.unlp.edu.ar\/imp\/dynamic.php?page=mailbox\" target=\"_blank\" rel=\"noreferrer noopener\">secretaria@sapsicoanalisis.<\/a><a href=\"https:\/\/webmail.unlp.edu.ar\/imp\/dynamic.php?page=mailbox\" target=\"_blank\" rel=\"noreferrer noopener\">org.ar<\/a><strong>\u2013&nbsp;50th International Annual Meeting \u201cThe Future of Psychotherapy Research: Building on our 50 Year Legacy\u201d<br><\/strong>Organiza: Society for Psychotherapy Research (SPR)3, 4, 5 y 6 de Julio.<br>A realizarse en la Universidad de Belgrano. Ciudad Aut\u00f3noma&nbsp;de Buenos Aires.<br>Web:&nbsp;<a href=\"http:\/\/www.sprconference.com\/\" target=\"_blank\" rel=\"noreferrer noopener\">http:\/\/www.sprconference.com\/<\/a><br>Informes e inscripci\u00f3n a:&nbsp;<a href=\"http:\/\/www.sprconference.com\/\" target=\"_blank\" rel=\"noreferrer noopener\">http:\/\/www.sprconference.com\/<\/a><\/p>\n\n\n\n<p><strong>-XVII Congreso Latinoamericano de Rorschach y otras t\u00e9cnicas proyectivas y XII Congreso Argentino de Rorschach en la Universidad.&nbsp;\u201cProblem\u00e1ticas de la Subjetividad\u201d Desarrollos en los diferentes \u00e1mbitos y en las distintas t\u00e9cnicas.<\/strong><br>Organizan: Asociaci\u00f3n Latinoamericana de Rorschach y Otras T\u00e9cnicas Proyectivas; Asociaci\u00f3n Argentina de Psicodiagn\u00f3stico de Rorschach.<br>22 al 24 de agosto de 2019.&nbsp;C.A.B.A. Argentina<br>Informes e incripci\u00f3n:&nbsp;AAPRO, Uriarte 2221. C.A.B.A. T.E. 4777-0351\/4927. Celular: 54 9 1127783059<br>Web:&nbsp;<a href=\"https:\/\/rorschachlatinoamerica.org\/\" target=\"_blank\" rel=\"noreferrer noopener\">https:\/\/rorschachlatinoamerica.org<\/a><br>E-mail:&nbsp;<a href=\"mailto:congresoalar2019@gmail.com\" target=\"_blank\" rel=\"noreferrer noopener\">congresoalar2019@gmail.com<\/a><br>Para m\u00e1s informaci\u00f3n, pulse&nbsp;<a href=\"mailto:https:\/\/asoc-arg-rorschach.com.ar\/event\/xvii-congreso-latinoamericano-de-rorschach-y-otras-tecnicas-proyectivas-y-xii-congreso-argentino-de-rorschach-en-la-universidad\/\" target=\"_blank\" rel=\"noreferrer noopener\">aqu\u00ed<\/a>.<\/p>\n\n\n\n<p><strong>-I Congreso Internacional de Salud Mental Comunitaria. \u201cDebates intersectoriales, pr\u00e1cticas, comunidades y pol\u00edtica de las pol\u00edticas p\u00fablicas. La salud es un derecho conquistado por los pueblos\u201d<\/strong><br>Organiza: Secretar\u00eda de Salud Mental y Derechos Humanos. Facultad de Psicolog\u00eda de la Universidad Nacional de La Plata.<br>22 y 23 de Agosto de 2019.&nbsp;La Plata, Buenos Aires.<br>Informes:&nbsp;<a href=\"mailto:congresosmc2019@gmail.com\" target=\"_blank\" rel=\"noreferrer noopener\">congresosmc2019@gmail.com<\/a><br>Inscripci\u00f3n:&nbsp;<a href=\"http:\/\/saludmentalcomunitaria.psico.unlp.edu.ar\/\" target=\"_blank\" rel=\"noreferrer noopener\">http:\/\/saludmentalcomunitaria.psico.unlp.edu.ar<\/a><\/p>\n\n\n\n<p><strong>\u2013<\/strong><strong>VI Congreso Internacional de Psicolog\u00eda del Tucum\u00e1n.\u201cLas psicolog\u00edas, sus pr\u00e1cticas: ideas, conclusiones y problemas\u201d<\/strong><strong>.<\/strong><br>Organiza: Facultad de Psicolog\u00eda de la Universidad Nacional de Tucum\u00e1n.<br>19, 20 y 21 de Septiembre de 2019. Tucum\u00e1n.<br>E-mail:&nbsp;<a href=\"mailto:congresotucuman@psicologia.unt.edu.ar\">congresotucuman@psicologia.unt.edu.ar<\/a><br>Web:&nbsp;<a href=\"http:\/\/www.congresopsituc.com.ar\/\" target=\"_blank\" rel=\"noreferrer noopener\">www.congresopsituc.com.ar<\/a><br>Facebook:&nbsp;<a href=\"https:\/\/www.facebook.com\/VI-Congreso-de-Psicolog%C3%ADa-Tucum%C3%A1n-350319999149326\/\" target=\"_blank\" rel=\"noreferrer noopener\">VI Congreso de Psicolog\u00eda Tucum\u00e1n<\/a><\/p>\n\n\n\n<p><strong>\u2013 XIV Jornadas internacionales del Foro de Psicoan\u00e1lisis y G\u00e9nero 2019 \u201cSubjetividades actuales y lazo social: proyectos, malestares y deseos en tiempos de revoluci\u00f3n feminista\u201d<\/strong><br>Organiza: Asociaci\u00f3n de Psic\u00f3logos de Buenos Aires (APBA)<br>1 y 2 de noviembre.<br>A realizarse en&nbsp;la Universidad del Museo Social Argentino. Av. Corrientes 1723 \u2013 Ciudad Aut\u00f3noma&nbsp;de Buenos Aires.<br>Informes e inscripci\u00f3n a:&nbsp;<a>apba@psicologos.org.ar<\/a>&nbsp;\u2013 011 5778-0142<\/p>\n\n\n\n<p><strong>\u2013 Congreso Mundial de Salud Mental&nbsp;<\/strong><br>Organiza: Asociaci\u00f3n Argentina de Salud Mental (AASM)<br>5 al 8 de Noviembre<br>A realizarse en el Panamericano Hotel &amp; Resort, Av. Carlos Pellegrini 551. Ciudad de Buenos Aires.<br>Web:&nbsp;<a href=\"https:\/\/wfmh2019.com\/es\/content\/info\">https:\/\/wfmh2019.com\/es\/content\/info<\/a><br>Inscripci\u00f3n:&nbsp;<a href=\"https:\/\/wfmh2019.com\/es\/content\/inscripcion_y_costos\">https:\/\/wfmh2019.com\/es\/content\/inscripcion_y_costos<\/a><\/p>\n\n\n\n<p><strong>\u2013 XI Congreso Internacional de Investigaci\u00f3n y Pr\u00e1ctica Profesional en Psicolog\u00eda,&nbsp;XXVI Jornadas de Investigaci\u00f3n, XV Encuentro de Investigadores en Psicolog\u00eda del MERCOSUR,&nbsp;I Encuentro de Investigaci\u00f3n de Terapia Ocupacional,&nbsp;I Encuentro de Musicoterapia<em>&nbsp;\u201cEl S\u00edntoma y la \u00c9poca. Avances de la Investigaci\u00f3n en Psicolog\u00eda\u201d<\/em><\/strong><br>Organiza: Secretar\u00eda de Investigaciones. Facultad de Psicolog\u00eda. Universidad de Buenos Aires.<br>27 al 29 de Noviembre<br>Web:&nbsp;<a href=\"http:\/\/ji.psi.uba.ar\/xxvi\/esp\/index.php?var=inicio.php\">http:\/\/ji.psi.uba.ar\/xxvi\/esp\/index.php?var=inicio.php<\/a><br>Inscripci\u00f3n:&nbsp;<a href=\"http:\/\/ji2.psi.uba.ar\/\">http:\/\/ji2.psi.uba.ar\/<\/a><\/p>\n\n\n\n<p><strong>\u2013 S\u00e9ptimo Congreso Internacional de Investigaci\u00f3n de la Facultad de Psicolog\u00eda. Alter-nativas. Aportes a la construcci\u00f3n de pr\u00e1cticas y saberes desde el Sur<\/strong><br>Organiza: Secretar\u00eda de Investigaci\u00f3n, Facultad de Psicolog\u00eda, Universidad Nacional de La Plata.<br>4, 5 y 6 de Diciembre.<br>A realizarse en la Facultad de Psicolog\u00eda, UNLP. Calle 123 y 51, Ensenada. Buenos Aires.<br>Web:&nbsp;<a href=\"https:\/\/congresos.unlp.edu.ar\/7ciip\/\">https:\/\/congresos.unlp.edu.ar\/7ciip\/<\/a><br>Inscripci\u00f3n:&nbsp;<a href=\"https:\/\/congresos.unlp.edu.ar\/7ciip\/formulario\/\">https:\/\/congresos.unlp.edu.ar\/7ciip\/formulario\/<\/a><\/p>\n\n\n\n<hr class=\"wp-block-separator has-alpha-channel-opacity\"\/>\n\n\n\n<h3 class=\"wp-block-heading\"><strong>2018<\/strong><\/h3>\n\n\n\n<p>\u2013<strong>X Congreso Internacional de Investigaci\u00f3n y Pr\u00e1ctica Profesional en Psicolog\u00eda. XXV Jornadas de Investigaci\u00f3n. XIV Encuentro de Investigadores en Psicolog\u00eda del MERCOSUR.<\/strong><\/p>\n\n\n\n<p>28 de Noviembre al 01 de Diciembre de 2018. U.B.A., Buenos Aires<\/p>\n\n\n\n<p>Av. Independencia 3065&nbsp; \u2013 Ciudad de Buenos Aires. Informes e Inscripci\u00f3n:&nbsp;<a href=\"http:\/\/ji.psi.uba.ar\/xxv\/esp\/index.php?var=inicio.php\">http:\/\/ji.psi.uba.ar\/xxv\/esp\/index.php?var=inicio.php<\/a><\/p>\n\n\n\n<p>\u2013<strong>XXII Congreso Nacional de Psicodiagn\u00f3stico<\/strong>&nbsp;\u2013 XXIX Jornadas Nacionales de ADEIP. 30 a\u00f1os de Psicodiagn\u00f3stico en Argentina: La Creaci\u00f3n.<\/p>\n\n\n\n<p><strong>20, 21 y 22 de Septiembre de 2018. Rosario, Santa F\u00e9<\/strong><\/p>\n\n\n\n<p>A.D.E.I.P. Sede Nacional. Rosario \u2013 Informes e Inscripci\u00f3n:&nbsp;<a href=\"mailto:congresoadeip2018@gmail.com\">congresoadeip2018@gmail.com<\/a><\/p>\n\n\n\n<p>\u2013<strong>VIII Congreso Marplatense de Psicolog\u00eda<\/strong>&nbsp;(de Alcance Internacional). SALUD MENTAL Y GRUPOS VULNERABILIZADOS. De la igualdad a la Equidad y la Diferencia a la Diversidad.<\/p>\n\n\n\n<p><strong>29, 30 de Noviembre y 01 de Diciembre de 2018. Mar del Plata, Argentina.<\/strong><\/p>\n\n\n\n<p>Organizado por la Universidad Nacional de Mar del Plata \u2013 Facultad de Psicolog\u00eda.<\/p>\n\n\n\n<p>Web:&nbsp;<a href=\"http:\/\/www.congreso2018.org\/\">http:\/\/www.congreso2018.org\/<\/a><\/p>\n\n\n\n<p>Informes:&nbsp;<a href=\"mailto:info@congreso2018.org\">info@congreso2018.org<\/a><\/p>\n\n\n\n<hr class=\"wp-block-separator has-alpha-channel-opacity\"\/>\n\n\n\n<h3 class=\"wp-block-heading\"><strong>2016<\/strong><\/h3>\n\n\n\n<p><strong>Jornada Doble: IAEPCIS-UCES<\/strong><br>15\u00aa Jornada y Taller \u201cEl Desviamiento en la Cl\u00ednica\u201d<br>Organizado por: IAEPCIS y Maestr\u00eda en Problemas y Patolog\u00edas del Desvalimiento.<\/p>\n\n\n\n<p><strong>10\u00aa Jornada y Taller \u201cPsicoan\u00e1lisis de Pareja y Familia\u201d<\/strong><br>Organizada por IAEPCIS y Laboratorio Universitario de Psicoan\u00e1lisis de Pareja y Familia. (Integrante de la Asociaci\u00f3n Internacional de Psicoan\u00e1lisis de Pareja y Familia)<\/p>\n\n\n\n<p><strong>Talleres de presentaci\u00f3n y discusi\u00f3n de material cl\u00ednico&nbsp;<\/strong><br>Comit\u00e9 Organizador: David Maldavsky, Liliana H. Alvarez, Nilda Neves.<br>Programa:<br>\u2013 Conferencia introductoria: &nbsp;-\u201cContratransferencia e intersubjetividad\u201d .David Maldavsky<br>\u2013 Mesa Redonda:<br>\u2013 \u201cDesde la prevenci\u00f3n a la cl\u00ednica del trauma\u201d Silvia Bentolila<br>\u2013 \u201cAvatares de los padres en los intentos de tramitaci\u00f3n de la discapacidad de su hijo\u201d Ruth Kazez<br>\u2013 \u2018La supervivencia ps\u00edquica, su impronta narcisista singular y familiar\u201d Eduardo Grinspon<\/p>\n\n\n\n<p>A realizarse el d\u00eda S\u00e1bado 16 de Abril de 2016, en el Auditorio, Paraguay 1332, 3\u00ba Subsuelo.<br>Informes:&nbsp;<a href=\"mailto:nildaeneves@fibertel.com.ar\">nildaeneves@fibertel.com.ar<\/a>&nbsp;&nbsp;y&nbsp;<a href=\"mailto:alvarezlipsi@hotmail.com\">alvarezlipsi@hotmail.com<\/a><\/p>\n\n\n\n<p><strong>XVI Congreso Argentino de Psicolog\u00eda<\/strong><br>Del 28 al 30 de abril de 2016. Mendoza. Argentina<br>Organiza: FEPRA. Federaci\u00f3n de Psic\u00f3logos de la Rep\u00fablica Argentina.<br><a href=\"http:\/\/xviargentinopsi.org\/\" target=\"_blank\" rel=\"noreferrer noopener\">http:\/\/xviargentinopsi.org\/<br><\/a><strong>Cuarto Encuentro de Investigadores en Desarrollo y Aprendizaje<\/strong><br>Del 19 al 21 de mayo de 2016. UNLP. Universidad Nacional de La Plata \u2013 Argentina<br>Informes:&nbsp;<a href=\"mailto:encuentro.dcce@gmail.com\">encuentro.dcce@gmail.com<\/a><strong>VI Congreso Latinoamericano de Psicolog\u00eda<br><\/strong>Del 8 al 11 de junio de 2016.&nbsp; Buenos Aires \u2013 Argentina<br>Organiza: ULAPSI. Uni\u00f3n Latinoamericana de Entidades de Psicolog\u00eda<br><a href=\"http:\/\/www.congresoulapsi2016.com.ar\/VI\/\" target=\"_blank\" rel=\"noreferrer noopener\">http:\/\/www.congresoulapsi2016.com.ar\/VI\/<\/a><br><strong><br>IV Congreso Regional de Psicolog\u00eda<br><\/strong>Del 14 al 17 de junio de 2016. Rosario. Santa Fe \u2013 Argentina<br>Organiza: SIP. Sociedad Interamericana de Psicolog\u00eda<br><a href=\"http:\/\/siprosario2016.com.ar\/\" target=\"_blank\" rel=\"noreferrer noopener\">http:\/\/siprosario2016.com.ar\/<\/a><strong>XI Congreso Argentino de Rorschach en la Universidad<br><\/strong>Del 14 al 16 de julio de 2016. C\u00f3rdoba \u2013 Argentina<br>Universidad Nacional de C\u00f3rdoba. Facultad de Psicolog\u00eda<br>informes:&nbsp;&nbsp;<a href=\"mailto:aapro@asoc-arg-rorschach.com.ar\">aapro@asoc-arg-rorschach.com.ar<\/a><br><a href=\"http:\/\/asoc-arg-rorschach.com.ar\/congreso-argentino-de-rorschach\/\" target=\"_blank\" rel=\"noreferrer noopener\">http:\/\/asoc-arg-rorschach.com.ar\/congreso-argentino-de-rorschach\/<\/a><strong>1\u00ba&nbsp;<\/strong><strong>Congreso Internacional de Victimolog\u00eda<br><\/strong>Del 24 al 26 de agosto de 2016. La Plata- Argentina<br>Organiza: Universidad Nacional de Mar del Plata. Facultad de Psicolog\u00eda<br><a href=\"http:\/\/www.psico.unlp.edu.ar\/victimolog%C3%ADa\" target=\"_blank\" rel=\"noreferrer noopener\">http:\/\/www.psico.unlp.edu.ar\/victimolog\u00eda<\/a><strong><br>2\u00ba Congreso Latinoamericano para el Avance de la Ciencia Psicol\u00f3gica<\/strong><br>Del 12 al 15 de octubre de 2016. Buenos Aires. Argentina<br>Organiza: AACP. Asociaci\u00f3n Argentina para el Avance de la Ciencia Psicol\u00f3gica<br><a href=\"http:\/\/www.clacip2016.org\/\" target=\"_blank\" rel=\"noreferrer noopener\">http:\/\/www.clacip2016.org\/<\/a><strong>2\u00ba Congreso Latinoamericano de Neurociencias<\/strong><br>Del 17 al 20 de octubre de 2016. Buenos Aires. Argentina<br>Organiza: FALAN. Federation of Latin American and Caribbean Neurosciences<br><a href=\"http:\/\/falan-ibrolarc.org\/drupal\/\" target=\"_blank\" rel=\"noreferrer noopener\">http:\/\/falan-ibrolarc.org\/drupal\/<\/a><strong>8\u00ba Congreso Internacional de Investigaci\u00f3n y Pr\u00e1cticas Profesionales en Psicolog\u00eda.<br>23\u00ba Jornadas de Investigaci\u00f3n en Psicolog\u00eda.<\/strong><strong><br>12\u00ba Encuentro de Investigaci\u00f3n en Psicolog\u00eda del MERCOSUR<\/strong><br>\u2018 Subjetividad Contempor\u00e1nea: Elecci\u00f3n, Inclusi\u00f3n, Segregaci\u00f3n\u2019<br>Del 23 al 26 de noviembre de 2016. Ciudad Aut\u00f3noma de Buenos Aires \u2013 Argentina<br>Organiza: Universidad de Buenos Aires. Facultad de Psicolog\u00eda<br>Av. Independencia 3065. Ciudad Aut\u00f3noma de Buenos Aires<br>Inscripci\u00f3n ingresando al Sitio Web del Congreso:&nbsp;<a href=\"http:\/\/%20http\/\/ji2.psi.uba.ar\/\" target=\"_blank\" rel=\"noreferrer noopener\">http:\/\/ji2.psi.uba.ar\/<\/a><br>Programa del Congreso:<a href=\"http:\/\/ji.psi.uba.ar\/xxiii\/programa_cientifico_completo.pdf\" target=\"_blank\" rel=\"noreferrer noopener\">&nbsp;http:\/\/ji.psi.uba.ar\/xxiii\/programa_cientifico_completo.pdf<\/a><strong>Seminario de Posgrado. \u2018El inconsciente, La Historia y La Kultur\u2019<br>El psicoan\u00e1lisis puesto a prueba por los lazos sociales contempor\u00e1neos.<\/strong><br>Organiza la Universidad de Buenos Aires. Facultad de Psicolog\u00eda. en Colaboraci\u00f3n<br>con la Embajada de Francia en Argentina y del Centro Franco-Argentino-UBA<br>Entrada Libre y Gratuita. Se entregar\u00e1n certificados de asistencia.UBA. Facultad de Psicolog\u00eda. Av. Independencia 3065. Ciudad Aut\u00f3noma de Buenos Aires.<br>Jueves 24 noviembre de 2016. De 15.30 a 18 Hs. Aula 119.<strong>VII Congreso Marplatense de Psicolog\u00eda de Alcance Internacional<br><\/strong>Del 1al 3 de diciembre de 2016. Mar del Plata, Buenos Aires \u2013 Argentina<br>Organiza:Universidad Nacional de Mar del Plata. Facultad de Psicolog\u00eda \u2013<br>Complejo Universitario. Funes 3250, Cuerpo V, Nivel III<br>Informes e Inscripci\u00f3n:&nbsp;<a href=\"http:\/\/congresopsico16.wix.com\/congresopsico\" target=\"_blank\" rel=\"noreferrer noopener\">http:\/\/congresopsico16.wix.com\/congresopsico<\/a><\/p>\n\n\n\n<hr class=\"wp-block-separator has-alpha-channel-opacity\"\/>\n\n\n\n<h1 class=\"wp-block-heading\"><strong>Eventos Internacionales<\/strong><\/h1>\n\n\n\n<p><strong>Segundo Col\u00f3quio Interuniversitario de Psicolog\u00eda en la Educaci\u00f3n<br><\/strong>Del 18 al 19 de abril de 2016. Lugar: Ciudad de M\u00e9xico \u2013 M\u00e9xico.Inscripciones:&nbsp;<a href=\"http:\/\/www.iztacala.unam.mx\/\" target=\"_blank\" rel=\"noreferrer noopener\">www.iztacala.unam.mx\/<\/a>Facebook:&nbsp;<a href=\"https:\/\/www.facebook.com\/SegundoColoquiointeruniversitariodeformacion\/photos\/\" target=\"_blank\" rel=\"noreferrer noopener\">https:\/\/www.facebook.com\/SegundoColoquiointeruniversitariodeformacion\/photos\/<\/a><\/p>\n\n\n\n<p><strong>XXIX Symposium de la Sociedad Espa\u00f1ola de Historia de la Psicolog\u00eda (SEHP)<br><\/strong>\u2018Historia de la Psicopatolog\u00eda y de la Psicoterapia: teor\u00edas y pr\u00e1cticas iberoamericanas\u2019Del 4 al 6 de mayo de 2016. U. Portucalense, Porto. Portugal<br><a href=\"http:\/\/symposiumsehp2016.upt.pt\/page.php?p=678\" target=\"_blank\" rel=\"noreferrer noopener\">http:\/\/symposiumsehp2016.upt.pt\/page.php?p=678<\/a><\/p>\n\n\n\n<p><strong>77th Annual Meeting of the Canadian Psychological Association<br><\/strong>June 9-11, 2016. Victoria BC.<br><a href=\"http:\/\/www.cpa.ca\/convention\/futureconventions\/\" target=\"_blank\" rel=\"noreferrer noopener\">http:\/\/www.cpa.ca\/convention\/futureconventions\/<\/a><\/p>\n\n\n\n<p>Joint Meeting ESHHS. (European Society for the History of the Human Sciences) &amp;<br>CHEIRON. (International Society for the History of Behavioral and Social Sciences)<br>Del 27 de junio al 1\u00ba de julio de 2016. Barcelona \u2013 Espa\u00f1a.<br>Organiza: CEHIC. Centre for History of Science, Universitat Aut\u00f2noma de Barcelona<br><a href=\"http:\/\/www.eshhs-cheiron2016.com\/\" target=\"_blank\" rel=\"noreferrer noopener\">http:\/\/www.eshhs-cheiron2016.com\/<\/a><\/p>\n\n\n\n<p><strong>39th Annual Meeting of the International Society of Political Psychology<br><\/strong>july 13-16, 2016. Sheraton Warsaw Hotel in Poland.<br><a href=\"http:\/\/www.ispp.org\/meetings\" target=\"_blank\" rel=\"noreferrer noopener\">http:\/\/www.ispp.org\/meetings<\/a><br><strong><br>2016 APA Annaul Convention<br><\/strong>August 4-7, 2016. Denver, Colorado \u2013 USA.<br>For Information and to submit a proposal, visit:&nbsp;<a href=\"http:\/\/apacustomout.apa.org\/ConCall\" target=\"_blank\" rel=\"noreferrer noopener\">http:\/\/apacustomout.apa.org\/ConCall<\/a><\/p>\n\n\n\n<p><strong>50th Anniversary Congress of the German Psychological Society \u2013 LeiPSYCH<br><\/strong>Del 18 al 22 de septiembre de 2016. Universitat de Leipzig.<a href=\"http:\/\/www.eawop.org\/news\/call-for-papers-50th-anniversary-congress-of-the-german-psychological-society-leipsych\" target=\"_blank\" rel=\"noreferrer noopener\">http:\/\/www.eawop.org\/news\/call-for-papers-50th-anniversary-congress-of-the-german-psychological-society-leipsych<\/a><\/p>\n\n\n\n<p><strong>13\u00aa Conferencia Internacional sobre Representaciones Sociales.<br><\/strong>\u2018Epistemolog\u00eda de la Vida Cotidiana\u2019<br>Del 14-17 de septiembre de 2016. Marsella \u2013 Espa\u00f1a<br><a href=\"http:\/\/cirs2016.sciencesconf.org\/?lang=es\" target=\"_blank\" rel=\"noreferrer noopener\">http:\/\/cirs2016.sciencesconf.org\/?lang=es<\/a><\/p>\n","protected":false},"excerpt":{"rendered":"<p>Eventos a\u00f1o 2026 ABRIL &#8211; Mesa de Trabajo: \u00abLey de Educaci\u00f3n Penal N\u00b0 6.924 de CABA\u00bb Martes 21 de abril de 2026 Organiza: Facultad de Psicolog\u00eda &#8211; UCES (Universidad de Ciencias Empresariales y Sociales) Coordina: Francisco Bauz\u00e1 &#8211; Actividad Presencial e H\u00edbrida &#8211; Gratuita M\u00e1s informaci\u00f3n: https:\/\/drive.google.com\/file\/d\/1yTcO0lN_82GmzJq1BXQKQEB0B4M7eHSr\/view?usp=drive_link MAYO &#8211; Webinar: \u00abCientificidad de las T\u00e9cnicas Proyectivas\u00bb 16 de Mayo de 2026 Organiza: Asociaci\u00f3n Latinoamericana de Rorschach&hellip; <\/p>\n","protected":false},"author":1,"featured_media":0,"parent":0,"menu_order":0,"comment_status":"closed","ping_status":"closed","template":"","meta":{"footnotes":""},"class_list":["post-87","page","type-page","status-publish","hentry","clearfix"],"_links":{"self":[{"href":"https:\/\/bvs-psi.mdp.edu.ar\/index.php?rest_route=\/wp\/v2\/pages\/87","targetHints":{"allow":["GET"]}}],"collection":[{"href":"https:\/\/bvs-psi.mdp.edu.ar\/index.php?rest_route=\/wp\/v2\/pages"}],"about":[{"href":"https:\/\/bvs-psi.mdp.edu.ar\/index.php?rest_route=\/wp\/v2\/types\/page"}],"author":[{"embeddable":true,"href":"https:\/\/bvs-psi.mdp.edu.ar\/index.php?rest_route=\/wp\/v2\/users\/1"}],"replies":[{"embeddable":true,"href":"https:\/\/bvs-psi.mdp.edu.ar\/index.php?rest_route=%2Fwp%2Fv2%2Fcomments&post=87"}],"version-history":[{"count":70,"href":"https:\/\/bvs-psi.mdp.edu.ar\/index.php?rest_route=\/wp\/v2\/pages\/87\/revisions"}],"predecessor-version":[{"id":2511,"href":"https:\/\/bvs-psi.mdp.edu.ar\/index.php?rest_route=\/wp\/v2\/pages\/87\/revisions\/2511"}],"wp:attachment":[{"href":"https:\/\/bvs-psi.mdp.edu.ar\/index.php?rest_route=%2Fwp%2Fv2%2Fmedia&parent=87"}],"curies":[{"name":"wp","href":"https:\/\/api.w.org\/{rel}","templated":true}]}}